{"id":11,"date":"2017-05-09T16:13:11","date_gmt":"2017-05-09T14:13:11","guid":{"rendered":"http:\/\/blog.u-bourgogne.fr\/lpro-gpsac\/?page_id=11"},"modified":"2017-06-02T15:15:09","modified_gmt":"2017-06-02T13:15:09","slug":"insertion-professionnelle","status":"publish","type":"page","link":"https:\/\/blog.ube.fr\/lpro-gpsac\/insertion-professionnelle\/","title":{"rendered":"Insertion Professionnelle"},"content":{"rendered":"<p>&nbsp;<\/p>\n<h1><strong><img loading=\"lazy\" decoding=\"async\" class=\"size-full wp-image-43 alignnone\" src=\"http:\/\/blog.ube.fr\/lpro-gpsac\/wp-content\/uploads\/sites\/86\/2017\/05\/losange.png\" width=\"25\" height=\"25\" srcset=\"https:\/\/blog.ube.fr\/lpro-gpsac\/wp-content\/uploads\/sites\/86\/2017\/05\/losange.png 459w, https:\/\/blog.ube.fr\/lpro-gpsac\/wp-content\/uploads\/sites\/86\/2017\/05\/losange-150x150.png 150w, https:\/\/blog.ube.fr\/lpro-gpsac\/wp-content\/uploads\/sites\/86\/2017\/05\/losange-300x300.png 300w\" sizes=\"auto, (max-width: 25px) 100vw, 25px\" \/> D\u00e9bouch\u00e9s<\/strong><\/h1>\n<p>&nbsp;<\/p>\n<p style=\"text-align: justify\">Au regard des probl\u00e9matiques du secteur culturel, et des connaissances et comp\u00e9tences vis\u00e9es sur la formation, le c\u0153ur de m\u00e9tier identifi\u00e9 vis\u00e9 renvoie au poste de<strong>, <\/strong>soit coordonnateur de projet culturel (charg\u00e9\/e de mission culturelle.)<\/p>\n<p style=\"text-align: justify\">Face \u00e0 l\u2019\u00e9volution du secteur culturel et ses contraintes budg\u00e9taires, le charg\u00e9 de mission culturelle doit n\u00e9cessairement faire preuve de polyvalence et d\u2019adaptabilit\u00e9, afin de r\u00e9pondre \u00e0 des missions de plus en plus diversifi\u00e9es.<\/p>\n<p>En d\u00e9clinant les missions et comp\u00e9tences vari\u00e9es qui peuvent \u00eatre mises en jeu, d\u2019autres postes peuvent \u00eatre ainsi vis\u00e9s\u00a0:<\/p>\n<p><img loading=\"lazy\" decoding=\"async\" class=\"size-full wp-image-90 alignright\" src=\"http:\/\/blog.ube.fr\/lpro-gpsac\/wp-content\/uploads\/sites\/86\/2017\/05\/jonglage.png\" width=\"300\" height=\"376\" srcset=\"https:\/\/blog.ube.fr\/lpro-gpsac\/wp-content\/uploads\/sites\/86\/2017\/05\/jonglage.png 2239w, https:\/\/blog.ube.fr\/lpro-gpsac\/wp-content\/uploads\/sites\/86\/2017\/05\/jonglage-239x300.png 239w, https:\/\/blog.ube.fr\/lpro-gpsac\/wp-content\/uploads\/sites\/86\/2017\/05\/jonglage-768x962.png 768w, https:\/\/blog.ube.fr\/lpro-gpsac\/wp-content\/uploads\/sites\/86\/2017\/05\/jonglage-817x1024.png 817w\" sizes=\"auto, (max-width: 300px) 100vw, 300px\" \/><\/p>\n<ul>\n<li>Charg\u00e9\/e des relations avec les publics,<\/li>\n<li>Charg\u00e9\/e de d\u00e9veloppement de l\u2018action culturelle<\/li>\n<li>M\u00e9diateur culturel<\/li>\n<li>Administrateur de compagnies et structures culturelles<\/li>\n<li>Charg\u00e9\/e de diffusion\/ de production<\/li>\n<\/ul>\n<p><span style=\"text-decoration: underline\">Au sein de plusieurs types de structures\u00a0:<\/span><\/p>\n<ul>\n<li><strong>Structures associatives et marchandes\u00a0: <\/strong>associations culturelles, compagnies artistiques, entreprises de production de spectacle, agences \u00e9v\u00e8nementielles, entreprises cr\u00e9atives, de coop\u00e9ration culturelle, lieux de production de spectacle, MJC, Maisons pour tous\u2026etc<\/li>\n<li><strong>Services publics territoriaux<\/strong>: conseils r\u00e9gionaux, conseils d\u00e9partementaux, municipalit\u00e9s (services culturels, \u00e9v\u00e9nementiels).<\/li>\n<li><strong>Services publics\u00a0: <\/strong>rectorats, inspections acad\u00e9miques, directions r\u00e9gionales des affaires culturelles (DRAC).<\/li>\n<\/ul>\n<p>&nbsp;<\/p>\n<p>&nbsp;<\/p>\n<p>&nbsp;<\/p>\n<p>&nbsp;<\/p>\n<h1><strong><img loading=\"lazy\" decoding=\"async\" class=\"size-full wp-image-43 alignnone\" src=\"http:\/\/blog.ube.fr\/lpro-gpsac\/wp-content\/uploads\/sites\/86\/2017\/05\/losange.png\" width=\"25\" height=\"25\" srcset=\"https:\/\/blog.ube.fr\/lpro-gpsac\/wp-content\/uploads\/sites\/86\/2017\/05\/losange.png 459w, https:\/\/blog.ube.fr\/lpro-gpsac\/wp-content\/uploads\/sites\/86\/2017\/05\/losange-150x150.png 150w, https:\/\/blog.ube.fr\/lpro-gpsac\/wp-content\/uploads\/sites\/86\/2017\/05\/losange-300x300.png 300w\" sizes=\"auto, (max-width: 25px) 100vw, 25px\" \/> Offres de stages et d&#8217;emploi<br \/>\n<\/strong><\/h1>\n<p>&nbsp;<\/p>\n<p><a href=\"http:\/\/ufr-staps.u-bourgogne.fr\/insertion-professionnelle-85\/insertion-pro-a-lub.html\" target=\"_blank\" rel=\"noopener noreferrer\">\u00c9tudiants et dipl\u00f4m\u00e9s en STAPS, consultez les offres de stages et d&#8217;emplois<\/a><\/p>\n<p>&nbsp;<\/p>\n","protected":false},"excerpt":{"rendered":"<p>&nbsp; D\u00e9bouch\u00e9s &nbsp; Au regard des probl\u00e9matiques du secteur culturel, et des connaissances et comp\u00e9tences vis\u00e9es sur la formation, le c\u0153ur de m\u00e9tier identifi\u00e9 vis\u00e9 renvoie au poste de, soit coordonnateur de projet culturel (charg\u00e9\/e de mission culturelle.) Face \u00e0 l\u2019\u00e9volution du secteur culturel et ses contraintes budg\u00e9taires, le charg\u00e9 de mission culturelle doit n\u00e9cessairement&hellip;<\/p>\n<p class=\"more-link-p\"><a class=\"btn btn-primary\" href=\"https:\/\/blog.ube.fr\/lpro-gpsac\/insertion-professionnelle\/\">Voir plus &rarr;<\/a><\/p>\n","protected":false},"author":270,"featured_media":0,"parent":0,"menu_order":3,"comment_status":"closed","ping_status":"closed","template":"","meta":{"footnotes":""},"class_list":["post-11","page","type-page","status-publish","hentry"],"_links":{"self":[{"href":"https:\/\/blog.ube.fr\/lpro-gpsac\/wp-json\/wp\/v2\/pages\/11","targetHints":{"allow":["GET"]}}],"collection":[{"href":"https:\/\/blog.ube.fr\/lpro-gpsac\/wp-json\/wp\/v2\/pages"}],"about":[{"href":"https:\/\/blog.ube.fr\/lpro-gpsac\/wp-json\/wp\/v2\/types\/page"}],"author":[{"embeddable":true,"href":"https:\/\/blog.ube.fr\/lpro-gpsac\/wp-json\/wp\/v2\/users\/270"}],"replies":[{"embeddable":true,"href":"https:\/\/blog.ube.fr\/lpro-gpsac\/wp-json\/wp\/v2\/comments?post=11"}],"version-history":[{"count":7,"href":"https:\/\/blog.ube.fr\/lpro-gpsac\/wp-json\/wp\/v2\/pages\/11\/revisions"}],"predecessor-version":[{"id":198,"href":"https:\/\/blog.ube.fr\/lpro-gpsac\/wp-json\/wp\/v2\/pages\/11\/revisions\/198"}],"wp:attachment":[{"href":"https:\/\/blog.ube.fr\/lpro-gpsac\/wp-json\/wp\/v2\/media?parent=11"}],"curies":[{"name":"wp","href":"https:\/\/api.w.org\/{rel}","templated":true}]}}