{"id":709,"date":"2020-03-11T16:35:40","date_gmt":"2020-03-11T15:35:40","guid":{"rendered":"https:\/\/blog.u-bourgogne.fr\/du-formation-civile-civique\/?page_id=709"},"modified":"2021-10-21T10:47:52","modified_gmt":"2021-10-21T09:47:52","slug":"informations-pratiques","status":"publish","type":"page","link":"https:\/\/blog.ube.fr\/du-formation-civile-civique\/informations-pratiques\/","title":{"rendered":"Informations Pratiques"},"content":{"rendered":"<p>&nbsp;<\/p>\n<p><a href=\"https:\/\/blog.ube.fr\/du-formation-civile-civique\/wp-content\/uploads\/sites\/143\/2020\/03\/Admission.png\"><img loading=\"lazy\" decoding=\"async\" class=\"alignnone size-medium wp-image-711\" src=\"https:\/\/blog.ube.fr\/du-formation-civile-civique\/wp-content\/uploads\/sites\/143\/2020\/03\/Admission-300x27.png\" alt=\"\" width=\"300\" height=\"27\" srcset=\"https:\/\/blog.ube.fr\/du-formation-civile-civique\/wp-content\/uploads\/sites\/143\/2020\/03\/Admission-300x27.png 300w, https:\/\/blog.ube.fr\/du-formation-civile-civique\/wp-content\/uploads\/sites\/143\/2020\/03\/Admission-768x68.png 768w, https:\/\/blog.ube.fr\/du-formation-civile-civique\/wp-content\/uploads\/sites\/143\/2020\/03\/Admission.png 792w\" sizes=\"auto, (max-width: 300px) 100vw, 300px\" \/><\/a><\/p>\n<ul>\n<li>Envoyer un CV et une lettre de motivation<\/li>\n<li>Postuler avec<a href=\"https:\/\/ecandidat.u-bourgogne.fr\/ecandidat\/#!accueilView\"> eCandidat<\/a><\/li>\n<li>Avoir un niveau suffisant en fran\u00e7ais (niveau C1 recommand\u00e9)<\/li>\n<li>Baccalaur\u00e9at recommand\u00e9<\/li>\n<\/ul>\n<p>&nbsp;<\/p>\n<p><a href=\"https:\/\/blog.ube.fr\/du-formation-civile-civique\/wp-content\/uploads\/sites\/143\/2020\/03\/frais.png\"><img loading=\"lazy\" decoding=\"async\" class=\"alignnone size-medium wp-image-713\" src=\"https:\/\/blog.ube.fr\/du-formation-civile-civique\/wp-content\/uploads\/sites\/143\/2020\/03\/frais-300x31.png\" alt=\"\" width=\"300\" height=\"31\" srcset=\"https:\/\/blog.ube.fr\/du-formation-civile-civique\/wp-content\/uploads\/sites\/143\/2020\/03\/frais-300x31.png 300w, https:\/\/blog.ube.fr\/du-formation-civile-civique\/wp-content\/uploads\/sites\/143\/2020\/03\/frais.png 672w\" sizes=\"auto, (max-width: 300px) 100vw, 300px\" \/><\/a><\/p>\n<ul>\n<li>Formation continue financ\u00e9e par l\u2019employeur: 900 \u20ac<\/li>\n<li>Formation continue individuelle non financ\u00e9e: 700 \u20ac<\/li>\n<li>Membres d\u2019associations socio-culturelles, sportives, \u00e9ducatives, cultuelles, non-salari\u00e9s par ces associations: 400 \u20ac<\/li>\n<li>\u00c9tudiants hors Universit\u00e9 de Bourgogne: 250 \u20ac<\/li>\n<li>\u00c9tudiants d\u00e9j\u00e0 inscrits \u00e0 l\u2019Universit\u00e9 de Bourgogne pour un autre dipl\u00f4me: 150 \u20ac<\/li>\n<\/ul>\n<p>&nbsp;<\/p>\n<p>Possibilit\u00e9 de prise en charge employeur pour les aum\u00f4niers hospitaliers, militaires et p\u00e9nitentiaires en obligation de formation. Et \u00e9galement par la Fondation de l\u2019Islam de France.<\/p>\n","protected":false},"excerpt":{"rendered":"<p>&nbsp; Envoyer un CV et une lettre de motivation Postuler avec eCandidat Avoir un niveau suffisant en fran\u00e7ais (niveau C1 recommand\u00e9) Baccalaur\u00e9at recommand\u00e9 &nbsp; Formation continue financ\u00e9e par l\u2019employeur: 900 \u20ac Formation continue individuelle non financ\u00e9e: 700 \u20ac Membres d\u2019associations socio-culturelles, sportives, \u00e9ducatives, cultuelles, non-salari\u00e9s par ces associations: 400 \u20ac \u00c9tudiants hors Universit\u00e9 de Bourgogne:&hellip;<\/p>\n<p class=\"more-link-p\"><a class=\"btn btn-primary\" href=\"https:\/\/blog.ube.fr\/du-formation-civile-civique\/informations-pratiques\/\">Voir plus &rarr;<\/a><\/p>\n","protected":false},"author":270,"featured_media":0,"parent":0,"menu_order":0,"comment_status":"closed","ping_status":"closed","template":"","meta":{"footnotes":""},"class_list":["post-709","page","type-page","status-publish","hentry"],"_links":{"self":[{"href":"https:\/\/blog.ube.fr\/du-formation-civile-civique\/wp-json\/wp\/v2\/pages\/709","targetHints":{"allow":["GET"]}}],"collection":[{"href":"https:\/\/blog.ube.fr\/du-formation-civile-civique\/wp-json\/wp\/v2\/pages"}],"about":[{"href":"https:\/\/blog.ube.fr\/du-formation-civile-civique\/wp-json\/wp\/v2\/types\/page"}],"author":[{"embeddable":true,"href":"https:\/\/blog.ube.fr\/du-formation-civile-civique\/wp-json\/wp\/v2\/users\/270"}],"replies":[{"embeddable":true,"href":"https:\/\/blog.ube.fr\/du-formation-civile-civique\/wp-json\/wp\/v2\/comments?post=709"}],"version-history":[{"count":8,"href":"https:\/\/blog.ube.fr\/du-formation-civile-civique\/wp-json\/wp\/v2\/pages\/709\/revisions"}],"predecessor-version":[{"id":754,"href":"https:\/\/blog.ube.fr\/du-formation-civile-civique\/wp-json\/wp\/v2\/pages\/709\/revisions\/754"}],"wp:attachment":[{"href":"https:\/\/blog.ube.fr\/du-formation-civile-civique\/wp-json\/wp\/v2\/media?parent=709"}],"curies":[{"name":"wp","href":"https:\/\/api.w.org\/{rel}","templated":true}]}}