{"id":697,"date":"2020-03-11T16:25:34","date_gmt":"2020-03-11T15:25:34","guid":{"rendered":"https:\/\/blog.u-bourgogne.fr\/du-formation-civile-civique\/?page_id=697"},"modified":"2021-10-21T13:15:00","modified_gmt":"2021-10-21T12:15:00","slug":"accueil","status":"publish","type":"page","link":"https:\/\/blog.ube.fr\/du-formation-civile-civique\/","title":{"rendered":"Accueil"},"content":{"rendered":"<p>&nbsp;<\/p>\n<p>Ce Dipl\u00f4me Universitaire vise la construction et\/ou le renforcement de comp\u00e9tences pratiques telles que la pr\u00e9vention et la r\u00e9solution de conflits concernant les rapports entre norme civile et prescription religieuse.<\/p>\n<p>En ce sens, l\u2019accueil des publics, les d\u00e9marches \u00e9ducatives, la compatibilit\u00e9 entre la prescription religieuse et le r\u00e8glement int\u00e9rieur sont \u00e0 questionner.<\/p>\n<p>&nbsp;<\/p>\n<p><strong>Publics vis\u00e9s :<\/strong><br \/>\nAum\u00f4niers, cadres et membres d\u2019associations cultuelles, personnels d\u2019encadrement, agents publics, ou assimil\u00e9s, animateurs socio-\u00e9ducatifs, personnels hospitaliers, agents des collectivit\u00e9s territoriales, personnels d&#8217;entreprise priv\u00e9e, \u00e9tudiants et aussi toute personne qu\u2019int\u00e9ressent les rapports entre religions et r\u00e9publique.<\/p>\n<p>&nbsp;<\/p>\n<p><a href=\"https:\/\/blog.ube.fr\/du-formation-civile-civique\/wp-content\/uploads\/sites\/143\/2020\/03\/Blason-liberte.png\"><img loading=\"lazy\" decoding=\"async\" class=\"size-full wp-image-698 alignright\" src=\"https:\/\/blog.ube.fr\/du-formation-civile-civique\/wp-content\/uploads\/sites\/143\/2020\/03\/Blason-liberte.png\" alt=\"\" width=\"172\" height=\"172\" srcset=\"https:\/\/blog.ube.fr\/du-formation-civile-civique\/wp-content\/uploads\/sites\/143\/2020\/03\/Blason-liberte.png 172w, https:\/\/blog.ube.fr\/du-formation-civile-civique\/wp-content\/uploads\/sites\/143\/2020\/03\/Blason-liberte-150x150.png 150w\" sizes=\"auto, (max-width: 172px) 100vw, 172px\" \/><\/a><\/p>\n<p>&nbsp;<\/p>\n<p>&nbsp;<\/p>\n<p>&nbsp;<\/p>\n<p>&nbsp;<\/p>\n<p>&nbsp;<\/p>\n<p>&nbsp;<\/p>\n<p>Dipl\u00f4me Universitaire de Formation Civile et Civique reconnu par le Minist\u00e8re de l\u2019Int\u00e9rieur, Bureau Central des Cultes.<\/p>\n<p>Formation dipl\u00f4mante conforme au d\u00e9cret minist\u00e9riel 2017-756 du 3 mai 2017.<\/p>\n<p>&nbsp;<\/p>\n<p>&nbsp;<\/p>\n<p>&nbsp;<\/p>\n<p><a href=\"https:\/\/blog.ube.fr\/du-formation-civile-civique\/wp-content\/uploads\/sites\/143\/2021\/10\/bandeau-logos-droit.jpg\"><img loading=\"lazy\" decoding=\"async\" class=\"alignnone size-medium wp-image-759\" src=\"https:\/\/blog.ube.fr\/du-formation-civile-civique\/wp-content\/uploads\/sites\/143\/2021\/10\/bandeau-logos-droit-300x97.jpg\" alt=\"\" width=\"300\" height=\"97\" srcset=\"https:\/\/blog.ube.fr\/du-formation-civile-civique\/wp-content\/uploads\/sites\/143\/2021\/10\/bandeau-logos-droit-300x97.jpg 300w, https:\/\/blog.ube.fr\/du-formation-civile-civique\/wp-content\/uploads\/sites\/143\/2021\/10\/bandeau-logos-droit-768x248.jpg 768w, https:\/\/blog.ube.fr\/du-formation-civile-civique\/wp-content\/uploads\/sites\/143\/2021\/10\/bandeau-logos-droit.jpg 816w\" sizes=\"auto, (max-width: 300px) 100vw, 300px\" \/><\/a><\/p>\n<p><a href=\"https:\/\/blog.ube.fr\/du-formation-civile-civique\/wp-content\/uploads\/sites\/143\/2020\/03\/bande.png\"><img loading=\"lazy\" decoding=\"async\" class=\"size-medium wp-image-732 alignright\" src=\"https:\/\/blog.ube.fr\/du-formation-civile-civique\/wp-content\/uploads\/sites\/143\/2020\/03\/bande-300x38.png\" alt=\"\" width=\"300\" height=\"38\" srcset=\"https:\/\/blog.ube.fr\/du-formation-civile-civique\/wp-content\/uploads\/sites\/143\/2020\/03\/bande-300x38.png 300w, https:\/\/blog.ube.fr\/du-formation-civile-civique\/wp-content\/uploads\/sites\/143\/2020\/03\/bande-1024x131.png 1024w, https:\/\/blog.ube.fr\/du-formation-civile-civique\/wp-content\/uploads\/sites\/143\/2020\/03\/bande-768x98.png 768w, https:\/\/blog.ube.fr\/du-formation-civile-civique\/wp-content\/uploads\/sites\/143\/2020\/03\/bande.png 1529w\" sizes=\"auto, (max-width: 300px) 100vw, 300px\" \/><\/a><\/p>\n<p>&nbsp;<\/p>\n<p>&nbsp;<\/p>\n<p style=\"text-align: right;\"><strong><a href=\"http:\/\/www.u-bourgogne.fr\" target=\"_blank\" rel=\"noopener noreferrer\">www.u-bourgogne.fr<\/a> <\/strong><\/p>\n<p style=\"text-align: right;\"><a href=\"http:\/\/sefca.u-bourgogne.fr\" target=\"_blank\" rel=\"noopener noreferrer\"><strong>http:\/\/sefca.u-bourgogne.fr<\/strong><\/a><\/p>\n","protected":false},"excerpt":{"rendered":"<p>&nbsp; Ce Dipl\u00f4me Universitaire vise la construction et\/ou le renforcement de comp\u00e9tences pratiques telles que la pr\u00e9vention et la r\u00e9solution de conflits concernant les rapports entre norme civile et prescription religieuse. En ce sens, l\u2019accueil des publics, les d\u00e9marches \u00e9ducatives, la compatibilit\u00e9 entre la prescription religieuse et le r\u00e8glement int\u00e9rieur sont \u00e0 questionner. &nbsp; Publics&hellip;<\/p>\n<p class=\"more-link-p\"><a class=\"btn btn-primary\" href=\"https:\/\/blog.ube.fr\/du-formation-civile-civique\/\">Voir plus &rarr;<\/a><\/p>\n","protected":false},"author":270,"featured_media":0,"parent":0,"menu_order":1,"comment_status":"closed","ping_status":"closed","template":"","meta":{"footnotes":""},"class_list":["post-697","page","type-page","status-publish","hentry"],"_links":{"self":[{"href":"https:\/\/blog.ube.fr\/du-formation-civile-civique\/wp-json\/wp\/v2\/pages\/697","targetHints":{"allow":["GET"]}}],"collection":[{"href":"https:\/\/blog.ube.fr\/du-formation-civile-civique\/wp-json\/wp\/v2\/pages"}],"about":[{"href":"https:\/\/blog.ube.fr\/du-formation-civile-civique\/wp-json\/wp\/v2\/types\/page"}],"author":[{"embeddable":true,"href":"https:\/\/blog.ube.fr\/du-formation-civile-civique\/wp-json\/wp\/v2\/users\/270"}],"replies":[{"embeddable":true,"href":"https:\/\/blog.ube.fr\/du-formation-civile-civique\/wp-json\/wp\/v2\/comments?post=697"}],"version-history":[{"count":15,"href":"https:\/\/blog.ube.fr\/du-formation-civile-civique\/wp-json\/wp\/v2\/pages\/697\/revisions"}],"predecessor-version":[{"id":760,"href":"https:\/\/blog.ube.fr\/du-formation-civile-civique\/wp-json\/wp\/v2\/pages\/697\/revisions\/760"}],"wp:attachment":[{"href":"https:\/\/blog.ube.fr\/du-formation-civile-civique\/wp-json\/wp\/v2\/media?parent=697"}],"curies":[{"name":"wp","href":"https:\/\/api.w.org\/{rel}","templated":true}]}}