{"id":711,"date":"2022-04-13T16:24:46","date_gmt":"2022-04-13T14:24:46","guid":{"rendered":"https:\/\/blog.u-bourgogne.fr\/du-etudiants-en-exil\/?page_id=711"},"modified":"2025-02-04T14:59:54","modified_gmt":"2025-02-04T13:59:54","slug":"origine-du-projet","status":"publish","type":"page","link":"https:\/\/blog.ube.fr\/du-etudiants-en-exil\/quest-ce-que-le-du-passerelle\/origine-du-projet\/","title":{"rendered":"Origine du projet"},"content":{"rendered":"<p>Dans le contexte d\u2019urgence cr\u00e9\u00e9 par la guerre en Syrie et en Irak, l\u2019Universit\u00e9 Bourgogne Europe (UBE), \u00e0 l\u2019instar d\u2019autres universit\u00e9s fran\u00e7aises, a lanc\u00e9, en septembre 2016, un dispositif d\u2019accueil et d\u2019accompagnement d\u00e9di\u00e9 aux demandeurs d\u2019asile et r\u00e9fugi\u00e9s dipl\u00f4m\u00e9s de l\u2019enseignement sup\u00e9rieur ou ayant interrompu leurs \u00e9tudes pour fuir leur pays.<\/p>\n<p>Centr\u00e9 sur l\u2019apprentissage intensif du fran\u00e7ais, ce dispositif ad hoc initi\u00e9 par le Pole International de l&#8217;UBE est devenu un dipl\u00f4me universitaire (D.U.) <em>&#8220;Fran\u00e7ais langue \u00e9trang\u00e8re pour l\u2019insertion universitaire et professionnelle des publics migrants&#8221;<\/em> port\u00e9 par l\u2019UFR <em>Lettres et philosophie<\/em>, \u00e0 la rentr\u00e9e 2017.<\/p>\n<p>En 2019, il a int\u00e9gr\u00e9 la liste des 40 cursus enregistr\u00e9s au registre national des dipl\u00f4mes sous l\u2019appellation dipl\u00f4me universitaire <em>&#8220;Passerelle &#8211; \u00c9tudiants en exil&#8221;<\/em>.<\/p>\n<p>Entre 2016 et 2025, 350 personnes, de 25 nationalit\u00e9s (syrienne, irakienne, afghane, soudanaise, \u00e9rythr\u00e9enne, albanaise, angolaise, etc.), d\u2019\u00e2ges divers et aux projets d\u2019insertion vari\u00e9s, avaient suivi ce cursus qui m\u00eale des cours quotidiens de fran\u00e7ais et de sp\u00e9cialit\u00e9s par disciplines, des s\u00e9ances de pr\u00e9paration du projet et des ateliers de d\u00e9couverte culturelle. Les parcours apr\u00e8s la sortie du dipl\u00f4me sont \u00e9galement tr\u00e8s divers.<\/p>\n","protected":false},"excerpt":{"rendered":"<p>Dans le contexte d\u2019urgence cr\u00e9\u00e9 par la guerre en Syrie et en Irak, l\u2019Universit\u00e9 Bourgogne Europe (UBE), \u00e0 l\u2019instar d\u2019autres universit\u00e9s fran\u00e7aises, a lanc\u00e9, en septembre 2016, un dispositif d\u2019accueil et d\u2019accompagnement d\u00e9di\u00e9 aux demandeurs d\u2019asile et r\u00e9fugi\u00e9s dipl\u00f4m\u00e9s de l\u2019enseignement sup\u00e9rieur ou ayant interrompu leurs \u00e9tudes pour fuir leur pays. Centr\u00e9 sur l\u2019apprentissage intensif&hellip;<\/p>\n<p class=\"more-link-p\"><a class=\"btn btn-primary\" href=\"https:\/\/blog.ube.fr\/du-etudiants-en-exil\/quest-ce-que-le-du-passerelle\/origine-du-projet\/\">Voir plus &rarr;<\/a><\/p>\n","protected":false},"author":1847,"featured_media":0,"parent":304,"menu_order":0,"comment_status":"closed","ping_status":"closed","template":"","meta":{"footnotes":""},"class_list":["post-711","page","type-page","status-publish","hentry"],"_links":{"self":[{"href":"https:\/\/blog.ube.fr\/du-etudiants-en-exil\/wp-json\/wp\/v2\/pages\/711","targetHints":{"allow":["GET"]}}],"collection":[{"href":"https:\/\/blog.ube.fr\/du-etudiants-en-exil\/wp-json\/wp\/v2\/pages"}],"about":[{"href":"https:\/\/blog.ube.fr\/du-etudiants-en-exil\/wp-json\/wp\/v2\/types\/page"}],"author":[{"embeddable":true,"href":"https:\/\/blog.ube.fr\/du-etudiants-en-exil\/wp-json\/wp\/v2\/users\/1847"}],"replies":[{"embeddable":true,"href":"https:\/\/blog.ube.fr\/du-etudiants-en-exil\/wp-json\/wp\/v2\/comments?post=711"}],"version-history":[{"count":8,"href":"https:\/\/blog.ube.fr\/du-etudiants-en-exil\/wp-json\/wp\/v2\/pages\/711\/revisions"}],"predecessor-version":[{"id":997,"href":"https:\/\/blog.ube.fr\/du-etudiants-en-exil\/wp-json\/wp\/v2\/pages\/711\/revisions\/997"}],"up":[{"embeddable":true,"href":"https:\/\/blog.ube.fr\/du-etudiants-en-exil\/wp-json\/wp\/v2\/pages\/304"}],"wp:attachment":[{"href":"https:\/\/blog.ube.fr\/du-etudiants-en-exil\/wp-json\/wp\/v2\/media?parent=711"}],"curies":[{"name":"wp","href":"https:\/\/api.w.org\/{rel}","templated":true}]}}