{"id":687,"date":"2022-04-06T16:49:21","date_gmt":"2022-04-06T14:49:21","guid":{"rendered":"https:\/\/blog.u-bourgogne.fr\/du-etudiants-en-exil\/?page_id=687"},"modified":"2026-03-26T10:51:41","modified_gmt":"2026-03-26T09:51:41","slug":"partenaires","status":"publish","type":"page","link":"https:\/\/blog.ube.fr\/du-etudiants-en-exil\/quest-ce-que-le-du-passerelle\/partenaires\/","title":{"rendered":"Partenaires"},"content":{"rendered":"<p>En 2024\/2025, le dipl\u00f4me universitaire <em>Passerelle \u2013 \u00c9tudiants en exil<\/em> b\u00e9n\u00e9ficie du soutien :<\/p>\n<ul>\n<li>de Fonds asile, migration et int\u00e9gration (<a href=\"https:\/\/www.europe-en-france.gouv.fr\/fr\/fonds-europeens-2021-2027\/fonds-asile-migration-integration-fami\" target=\"_blank\" rel=\"noopener\">FAMI<\/a>),<\/li>\n<li>de la Direction d\u00e9partementale de l\u2019emploi, du travail et des solidarit\u00e9s de C\u00f4te d\u2019Or (<a href=\"https:\/\/lannuaire.service-public.fr\/bourgogne-franche-comte\/cote-d-or\/1c033e2d-b9b7-4acf-ad6c-840bdb83c407\" target=\"_blank\" rel=\"noopener\">DDETS<\/a>),<\/li>\n<li>du r\u00e9seau <em>Migrants dans l\u2019enseignement sup\u00e9rieur<\/em> avec le programme AIMES (<a href=\"https:\/\/reseau-mens.org\/\" target=\"_blank\" rel=\"noopener\">MEnS<\/a>),<\/li>\n<li>de la <a href=\"https:\/\/www.bourgognefranchecomte.fr\/\" target=\"_blank\" rel=\"noopener\">R\u00e9gion Bourgogne-Franche-Comt\u00e9<\/a>,<\/li>\n<li>de la <a href=\"https:\/\/www.fondationdefrance.org\/fr\/\" target=\"_blank\" rel=\"noopener\">Fondation de France<\/a>,<\/li>\n<li>de la <a href=\"https:\/\/www.groupe-sncf.com\/fr\/engagements\/mecenat-sponsoring\/fondation\" target=\"_blank\" rel=\"noopener\">Fondation SNCF<\/a>.<\/li>\n<\/ul>\n<p><img loading=\"lazy\" decoding=\"async\" src=\"https:\/\/blog.ube.fr\/du-etudiants-en-exil\/wp-content\/uploads\/sites\/137\/2025\/02\/DU-Passerelle_logo_partenaires_FAMI.jpg\" alt=\"\" width=\"133\" height=\"69\" \/><img loading=\"lazy\" decoding=\"async\" class=\"\" src=\"https:\/\/blog.ube.fr\/du-etudiants-en-exil\/wp-content\/uploads\/sites\/137\/2025\/02\/DU-Passerelle_logo_partenaires_CDDETS-21.png\" alt=\"\" width=\"106\" height=\"104\" \/><img decoding=\"async\" src=\"https:\/\/blog.ube.fr\/du-etudiants-en-exil\/wp-content\/uploads\/sites\/137\/2023\/06\/DU-Passerelle_logo_partenaires_mens.png \" alt=\"\" \/><img decoding=\"async\" src=\"https:\/\/blog.ube.fr\/du-etudiants-en-exil\/wp-content\/uploads\/sites\/137\/2023\/06\/DU-Passerelle_logo_partenaires_region_BFC.jpg\" alt=\"\" \/><img loading=\"lazy\" decoding=\"async\" class=\"\" src=\"https:\/\/blog.ube.fr\/du-etudiants-en-exil\/wp-content\/uploads\/sites\/137\/2025\/02\/DU-Passerelle_logo_partenaires_Fondation-de-France.jpg\" alt=\"\" width=\"91\" height=\"91\" \/><img loading=\"lazy\" decoding=\"async\" class=\"\" src=\"https:\/\/blog.ube.fr\/du-etudiants-en-exil\/wp-content\/uploads\/sites\/137\/2025\/02\/DU-Passerelle_logo_partenaires_Fondation-SNCF.jpg\" alt=\"\" width=\"89\" height=\"71\" \/><\/p>\n<p>&nbsp;<\/p>\n","protected":false},"excerpt":{"rendered":"<p>En 2024\/2025, le dipl\u00f4me universitaire Passerelle \u2013 \u00c9tudiants en exil b\u00e9n\u00e9ficie du soutien : de Fonds asile, migration et int\u00e9gration (FAMI), de la Direction d\u00e9partementale de l\u2019emploi, du travail et des solidarit\u00e9s de C\u00f4te d\u2019Or (DDETS), du r\u00e9seau Migrants dans l\u2019enseignement sup\u00e9rieur avec le programme AIMES (MEnS), de la R\u00e9gion Bourgogne-Franche-Comt\u00e9, de la Fondation de&hellip;<\/p>\n<p class=\"more-link-p\"><a class=\"btn btn-primary\" href=\"https:\/\/blog.ube.fr\/du-etudiants-en-exil\/quest-ce-que-le-du-passerelle\/partenaires\/\">Voir plus &rarr;<\/a><\/p>\n","protected":false},"author":1847,"featured_media":0,"parent":304,"menu_order":0,"comment_status":"closed","ping_status":"closed","template":"","meta":{"footnotes":""},"class_list":["post-687","page","type-page","status-publish","hentry"],"_links":{"self":[{"href":"https:\/\/blog.ube.fr\/du-etudiants-en-exil\/wp-json\/wp\/v2\/pages\/687","targetHints":{"allow":["GET"]}}],"collection":[{"href":"https:\/\/blog.ube.fr\/du-etudiants-en-exil\/wp-json\/wp\/v2\/pages"}],"about":[{"href":"https:\/\/blog.ube.fr\/du-etudiants-en-exil\/wp-json\/wp\/v2\/types\/page"}],"author":[{"embeddable":true,"href":"https:\/\/blog.ube.fr\/du-etudiants-en-exil\/wp-json\/wp\/v2\/users\/1847"}],"replies":[{"embeddable":true,"href":"https:\/\/blog.ube.fr\/du-etudiants-en-exil\/wp-json\/wp\/v2\/comments?post=687"}],"version-history":[{"count":12,"href":"https:\/\/blog.ube.fr\/du-etudiants-en-exil\/wp-json\/wp\/v2\/pages\/687\/revisions"}],"predecessor-version":[{"id":1092,"href":"https:\/\/blog.ube.fr\/du-etudiants-en-exil\/wp-json\/wp\/v2\/pages\/687\/revisions\/1092"}],"up":[{"embeddable":true,"href":"https:\/\/blog.ube.fr\/du-etudiants-en-exil\/wp-json\/wp\/v2\/pages\/304"}],"wp:attachment":[{"href":"https:\/\/blog.ube.fr\/du-etudiants-en-exil\/wp-json\/wp\/v2\/media?parent=687"}],"curies":[{"name":"wp","href":"https:\/\/api.w.org\/{rel}","templated":true}]}}