{"id":350,"date":"2022-03-31T17:18:20","date_gmt":"2022-03-31T15:18:20","guid":{"rendered":"https:\/\/blog.u-bourgogne.fr\/du-etudiants-en-exil\/?page_id=350"},"modified":"2026-03-26T11:28:15","modified_gmt":"2026-03-26T10:28:15","slug":"notre-association","status":"publish","type":"page","link":"https:\/\/blog.ube.fr\/du-etudiants-en-exil\/notre-association\/","title":{"rendered":"Notre association"},"content":{"rendered":"<p><img loading=\"lazy\" decoding=\"async\" src=\"https:\/\/blog.ube.fr\/du-etudiants-en-exil\/wp-content\/uploads\/sites\/137\/2022\/04\/DU-Passerelle-logo-aram.jpg\" alt=\"\" width=\"200\" height=\"186\" \/><\/p>\n<p>Cr\u00e9\u00e9e en 2017, l\u2019association ARAM a pour but d\u2019accompagner les apprenants du DU et leurs familles dans leur insertion sociale et culturelle. Elle b\u00e9n\u00e9ficie du <a href=\"https:\/\/www.ube.fr\/association-groupe\/associations\/\" target=\"_blank\" rel=\"noopener\">label d\u2019association \u00e9tudiante de l\u2019Universit\u00e9 Bourgogne Europe<\/a> ce qui signifie qu\u2019elle est dirig\u00e9e par des \u00e9tudiants et que ses actions sont soutenues et valid\u00e9es par le <em>Conseil de la vie \u00e9tudiante<\/em> de l\u2019Universit\u00e9. Celles-ci b\u00e9n\u00e9ficient aux \u00e9tudiants mais sont ouvertes \u00e0 des participants ext\u00e9rieurs, dans un esprit de rencontre et de mixit\u00e9 socio-culturelle.<\/p>\n<h3>Contact<\/h3>\n<p>Maison de l\u2019\u00c9tudiant &#8211; salle 111<br \/>\n7, esplanade Erasme<br \/>\nBP 27877<br \/>\n21078 Dijon<br \/>\nFRANCE<\/p>\n<p><a href=\"mailto:aramdijon21@gmail.com\">aramdijon21@gmail.com<\/a><\/p>\n<p><a href=\"https:\/\/www.facebook.com\/people\/ARAM\/100064725008739\/\" target=\"_blank\" rel=\"noopener\"><img loading=\"lazy\" decoding=\"async\" class=\"\" src=\"https:\/\/blog.ube.fr\/du-etudiants-en-exil\/wp-content\/uploads\/sites\/137\/2026\/03\/PRI_icone_fb_du.png\" alt=\"\" width=\"40\" height=\"40\" \/><\/a>\u00a0<a href=\"https:\/\/www.instagram.com\/aram.dijon\/?igshid=YmMyMTA2M2Y%3D\" target=\"_blank\" rel=\"noopener\"><img loading=\"lazy\" decoding=\"async\" class=\"\" src=\"https:\/\/blog.ube.fr\/du-etudiants-en-exil\/wp-content\/uploads\/sites\/137\/2026\/03\/PRI_icone_instagram_du.png\" alt=\"\" width=\"40\" height=\"40\" \/><\/a><\/p>\n","protected":false},"excerpt":{"rendered":"<p>Cr\u00e9\u00e9e en 2017, l\u2019association ARAM a pour but d\u2019accompagner les apprenants du DU et leurs familles dans leur insertion sociale et culturelle. Elle b\u00e9n\u00e9ficie du label d\u2019association \u00e9tudiante de l\u2019Universit\u00e9 Bourgogne Europe ce qui signifie qu\u2019elle est dirig\u00e9e par des \u00e9tudiants et que ses actions sont soutenues et valid\u00e9es par le Conseil de la vie&hellip;<\/p>\n<p class=\"more-link-p\"><a class=\"btn btn-primary\" href=\"https:\/\/blog.ube.fr\/du-etudiants-en-exil\/notre-association\/\">Voir plus &rarr;<\/a><\/p>\n","protected":false},"author":1847,"featured_media":0,"parent":0,"menu_order":0,"comment_status":"closed","ping_status":"closed","template":"","meta":{"footnotes":""},"class_list":["post-350","page","type-page","status-publish","hentry"],"_links":{"self":[{"href":"https:\/\/blog.ube.fr\/du-etudiants-en-exil\/wp-json\/wp\/v2\/pages\/350","targetHints":{"allow":["GET"]}}],"collection":[{"href":"https:\/\/blog.ube.fr\/du-etudiants-en-exil\/wp-json\/wp\/v2\/pages"}],"about":[{"href":"https:\/\/blog.ube.fr\/du-etudiants-en-exil\/wp-json\/wp\/v2\/types\/page"}],"author":[{"embeddable":true,"href":"https:\/\/blog.ube.fr\/du-etudiants-en-exil\/wp-json\/wp\/v2\/users\/1847"}],"replies":[{"embeddable":true,"href":"https:\/\/blog.ube.fr\/du-etudiants-en-exil\/wp-json\/wp\/v2\/comments?post=350"}],"version-history":[{"count":20,"href":"https:\/\/blog.ube.fr\/du-etudiants-en-exil\/wp-json\/wp\/v2\/pages\/350\/revisions"}],"predecessor-version":[{"id":1116,"href":"https:\/\/blog.ube.fr\/du-etudiants-en-exil\/wp-json\/wp\/v2\/pages\/350\/revisions\/1116"}],"wp:attachment":[{"href":"https:\/\/blog.ube.fr\/du-etudiants-en-exil\/wp-json\/wp\/v2\/media?parent=350"}],"curies":[{"name":"wp","href":"https:\/\/api.w.org\/{rel}","templated":true}]}}