{"id":342,"date":"2022-03-31T17:17:46","date_gmt":"2022-03-31T15:17:46","guid":{"rendered":"https:\/\/blog.u-bourgogne.fr\/du-etudiants-en-exil\/?page_id=342"},"modified":"2026-02-06T10:18:55","modified_gmt":"2026-02-06T09:18:55","slug":"candidature","status":"publish","type":"page","link":"https:\/\/blog.ube.fr\/du-etudiants-en-exil\/candidature\/","title":{"rendered":"Candidature"},"content":{"rendered":"<h3>Public vis\u00e9<\/h3>\n<ul>\n<li>Les personnes en exil n\u2019ayant pu int\u00e9grer l\u2019universit\u00e9 dans leur pays d\u2019origine (niveau baccalaur\u00e9at) ou ayant d\u00fb interrompre leurs \u00e9tudes universitaires.<\/li>\n<li>Les dipl\u00f4m\u00e9s de l\u2019universit\u00e9 (de la licence au master) qui ont besoin d\u2019acqu\u00e9rir une tr\u00e8s bonne ma\u00eetrise du fran\u00e7ais pour exercer leur profession, de passer des examens et concours d\u2019\u00e9quivalence ou de se r\u00e9orienter partiellement pour acc\u00e9der au march\u00e9 du travail fran\u00e7ais.<\/li>\n<\/ul>\n<h3>Crit\u00e8res d&#8217;\u00e9ligibilit\u00e9<\/h3>\n<ul>\n<li>Statut des candidats : r\u00e9fugi\u00e9s, personnes sous protection subsidiaire ou temporaire, demandeurs d\u2019asile.<\/li>\n<li>Situation : r\u00e9sider depuis moins de 5 ans en France (\u00ab primo-arrivant \u00bb) et r\u00e9sider en Bourgogne-Franche-Comt\u00e9 au moment de la candidature.<\/li>\n<li>Niveau linguistique des candidats : ayant au minimum un niveau <a href=\"https:\/\/rm.coe.int\/CoERMPublicCommonSearchServices\/DisplayDCTMContent?documentId=090000168045bb57\" target=\"_blank\" rel=\"noopener\">A2<\/a> en cours d\u2019acquisition en fran\u00e7ais.<\/li>\n<li>Niveau de formation des candidats : titulaires au minimum d\u2019un dipl\u00f4me d\u2019\u00e9tudes secondaires (baccalaur\u00e9at ou \u00e9quivalent \u00e9tranger du baccalaur\u00e9at).<\/li>\n<li>\u00c2ge : avoir moins de 45 ans.<\/li>\n<\/ul>\n<p><strong>Le DU <em>Passerelle<\/em> n&#8217;est pas adapt\u00e9 aux personnes issues de pays francophones.<\/strong><\/p>\n<h3>Proc\u00e9dure d&#8217;admission<\/h3>\n<ol>\n<li>Remplissez <a href=\"https:\/\/blog.ube.fr\/du-etudiants-en-exil\/wp-content\/uploads\/sites\/137\/2026\/02\/PI-dossier-candidature-application-form-fle.pdf\" target=\"_blank\" rel=\"noopener\">ce dossier de demande<\/a> et envoyez-le par e-mail \u00e0 l&#8217;adresse <a href=\"mailto:du.passerelle.etu.exil@ube.fr\" rel=\"\">du.passerelle.etu.exil@ube.fr<\/a>\u00a0<strong>entre le 9 mars et le 8 mai 2026<\/strong> afin de d\u00e9poser votre candidature pour l&#8217;ann\u00e9e acad\u00e9mique 2026\/2027. <em>Si vous avez d\u00e9j\u00e0 envoy\u00e9 votre candidature en cours d\u2019ann\u00e9e vous devez imp\u00e9rativement actualiser votre demande en nous envoyant le dossier pour l\u2019ann\u00e9e 2026\/2027.<\/em><\/li>\n<li>Si votre dossier est pr\u00e9s\u00e9lectionn\u00e9 vous passerez le test de fran\u00e7ais.<\/li>\n<li>Si vous r\u00e9ussissez le test de fran\u00e7ais vous serez invit\u00e9 \u00e0 un entretien.<\/li>\n<li>Vous recevrez la r\u00e9ponse d\u00e9finitive apr\u00e8s l\u2019entretien.<\/li>\n<\/ol>\n<h3>Calendrier<\/h3>\n<table style=\"border-collapse: collapse; width: 55.996%;\">\n<tbody>\n<tr>\n<td style=\"width: 26.8165%;\">D\u00e9p\u00f4t des candidatures par e-mail.<\/td>\n<td style=\"width: 28.5235%;\">Du 9 mars 2026 au 8 mai 2026.<\/td>\n<\/tr>\n<tr>\n<td style=\"width: 26.8165%;\">Test de positionnement en fran\u00e7ais.<\/td>\n<td style=\"width: 28.5235%;\">Date \u00e0 venir.<\/td>\n<\/tr>\n<tr>\n<td style=\"width: 26.8165%;\">Entretiens.<\/td>\n<td style=\"width: 28.5235%;\">Dates \u00e0 venir.<\/td>\n<\/tr>\n<tr>\n<td style=\"width: 26.8165%;\">Semestre 1.<\/td>\n<td style=\"width: 28.5235%;\">De septembre 2026 \u00e0 d\u00e9but janvier 2027.<\/td>\n<\/tr>\n<tr>\n<td style=\"width: 26.8165%;\">Semestre 2.<\/td>\n<td style=\"width: 28.5235%;\">De mi-janvier 2027 \u00e0 mi-mai 2027.<\/td>\n<\/tr>\n<\/tbody>\n<\/table>\n<h3>Inscriptions et frais de la formation<\/h3>\n<p>Les candidats retenus pour int\u00e9grer le DU effectueront leur inscription administrative \u00e0 la facult\u00e9 de Lettres et philosophie de l&#8217;Universit\u00e9 Bourgogne Europe et seront exon\u00e9r\u00e9s des frais d\u2019inscription.<\/p>\n<h3>Informations importantes concernant la bourse et le logement<\/h3>\n<p>Pour faire une <span style=\"text-decoration: underline;\"><strong>demande de bourse<\/strong><\/span> pour l&#8217;ann\u00e9e universitaire 2026\/2027, il faut obligatoirement avoir votre avis d&#8217;imposition 2025.<\/p>\n<p>Il est \u00e0 t\u00e9l\u00e9charger dans votre espace particulier sur le <a href=\"https:\/\/www.impots.gouv.fr\/accueil\" target=\"_blank\" rel=\"noopener\">site de la Direction g\u00e9n\u00e9rale des finances publiques<\/a>.<\/p>\n<p>Si vous n&#8217;en avez pas, vous avez la possibilit\u00e9 de :<\/p>\n<ul>\n<li>vous d\u00e9placer au Centre des Finances Publiques de Dijon, 25 rue de la Boudronn\u00e9e &#8211; accueil le matin sans rendez-vous ;<\/li>\n<li>contacter au plus vite le <a href=\"https:\/\/www.impots.gouv.fr\/contacts\" target=\"_blank\" rel=\"noopener\">centre des imp\u00f4ts.<\/a><\/li>\n<\/ul>\n<p>Si vous voulez faire une <span style=\"text-decoration: underline;\"><strong>demande de logement \u00e9tudiant<\/strong><\/span> ou de bourse Crous sur crit\u00e8res sociaux, il faut remplir un <em><a href=\"https:\/\/messervices.etudiant.gouv.fr\/\" target=\"_blank\" rel=\"noopener\">Dossier Social Etudiant<\/a> (DSE)<\/em> et indiquer le <em>DU Passerelle<\/em> en premier v\u0153u.<\/p>\n<p>Pour indiquer le <em>DU Passerelle<\/em> dans vos v\u0153ux, il faut :<\/p>\n<ul>\n<li>s\u00e9lectionner le d\u00e9partement de la C\u00f4te-d&#8217;Or (21) ;<\/li>\n<li>puis <em>UFR Lettres et Philosophie<\/em> ;<\/li>\n<li>puis dans la liste suivante <em>Dipl\u00f4me universitaire<\/em> (sous l&#8217;intitul\u00e9 <em>DU Passerelle &#8211; Etudiants en exil<\/em>).<\/li>\n<\/ul>\n","protected":false},"excerpt":{"rendered":"<p>Public vis\u00e9 Les personnes en exil n\u2019ayant pu int\u00e9grer l\u2019universit\u00e9 dans leur pays d\u2019origine (niveau baccalaur\u00e9at) ou ayant d\u00fb interrompre leurs \u00e9tudes universitaires. Les dipl\u00f4m\u00e9s de l\u2019universit\u00e9 (de la licence au master) qui ont besoin d\u2019acqu\u00e9rir une tr\u00e8s bonne ma\u00eetrise du fran\u00e7ais pour exercer leur profession, de passer des examens et concours d\u2019\u00e9quivalence ou de&hellip;<\/p>\n<p class=\"more-link-p\"><a class=\"btn btn-primary\" href=\"https:\/\/blog.ube.fr\/du-etudiants-en-exil\/candidature\/\">Voir plus &rarr;<\/a><\/p>\n","protected":false},"author":1847,"featured_media":0,"parent":0,"menu_order":0,"comment_status":"closed","ping_status":"closed","template":"","meta":{"footnotes":""},"class_list":["post-342","page","type-page","status-publish","hentry"],"_links":{"self":[{"href":"https:\/\/blog.ube.fr\/du-etudiants-en-exil\/wp-json\/wp\/v2\/pages\/342","targetHints":{"allow":["GET"]}}],"collection":[{"href":"https:\/\/blog.ube.fr\/du-etudiants-en-exil\/wp-json\/wp\/v2\/pages"}],"about":[{"href":"https:\/\/blog.ube.fr\/du-etudiants-en-exil\/wp-json\/wp\/v2\/types\/page"}],"author":[{"embeddable":true,"href":"https:\/\/blog.ube.fr\/du-etudiants-en-exil\/wp-json\/wp\/v2\/users\/1847"}],"replies":[{"embeddable":true,"href":"https:\/\/blog.ube.fr\/du-etudiants-en-exil\/wp-json\/wp\/v2\/comments?post=342"}],"version-history":[{"count":51,"href":"https:\/\/blog.ube.fr\/du-etudiants-en-exil\/wp-json\/wp\/v2\/pages\/342\/revisions"}],"predecessor-version":[{"id":1047,"href":"https:\/\/blog.ube.fr\/du-etudiants-en-exil\/wp-json\/wp\/v2\/pages\/342\/revisions\/1047"}],"wp:attachment":[{"href":"https:\/\/blog.ube.fr\/du-etudiants-en-exil\/wp-json\/wp\/v2\/media?parent=342"}],"curies":[{"name":"wp","href":"https:\/\/api.w.org\/{rel}","templated":true}]}}