{"id":310,"date":"2022-03-31T17:00:32","date_gmt":"2022-03-31T15:00:32","guid":{"rendered":"https:\/\/blog.u-bourgogne.fr\/du-etudiants-en-exil\/?page_id=310"},"modified":"2025-02-04T09:57:54","modified_gmt":"2025-02-04T08:57:54","slug":"objectifs","status":"publish","type":"page","link":"https:\/\/blog.ube.fr\/du-etudiants-en-exil\/quest-ce-que-le-du-passerelle\/objectifs\/","title":{"rendered":"Objectifs"},"content":{"rendered":"<h3>\u00c9tudiants migrants<\/h3>\n<p>L\u2019objectif principal du dipl\u00f4me universitaire (DU) <em>Passerelle &#8211; \u00c9tudiants en exil<\/em> est de pr\u00e9parer les \u00e9tudiants \u00e0 rejoindre les formations universitaires en langue fran\u00e7aise et de favoriser ainsi leur int\u00e9gration tout en pr\u00e9parant leur avenir professionnel.<\/p>\n<p>Il s\u2019agit d\u2019offrir une formation d\u2019insertion compl\u00e8te qui est organis\u00e9e sous plusieurs modules :<\/p>\n<ul>\n<li>les cours intensifs de fran\u00e7ais ;<\/li>\n<li>les activit\u00e9s culturelles pour favoriser l\u2019expression et la d\u00e9couverte de la soci\u00e9t\u00e9 fran\u00e7aise ;<\/li>\n<li>les modules d\u00e9di\u00e9s \u00e0 la finalisation du projet universitaire et professionnel ;<\/li>\n<li>l\u2019accompagnement associant un \u00e9tudiant de l\u2019Universit\u00e9 Bourgogne Europe et un \u00e9tudiant inscrit dans le DU afin de favoriser l\u2019insertion sociale et le partage d\u2019exp\u00e9riences et de connaissances.<\/li>\n<\/ul>\n<p><img loading=\"lazy\" decoding=\"async\" class=\"\" src=\"https:\/\/blog.ube.fr\/du-etudiants-en-exil\/wp-content\/uploads\/sites\/137\/2022\/04\/DU-Passerelle-graphique-modules-fr.jpg\" alt=\"\" width=\"282\" height=\"300\" \/><\/p>\n<p>Les enseignements proposent d\u2019obtenir les comp\u00e9tences linguistiques et les comp\u00e9tences d\u2019apprentissage requises pour int\u00e9grer un cursus universitaire disciplinaire.<\/p>\n<h3>Autres publics<\/h3>\n<ul>\n<li>Former des \u00e9tudiants fran\u00e7ais qui ont le r\u00f4le de compagnons des \u00e9tudiants migrants du DU afin de favoriser l\u2019insertion sociale et aider \u00e0 l\u2019apprentissage du fran\u00e7ais.<\/li>\n<li>Informer sur les enjeux d\u2019accueil des r\u00e9fugi\u00e9s \u00e0 travers des conf\u00e9rences grand-public qui sont \u00e9galement d\u2019une grande utilit\u00e9 pour les \u00e9tudiants se professionnalisant sur ces questions (carri\u00e8res juridiques, IRTESS&#8230;).<\/li>\n<li>Promouvoir l\u2019interculturalit\u00e9 en organisant des \u00e9v\u00e9nements festifs \u00e0 la destination de la communaut\u00e9 universitaire et du grand-public.<\/li>\n<\/ul>\n","protected":false},"excerpt":{"rendered":"<p>\u00c9tudiants migrants L\u2019objectif principal du dipl\u00f4me universitaire (DU) Passerelle &#8211; \u00c9tudiants en exil est de pr\u00e9parer les \u00e9tudiants \u00e0 rejoindre les formations universitaires en langue fran\u00e7aise et de favoriser ainsi leur int\u00e9gration tout en pr\u00e9parant leur avenir professionnel. Il s\u2019agit d\u2019offrir une formation d\u2019insertion compl\u00e8te qui est organis\u00e9e sous plusieurs modules : les cours intensifs&hellip;<\/p>\n<p class=\"more-link-p\"><a class=\"btn btn-primary\" href=\"https:\/\/blog.ube.fr\/du-etudiants-en-exil\/quest-ce-que-le-du-passerelle\/objectifs\/\">Voir plus &rarr;<\/a><\/p>\n","protected":false},"author":1847,"featured_media":0,"parent":304,"menu_order":0,"comment_status":"closed","ping_status":"closed","template":"","meta":{"footnotes":""},"class_list":["post-310","page","type-page","status-publish","hentry"],"_links":{"self":[{"href":"https:\/\/blog.ube.fr\/du-etudiants-en-exil\/wp-json\/wp\/v2\/pages\/310","targetHints":{"allow":["GET"]}}],"collection":[{"href":"https:\/\/blog.ube.fr\/du-etudiants-en-exil\/wp-json\/wp\/v2\/pages"}],"about":[{"href":"https:\/\/blog.ube.fr\/du-etudiants-en-exil\/wp-json\/wp\/v2\/types\/page"}],"author":[{"embeddable":true,"href":"https:\/\/blog.ube.fr\/du-etudiants-en-exil\/wp-json\/wp\/v2\/users\/1847"}],"replies":[{"embeddable":true,"href":"https:\/\/blog.ube.fr\/du-etudiants-en-exil\/wp-json\/wp\/v2\/comments?post=310"}],"version-history":[{"count":23,"href":"https:\/\/blog.ube.fr\/du-etudiants-en-exil\/wp-json\/wp\/v2\/pages\/310\/revisions"}],"predecessor-version":[{"id":955,"href":"https:\/\/blog.ube.fr\/du-etudiants-en-exil\/wp-json\/wp\/v2\/pages\/310\/revisions\/955"}],"up":[{"embeddable":true,"href":"https:\/\/blog.ube.fr\/du-etudiants-en-exil\/wp-json\/wp\/v2\/pages\/304"}],"wp:attachment":[{"href":"https:\/\/blog.ube.fr\/du-etudiants-en-exil\/wp-json\/wp\/v2\/media?parent=310"}],"curies":[{"name":"wp","href":"https:\/\/api.w.org\/{rel}","templated":true}]}}