{"id":11,"date":"2022-11-18T16:22:57","date_gmt":"2022-11-18T15:22:57","guid":{"rendered":"https:\/\/blog.u-bourgogne.fr\/doctorantsduledi\/?page_id=11"},"modified":"2024-02-15T09:21:24","modified_gmt":"2024-02-15T08:21:24","slug":"les-doctorants","status":"publish","type":"page","link":"https:\/\/blog.ube.fr\/doctorantsduledi\/les-doctorants\/","title":{"rendered":"Les doctorants"},"content":{"rendered":"<p style=\"text-align: justify;\"><span style=\"font-size: 10pt; font-family: times new roman, times, serif;\"><strong>Nom :<\/strong> CHAUDRON <\/span><\/p>\n<p style=\"text-align: justify;\"><span style=\"font-size: 10pt; font-family: times new roman, times, serif;\"><strong>Pr\u00e9nom :<\/strong> Pierre<\/span><\/p>\n<p style=\"text-align: justify;\"><span style=\"font-size: 10pt; font-family: times new roman, times, serif;\">Apr\u00e8s avoir obtenu mon baccalaur\u00e9at Economique et Social \u00e0 Bar-sur-Aube (10), j\u2019ai d\u00e9cid\u00e9 de m\u2019orienter vers les sciences sociales et particuli\u00e8rement l\u2019\u00e9conomie pour la diversit\u00e9 et la complexit\u00e9 que cette science peut nous offrir. C\u2019est pourquoi j\u2019ai d\u00e9cid\u00e9 de faire une licence de sciences \u00e9conomiques appliqu\u00e9es \u00e0 l\u2019Universit\u00e9 de Bourgogne de Dijon. Afin d\u2019approfondir mon parcours universitaire, je m\u2019orientais vers un Master \u00e9conomie appliqu\u00e9e mention Analyses des Politiques Publiques. Une fois le dipl\u00f4me obtenu, j\u2019ai pu enseigner les sciences \u00e9conomiques et sociales dans un lyc\u00e9e, avant de pouvoir faire une th\u00e8se sp\u00e9cialis\u00e9e dans l\u2019\u00e9conom\u00e9trie et la dynamique des territoires (sp\u00e9cialit\u00e9 commerce international).<\/span><\/p>\n<p style=\"text-align: justify;\"><span style=\"font-size: 10pt; font-family: times new roman, times, serif;\">Ma th\u00e8se s\u2019intitule <strong>\u00ab\u00a0Dynamique Industrielle et Internationalisation des Entreprises en France\u00a0\u00bb<\/strong> sous la direction de Ivan Ledezma et Dominique Bianco. Mon travail porte sur la causalit\u00e9 inverse entre la productivit\u00e9, l\u2019innovation et l\u2019internationalisation des entreprises. La th\u00e8se est donc essentiellement empirique, bien qu\u2019une contribution th\u00e9orique soit demand\u00e9 en fin de parcours. Pour le moment, je m\u2019int\u00e9resse \u00e0 la compr\u00e9hension de la dynamique de la productivit\u00e9 et son impact par secteur et d\u00e9partement. Puis nous int\u00e9grerons le r\u00f4le de l\u2019innovation et l\u2019internationalisation expliquant cette dynamique territoriale et sectorielle.<\/span><\/p>\n<p style=\"text-align: justify;\"><span style=\"font-size: 10pt; font-family: times new roman, times, serif;\">Concernant mon projet professionnel, celui-ci est des plus simples. Apr\u00e8s ma th\u00e8se, je souhaiterais pouvoir r\u00e9aliser soit un post-doc, soit int\u00e9grer le Conseil National des Universit\u00e9s apr\u00e8s participations aux concours pour devenir professeur des universit\u00e9s.<\/span><\/p>\n<p>&nbsp;<\/p>\n<p><span style=\"font-size: 10pt; font-family: times new roman, times, serif;\"><strong>Conf\u00e9rences pass\u00e9es :<\/strong> <\/span><\/p>\n<ul style=\"list-style-type: circle;\">\n<li><span style=\"font-size: 10pt; font-family: times new roman, times, serif;\">Semaine Data SHS &#8211; D\u00e9cembre 2022, \u00e0 Dijon<\/span><\/li>\n<\/ul>\n<p>&nbsp;<\/p>\n<p><span style=\"font-size: 10pt; font-family: times new roman, times, serif;\"><strong><img loading=\"lazy\" decoding=\"async\" class=\"wp-image-151 alignleft\" src=\"https:\/\/blog.ube.fr\/doctorantsduledi\/wp-content\/uploads\/sites\/180\/2023\/05\/Richard-229x300.jpg\" alt=\"\" width=\"131\" height=\"172\" srcset=\"https:\/\/blog.ube.fr\/doctorantsduledi\/wp-content\/uploads\/sites\/180\/2023\/05\/Richard-229x300.jpg 229w, https:\/\/blog.ube.fr\/doctorantsduledi\/wp-content\/uploads\/sites\/180\/2023\/05\/Richard.jpg 298w\" sizes=\"auto, (max-width: 131px) 100vw, 131px\" \/><\/strong><\/span><\/p>\n<p>&nbsp;<\/p>\n<p>&nbsp;<\/p>\n<p><span style=\"font-size: 10pt; font-family: times new roman, times, serif;\"><strong>Nom<\/strong> : CUPILLARD<\/span><\/p>\n<p><span style=\"font-size: 10pt; font-family: times new roman, times, serif;\"><strong>Pr\u00e9nom<\/strong>\u00a0: Richard<\/span><\/p>\n<p>&nbsp;<\/p>\n<p style=\"text-align: justify;\"><span style=\"font-family: times new roman, times, serif; font-size: 10pt;\">Titulaire d\u2019un baccalaur\u00e9at \u00c9conomique et Social (ES) obtenu en 2016 au lyc\u00e9e Anna-Judic de Semur-en-Auxois (21), j\u2019ai rejoint l\u2019Universit\u00e9 de Bourgogne (uB) afin de poursuivre mon parcours au sein d\u2019une licence de sciences \u00e9conomiques. En 2019, j\u2019ai choisi de m\u2019orienter vers le Master 1 Territoire Environnement \u00c9nergie (TEE) puis le Master 2 \u00c9conomie et Gouvernance des Territoires (EGT) dans l\u2019objectif de m<\/span><span style=\"font-family: times new roman, times, serif; font-size: 10pt;\">\u2019inscrire dans les th\u00e9matiques abord\u00e9es au sein de l\u2019\u00e9quipe \u00c9conomie des Territoires et de l\u2019Environnement (ETE) du Laboratoire d\u2019\u00c9conomie de Dijon (LEDi). Au cours de cette p\u00e9riode, j\u2019ai pu r\u00e9aliser deux m\u00e9moires de recherche sur des th\u00e9matiques reliant l\u2019\u00e9conomie \u00e0 l\u2019\u00e9cologie, en partenariat avec le laboratoire Biog\u00e9osciences (BGS), ce qui m\u2019a conduit au projet de th\u00e8se sur lequel je travaille depuis le 1er octobre 2021 sous la direction du Pr. Catherine Baumont et du Pr. Emmanuel Fara.<\/span><\/p>\n<p style=\"text-align: justify;\"><span style=\"font-family: times new roman, times, serif; font-size: 10pt;\">Cette th\u00e8se, intitul\u00e9e \u00ab\u00a0Comment concilier \u00e9conomie des formes urbaines et biodiversit\u00e9\u00a0? Apport de l\u2019analyse en r\u00e9seaux \u00e0 l\u2019aide \u00e0 la d\u00e9cision territoriale\u00a0\u00bb, ambitionne de contribuer au d\u00e9veloppement des savoirs \u00e9conomiques de la biodiversit\u00e9. J\u2019utilise des mod\u00e8les de localisation optimale, issus de la recherche op\u00e9rationnelle, afin de minimiser les impacts de l\u2019urbanisation sur la biodiversit\u00e9 \u00e0 l\u2019\u00e9chelle du Sch\u00e9ma de Coh\u00e9rence Territoriale (SCoT) du Dijonnais. Les r\u00e9sultats qui en seront issus viseront \u00e0 fournir des pr\u00e9conisations au service de la politique publique de Trame Verte et Bleue (TVB), qui constitue un enjeu d\u2019autant plus crucial dans le contexte de renouvellement l\u00e9gislatif impuls\u00e9 en 2021 par la loi climat-r\u00e9silience et son objectif de Z\u00e9ro Artificialisation Nette (ZAN).<\/span><\/p>\n<p style=\"text-align: justify;\"><span style=\"font-family: times new roman, times, serif; font-size: 10pt;\">Fort de cette premi\u00e8re exp\u00e9rience de recherche que je d\u00e9veloppe au travers de mon doctorat, ma priorit\u00e9 est de poursuivre ma carri\u00e8re au sein du milieu de l\u2019enseignement sup\u00e9rieur et de la recherche, en candidatant \u00e0 un poste de Ma\u00eetre de Conf\u00e9rences (MCf) \u00e0 l\u2019issue de ma th\u00e8se. Cependant, je n\u2019\u00e9carte pas la possibilit\u00e9 de transposer les connaissances et comp\u00e9tences que je pourrai acqu\u00e9rir au monde professionnel, que ce soit da<\/span><span style=\"font-family: times new roman, times, serif; font-size: 10pt;\">ns un cabinet d\u2019\u00e9tudes ou dans une collectivit\u00e9 territoriale.<\/span><\/p>\n<p>&nbsp;<\/p>\n<p><strong><span style=\"font-family: times new roman, times, serif; font-size: 10pt;\">Conf\u00e9rences pass\u00e9es\u00a0:<\/span><\/strong><\/p>\n<ul style=\"list-style-type: circle;\">\n<li><span style=\"font-family: times new roman, times, serif; font-size: 10pt;\">Congr\u00e8s de l\u2019Association Fran\u00e7aise de Science \u00c9conomique (AFSE) &#8211; <\/span><span style=\"font-family: times new roman, times, serif; font-size: 10pt;\">Dijon, le 16 juin 2022<\/span><\/li>\n<li><span style=\"font-family: times new roman, times, serif; font-size: 10pt;\">Doctorales de l\u2019Association de Science R\u00e9gionale De Langue Fran\u00e7aise (ASRDLF) &#8211; Tours, le 26 janvier 2023<br \/>\n<\/span><\/li>\n<li><span style=\"font-family: times new roman, times, serif; font-size: 10pt;\">Congr\u00e8s de l\u2019European Regional Science Association (ERSA) &#8211; Alicante, Espagne, le 31 ao\u00fbt 2023<\/span><\/li>\n<\/ul>\n<p>&nbsp;<\/p>\n<p>&nbsp;<\/p>\n<p><span style=\"font-size: 10pt; font-family: times new roman, times, serif;\"><strong><img loading=\"lazy\" decoding=\"async\" class=\"size-full wp-image-154 alignright\" src=\"https:\/\/blog.ube.fr\/doctorantsduledi\/wp-content\/uploads\/sites\/180\/2023\/05\/oceane.png\" alt=\"\" width=\"119\" height=\"146\" \/><\/strong><\/span><\/p>\n<p>&nbsp;<\/p>\n<p>&nbsp;<\/p>\n<p style=\"text-align: right;\"><span style=\"font-size: 10pt; font-family: times new roman, times, serif;\"><strong>Nom<\/strong> : VERNEREY <\/span><\/p>\n<p style=\"text-align: right;\"><span style=\"font-size: 10pt; font-family: times new roman, times, serif;\"><strong>Pr\u00e9nom<\/strong> : Oc\u00e9ane<\/span><\/p>\n<p>&nbsp;<\/p>\n<p style=\"text-align: justify;\"><span style=\"font-size: 10pt; font-family: times new roman, times, serif;\">Je m\u2019appelle Oc\u00e9ane Vernerey, j\u2019ai 26 ans et je suis originaire de Lons le Saunier dans le d\u00e9partement du Jura o\u00f9 j\u2019ai effectu\u00e9 la premi\u00e8re partie de ma scolarit\u00e9 et obtenue un baccalaur\u00e9at en Science Economique et Sociale. Par la suite, j\u2019ai poursuivi mon cursus en Licence de sciences \u00e9conomiques \u00e0 l\u2019universit\u00e9 de Dijon. Ces ann\u00e9es dans l\u2019enseignement sup\u00e9rieur m\u2019ont donn\u00e9 envie de continuer mes \u00e9tudes en Master. J\u2019ai donc int\u00e9gr\u00e9 en 2018 le Master \u00e9conomie appliqu\u00e9e mention Analyses des Politiques Publiques. Durant ces deux ann\u00e9es de master j\u2019ai r\u00e9alis\u00e9 que la recherche m\u2019int\u00e9ressait \u00e9norm\u00e9ment et j\u2019ai eu la chance de pouvoir poursuivre ma scolarit\u00e9 \u00e0 Dijon en doctorat d\u2019\u00e9conomie.<\/span><\/p>\n<p style=\"text-align: justify;\"><span style=\"font-size: 10pt; font-family: times new roman, times, serif;\">Ma th\u00e8se s\u2019intitule \u00ab l\u2019impact des r\u00e9glementations anticoncurrentielles sur le march\u00e9 du travail \u00bb sous la direction de Jimmy Lopez. C\u2019est un travail empirique. J\u2019analyse l\u2019effet causale de la concurrence sur l\u2019emploi gr\u00e2ce aux indicateurs \u00ab Product Market Regulation \u00bb tir\u00e9s de l\u2019OCDE et l\u2019enqu\u00eate europ\u00e9enne harmonis\u00e9e \u00ab Labor force Survey \u00bb de Eurostat. Le but \u00e9tant de mieux comprendre les m\u00e9canismes sous-jacents, et de mettre en avant le r\u00f4le des r\u00e9glementations. Dans un premier temps nous analysons l\u2019effet sous forme r\u00e9duite. Puis nous int\u00e9grons le processus d\u2019innovation au mod\u00e8le gr\u00e2ce \u00e0 l\u2019enqu\u00eate europ\u00e9enne \u00ab Community Innovation Survey \u00bb (Eurostat). Parall\u00e8lement je suis en contrat ATER \u00e0 l&#8217;universit\u00e9 de Corse o\u00f9 j&#8217;effectue les TD de statistiques (L1), de probabilit\u00e9 (L2), d&#8217;\u00e9conomie internationale (L3) et de macro\u00e9conomie (L1). Ainsi que des TP d&#8217;\u00e9conom\u00e9trie aux \u00e9tudiants de Licence 3 et aux Master 1 d&#8217;\u00e9conomie.<br \/>\n<\/span><\/p>\n<p style=\"text-align: justify;\"><span style=\"font-size: 10pt; font-family: times new roman, times, serif;\">En ce qui concerne mes projets professionnels je n\u2019y ai pas encore mis de point final. Je souhaite, apr\u00e8s ma soutenance, candidater \u00e0 la campagne de recrutement des enseignants-chercheurs. Mais je ne ferme cependant pas les portes \u00e0 un \u00e9ventuel post-doctorat ou contrat d\u2019ing\u00e9nieur de recherche.<\/span><\/p>\n<p><strong><span style=\"font-size: 10pt; font-family: times new roman, times, serif;\">Conf\u00e9rences pass\u00e9es :<\/span><\/strong><\/p>\n<ul style=\"list-style-type: circle;\">\n<li><span style=\"font-size: 10pt; font-family: times new roman, times, serif;\">Semaine Data SHS &#8211; D\u00e9cembre 2020 et 2022, \u00e0 Dijon<\/span><\/li>\n<li><span style=\"font-size: 10pt; font-family: times new roman, times, serif;\">Colloque TEPP &#8211; Octobre 2021, \u00e0 Evry<\/span><\/li>\n<li><span style=\"font-size: 10pt; font-family: times new roman, times, serif;\">Atelier doctoral &#8211; D\u00e9cembre 2021, \u00e0 Dijon<\/span><\/li>\n<li><span style=\"font-size: 10pt; font-family: times new roman, times, serif;\">70<sup>\u00e8me<\/sup> congr\u00e8s de l\u2019AFSE &#8211; Juin 2022, \u00e0 Dijon<\/span><\/li>\n<li><span style=\"font-size: 10pt; font-family: times new roman, times, serif;\">8th European User Conference for EU-Microdata &#8211; Mars 2023, \u00e0 Mannheim <\/span><\/li>\n<li><span style=\"font-size: 10pt; font-family: times new roman, times, serif;\">Intervention Atelier M\u00e9thodo \u00ab Introduction aux m\u00e9thodes d\u2019\u00e9valuation d\u2019impact des politiques publiques \u00bb &#8211; Mai 2023, \u00e0 la Maison des Sciences de l&#8217;Homme, Dijon<\/span><\/li>\n<li><span style=\"font-family: times new roman, times, serif; font-size: 10pt;\">S\u00e9minaire de laboratoire (UMR-CNRS LISA)\u00a0 &#8211; D\u00e9cembre 2023, \u00e0 Corte (Corse)<\/span><\/li>\n<\/ul>\n<p><span style=\"font-family: times new roman, times, serif; font-size: 10pt;\">\u00a0<\/span><\/p>\n<p>&nbsp;<\/p>\n<p>&nbsp;<\/p>\n<p>&nbsp;<\/p>\n<p>&nbsp;<\/p>\n<p>&nbsp;<\/p>\n<p>&nbsp;<\/p>\n<p>&nbsp;<\/p>\n<p>&nbsp;<\/p>\n<p>&nbsp;<\/p>\n<p>&nbsp;<\/p>\n<p>&nbsp;<\/p>\n<p>&nbsp;<\/p>\n<p>&nbsp;<\/p>\n<p>&nbsp;<\/p>\n<p>&nbsp;<\/p>\n","protected":false},"excerpt":{"rendered":"<p>Nom : CHAUDRON Pr\u00e9nom : Pierre Apr\u00e8s avoir obtenu mon baccalaur\u00e9at Economique et Social \u00e0 Bar-sur-Aube (10), j\u2019ai d\u00e9cid\u00e9 de m\u2019orienter vers les sciences sociales et particuli\u00e8rement l\u2019\u00e9conomie pour la diversit\u00e9 et la complexit\u00e9 que cette science peut nous offrir. C\u2019est pourquoi j\u2019ai d\u00e9cid\u00e9 de faire une licence de sciences \u00e9conomiques appliqu\u00e9es \u00e0 l\u2019Universit\u00e9 de&hellip;<\/p>\n<p class=\"more-link-p\"><a class=\"btn btn-primary\" href=\"https:\/\/blog.ube.fr\/doctorantsduledi\/les-doctorants\/\">Voir plus &rarr;<\/a><\/p>\n","protected":false},"author":4406,"featured_media":0,"parent":0,"menu_order":0,"comment_status":"closed","ping_status":"closed","template":"","meta":{"footnotes":""},"class_list":["post-11","page","type-page","status-publish","hentry"],"_links":{"self":[{"href":"https:\/\/blog.ube.fr\/doctorantsduledi\/wp-json\/wp\/v2\/pages\/11","targetHints":{"allow":["GET"]}}],"collection":[{"href":"https:\/\/blog.ube.fr\/doctorantsduledi\/wp-json\/wp\/v2\/pages"}],"about":[{"href":"https:\/\/blog.ube.fr\/doctorantsduledi\/wp-json\/wp\/v2\/types\/page"}],"author":[{"embeddable":true,"href":"https:\/\/blog.ube.fr\/doctorantsduledi\/wp-json\/wp\/v2\/users\/4406"}],"replies":[{"embeddable":true,"href":"https:\/\/blog.ube.fr\/doctorantsduledi\/wp-json\/wp\/v2\/comments?post=11"}],"version-history":[{"count":37,"href":"https:\/\/blog.ube.fr\/doctorantsduledi\/wp-json\/wp\/v2\/pages\/11\/revisions"}],"predecessor-version":[{"id":272,"href":"https:\/\/blog.ube.fr\/doctorantsduledi\/wp-json\/wp\/v2\/pages\/11\/revisions\/272"}],"wp:attachment":[{"href":"https:\/\/blog.ube.fr\/doctorantsduledi\/wp-json\/wp\/v2\/media?parent=11"}],"curies":[{"name":"wp","href":"https:\/\/api.w.org\/{rel}","templated":true}]}}