{"id":5,"date":"2018-06-26T11:56:30","date_gmt":"2018-06-26T09:56:30","guid":{"rendered":"http:\/\/blog.u-bourgogne.fr\/chorale-u\/?page_id=5"},"modified":"2025-08-19T15:42:25","modified_gmt":"2025-08-19T13:42:25","slug":"organisation-de-lassociation","status":"publish","type":"page","link":"https:\/\/blog.ube.fr\/chorale-u\/organisation-de-lassociation\/","title":{"rendered":"Organisation de l&#8217;association"},"content":{"rendered":"<h1>Calendrier<\/h1>\n<p>La chorale universitaire de Bourgogne r\u00e9p\u00e8te tous les <strong>lundis soirs<\/strong>, de mi-septembre \u00e0 fin mai. Les r\u00e9p\u00e9titions, par pupitre et en tutti, durent de <strong>19h45 \u00e0 22h<\/strong> et ont lieu \u00e0 la <strong>Salle Multiplex<\/strong>. Celle-ci est situ\u00e9e sur le campus universitaire (avenue du XXI\u00e8me si\u00e8cle) en face de l&#8217;arr\u00eat de tram Universit\u00e9 et du terminus de la Liane 5.<\/p>\n<p>En plus de ces r\u00e9p\u00e9titions hebdomadaires, le ch\u0153ur travaille<strong> trois dimanches dans l&#8217;ann\u00e9e <\/strong>(en g\u00e9n\u00e9ral en novembre, f\u00e9vrier et mars). Ceux-ci permettent d&#8217;approfondir la connaissance du programme dans son ensemble. Par ailleurs ils permettent \u00e9galement le travail de mise en espace.<\/p>\n<p>Et nous r\u00e9alisons <strong>5 \u00e0 6 concerts par an<\/strong> (en g\u00e9n\u00e9ral un ou deux en novembre\/d\u00e9cembre, puis en mars\/avril et fin mai ou d\u00e9but juin).<\/p>\n<h1>Fonctionnement<\/h1>\n<p>La cotisation annuelle est fix\u00e9e \u00e0 30\u20ac pour les \u00e9tudiants et \u00e0 50 \u20ac pour les salari\u00e9s. L&#8217;association accueille tout aussi bien des personnes qui ne poss\u00e8dent aucune exp\u00e9rience musicale que des musiciens accomplis. En effet les seules conditions souhait\u00e9es pour entrer dans le groupe sont l&#8217;assiduit\u00e9 et la motivation.<\/p>\n<p>La Chorale Universitaire de Bourgogne est une association de type loi 1901.<br \/>\nSa gestion est assur\u00e9e par des choristes :<\/p>\n<ul>\n<li>Pr\u00e9sident : Olivier BONIN, \u00e9tudiant.<\/li>\n<li>Tr\u00e9sori\u00e8re : Sarah LOUTON, \u00e9tudiante.<\/li>\n<li>Tr\u00e9sori\u00e8re adjointe : Elisabeth CLOSIER, chef de projet.<\/li>\n<\/ul>\n<h1>Notre cheffe de ch\u0153ur<\/h1>\n<p>La direction artistique de la chorale est confi\u00e9e \u00e0 une musicienne professionnelle retrait\u00e9e et b\u00e9n\u00e9vole depuis de nombreuses ann\u00e9es :<\/p>\n<p><img loading=\"lazy\" decoding=\"async\" class=\"alignnone wp-image-8 alignleft\" src=\"http:\/\/blog.ube.fr\/chorale-u\/wp-content\/uploads\/sites\/116\/2018\/06\/Fred2012-300x290.jpg\" alt=\"\" width=\"153\" height=\"148\" srcset=\"https:\/\/blog.ube.fr\/chorale-u\/wp-content\/uploads\/sites\/116\/2018\/06\/Fred2012-300x290.jpg 300w, https:\/\/blog.ube.fr\/chorale-u\/wp-content\/uploads\/sites\/116\/2018\/06\/Fred2012.jpg 625w\" sizes=\"auto, (max-width: 153px) 100vw, 153px\" \/><\/p>\n<p>Fr\u00e9d\u00e9rique Rostan-Magnien a fait des \u00e9tudes de philosophie et de musicologie dans les universit\u00e9s de Dijon et Lyon 2. Parall\u00e8lement, elle a \u00e9tudi\u00e9 au C.N.S.M. dans les classes de Betsy Jolas, Yves Gerard, R\u00e9mi Stricker et Raffi Ourganjian. Elle a ensuite enseign\u00e9 au C.R.R. du Grand Chalon o\u00f9 elle a pris en charge plusieurs ensembles vocaux et des classes de formation musicale. Passionn\u00e9e par le mouvement, elle s&#8217;est form\u00e9e \u00e0 l&#8217;IFELD et est devenue <a href=\"http:\/\/passerella.fr\/\" target=\"_blank\" rel=\"noopener\">praticienne Feldenkra\u00efs.\u00a0<\/a>Son but : d\u00e9velopper chez les chanteurs une aisance corporelle au service de la vocalit\u00e9 et de l&#8217;expression.<\/p>\n<p>&nbsp;<\/p>\n<p>&nbsp;<\/p>\n<p style=\"text-align: center;\"><strong>Int\u00e9ress\u00e9 ? Co<span style=\"font-size: 16px;\">ntactez-nous au 06 23 42 29 36 ou \u00e0 l&#8217;adresse\u00a0<\/span><a style=\"font-size: 16px;\" href=\"mailto:cho.u.bourgogne@gmail.com\" target=\"_blank\" rel=\"noopener\">cho.u.bourgogne@gmail.com<\/a><span style=\"font-size: 16px;\">\u00a0!<\/span><\/strong><\/p>\n<p>&nbsp;<\/p>\n","protected":false},"excerpt":{"rendered":"<p>Calendrier La chorale universitaire de Bourgogne r\u00e9p\u00e8te tous les lundis soirs, de mi-septembre \u00e0 fin mai. Les r\u00e9p\u00e9titions, par pupitre et en tutti, durent de 19h45 \u00e0 22h et ont lieu \u00e0 la Salle Multiplex. Celle-ci est situ\u00e9e sur le campus universitaire (avenue du XXI\u00e8me si\u00e8cle) en face de l&#8217;arr\u00eat de tram Universit\u00e9 et du&hellip;<\/p>\n<p class=\"more-link-p\"><a class=\"btn btn-primary\" href=\"https:\/\/blog.ube.fr\/chorale-u\/organisation-de-lassociation\/\">Voir plus &rarr;<\/a><\/p>\n","protected":false},"author":379,"featured_media":0,"parent":0,"menu_order":0,"comment_status":"closed","ping_status":"closed","template":"","meta":{"footnotes":""},"class_list":["post-5","page","type-page","status-publish","hentry"],"_links":{"self":[{"href":"https:\/\/blog.ube.fr\/chorale-u\/wp-json\/wp\/v2\/pages\/5","targetHints":{"allow":["GET"]}}],"collection":[{"href":"https:\/\/blog.ube.fr\/chorale-u\/wp-json\/wp\/v2\/pages"}],"about":[{"href":"https:\/\/blog.ube.fr\/chorale-u\/wp-json\/wp\/v2\/types\/page"}],"author":[{"embeddable":true,"href":"https:\/\/blog.ube.fr\/chorale-u\/wp-json\/wp\/v2\/users\/379"}],"replies":[{"embeddable":true,"href":"https:\/\/blog.ube.fr\/chorale-u\/wp-json\/wp\/v2\/comments?post=5"}],"version-history":[{"count":20,"href":"https:\/\/blog.ube.fr\/chorale-u\/wp-json\/wp\/v2\/pages\/5\/revisions"}],"predecessor-version":[{"id":233,"href":"https:\/\/blog.ube.fr\/chorale-u\/wp-json\/wp\/v2\/pages\/5\/revisions\/233"}],"wp:attachment":[{"href":"https:\/\/blog.ube.fr\/chorale-u\/wp-json\/wp\/v2\/media?parent=5"}],"curies":[{"name":"wp","href":"https:\/\/api.w.org\/{rel}","templated":true}]}}