{"id":1336,"date":"2020-12-07T14:37:22","date_gmt":"2020-12-07T13:37:22","guid":{"rendered":"https:\/\/blog.u-bourgogne.fr\/chaire-smart-city\/?page_id=1336"},"modified":"2022-04-08T11:10:47","modified_gmt":"2022-04-08T09:10:47","slug":"promo","status":"publish","type":"page","link":"https:\/\/blog.ube.fr\/chaire-smart-city\/master2\/promo\/","title":{"rendered":"Promotion 2021-2022"},"content":{"rendered":"<p>La promotion 2021-2022 a rejoint le Master le 27 septembre 2021.<\/p>\n<p>&nbsp;<\/p>\n<table style=\"border-collapse: collapse; width: 100%;\">\n<tbody>\n<tr>\n<td style=\"width: 100%;\"><strong>ACTUALITES DE LA PROMO<\/strong><\/td>\n<\/tr>\n<\/tbody>\n<\/table>\n<table style=\"border-collapse: collapse; width: 100%;\">\n<tbody>\n<tr>\n<td style=\"width: 56.862%;\">\n<ul>\n<li><strong>\u00a0Journ\u00e9e &#8220;Parole d&#8217;experts&#8221; au PPC OnDijon, 18 novembre 2021- <\/strong>Dans le cadre des enseignements de l&#8217;UE1, accompagn\u00e9s par Christophe Nicolle, les \u00e9tudiants ont visi\u00e9 le PPC OnDijon et rencontr\u00e9 des experts industriels reconnus dans le domaine de la Smart City. Ils leur ont pr\u00e9sent\u00e9 leur projet r\u00e9alis\u00e9 dans le cadre de l&#8217;UE1.<\/li>\n<\/ul>\n<\/td>\n<td style=\"width: 43.138%;\"><img loading=\"lazy\" decoding=\"async\" class=\"aligncenter wp-image-2175 \" src=\"https:\/\/blog.ube.fr\/chaire-smart-city\/wp-content\/uploads\/sites\/149\/2021\/11\/OnDIjon_18Nov2021-2.jpg\" alt=\"\" width=\"255\" height=\"191\" srcset=\"https:\/\/blog.ube.fr\/chaire-smart-city\/wp-content\/uploads\/sites\/149\/2021\/11\/OnDIjon_18Nov2021-2.jpg 1000w, https:\/\/blog.ube.fr\/chaire-smart-city\/wp-content\/uploads\/sites\/149\/2021\/11\/OnDIjon_18Nov2021-2-300x225.jpg 300w, https:\/\/blog.ube.fr\/chaire-smart-city\/wp-content\/uploads\/sites\/149\/2021\/11\/OnDIjon_18Nov2021-2-768x576.jpg 768w\" sizes=\"auto, (max-width: 255px) 100vw, 255px\" \/><\/td>\n<\/tr>\n<\/tbody>\n<\/table>\n<p>&nbsp;<\/p>\n<table style=\"border-collapse: collapse; width: 100%; height: 1130px;\">\n<tbody>\n<tr style=\"height: 245px;\">\n<td style=\"width: 3.70672%; text-align: center; height: 245px;\"><img loading=\"lazy\" decoding=\"async\" class=\"alignnone wp-image-2137 size-medium\" src=\"https:\/\/blog.ube.fr\/chaire-smart-city\/wp-content\/uploads\/sites\/149\/2021\/10\/PHOTO_BACK-236x300.jpg\" alt=\"\" width=\"236\" height=\"300\" srcset=\"https:\/\/blog.ube.fr\/chaire-smart-city\/wp-content\/uploads\/sites\/149\/2021\/10\/PHOTO_BACK-236x300.jpg 236w, https:\/\/blog.ube.fr\/chaire-smart-city\/wp-content\/uploads\/sites\/149\/2021\/10\/PHOTO_BACK-804x1024.jpg 804w, https:\/\/blog.ube.fr\/chaire-smart-city\/wp-content\/uploads\/sites\/149\/2021\/10\/PHOTO_BACK-768x978.jpg 768w, https:\/\/blog.ube.fr\/chaire-smart-city\/wp-content\/uploads\/sites\/149\/2021\/10\/PHOTO_BACK-1206x1536.jpg 1206w, https:\/\/blog.ube.fr\/chaire-smart-city\/wp-content\/uploads\/sites\/149\/2021\/10\/PHOTO_BACK.jpg 1217w\" sizes=\"auto, (max-width: 236px) 100vw, 236px\" \/><\/td>\n<td style=\"width: 31.5443%; height: 245px;\">\n<h2><strong>L\u00e9o BACK<br \/>\n<\/strong><\/h2>\n<h2>Stagiaire &#8211; Exigo s.a<\/h2>\n<p>Apr\u00e8s l&#8217;obtention du dipl\u00f4me de Master 1 d\u2019Administration Economique et Sociale, j\u2019ai d\u00e9cid\u00e9 de poursuivre mes \u00e9tudes en int\u00e9grant le Master 2 Smart City et gouvernance de la donn\u00e9e afin d\u2019acqu\u00e9rir des comp\u00e9tences suppl\u00e9mentaires dans le domaine la protection des donn\u00e9es notamment. J\u2019y ai vu une opportunit\u00e9 pour poursuivre ma carri\u00e8re dans ce domaine. J\u2019ai int\u00e9gr\u00e9 l\u2019entreprise Exigo s.a. en tant que stagiaire dans le domaine du RGPD. Apr\u00e8s le Master 2 SMART CITY, je souhaiterais \u00e9voluer comme D\u00e9l\u00e9gu\u00e9 \u00e0 la Protection des Donn\u00e9es (DPO).<\/td>\n<td style=\"width: 4.52756%; text-align: center; height: 245px;\"><\/td>\n<\/tr>\n<tr style=\"border-style: solid; border-color: #000000; background-color: #bdced9;\">\n<td style=\"width: 3.70672%; height: 32px; text-align: center;\"><img loading=\"lazy\" decoding=\"async\" class=\"alignnone size-thumbnail wp-image-2144\" src=\"https:\/\/blog.ube.fr\/chaire-smart-city\/wp-content\/uploads\/sites\/149\/2021\/10\/PHOTO_DESIRE-150x150.jpg\" alt=\"\" width=\"150\" height=\"150\" \/><\/td>\n<td style=\"width: 31.5443%; height: 32px;\">\n<h2><strong>Patricia DESIRE<\/strong><\/h2>\n<h2>Stagiaire &#8211; SENELEC (S\u00e9n\u00e9gal)<\/h2>\n<\/td>\n<td style=\"width: 4.52756%; height: 32px; text-align: center;\">&nbsp;<\/p>\n<p>&nbsp;<\/td>\n<\/tr>\n<tr style=\"height: 161px;\">\n<td style=\"width: 3.70672%; height: 50px;\"><img loading=\"lazy\" decoding=\"async\" class=\"alignnone wp-image-2140 size-medium\" src=\"https:\/\/blog.ube.fr\/chaire-smart-city\/wp-content\/uploads\/sites\/149\/2021\/10\/PHOTO_DUBOIS-270x300.jpeg\" alt=\"\" width=\"270\" height=\"300\" srcset=\"https:\/\/blog.ube.fr\/chaire-smart-city\/wp-content\/uploads\/sites\/149\/2021\/10\/PHOTO_DUBOIS-270x300.jpeg 270w, https:\/\/blog.ube.fr\/chaire-smart-city\/wp-content\/uploads\/sites\/149\/2021\/10\/PHOTO_DUBOIS-921x1024.jpeg 921w, https:\/\/blog.ube.fr\/chaire-smart-city\/wp-content\/uploads\/sites\/149\/2021\/10\/PHOTO_DUBOIS-768x854.jpeg 768w, https:\/\/blog.ube.fr\/chaire-smart-city\/wp-content\/uploads\/sites\/149\/2021\/10\/PHOTO_DUBOIS-1381x1536.jpeg 1381w, https:\/\/blog.ube.fr\/chaire-smart-city\/wp-content\/uploads\/sites\/149\/2021\/10\/PHOTO_DUBOIS-1841x2048.jpeg 1841w\" sizes=\"auto, (max-width: 270px) 100vw, 270px\" \/><\/td>\n<td style=\"width: 31.5443%; height: 50px;\">\n<h2><strong>Alexia DUBOIS<br \/>\n<\/strong><\/h2>\n<h2>Alternante &#8211; SNCF R\u00e9seau<\/h2>\n<p>Apr\u00e8s un Master 2 Droit de la Propri\u00e9t\u00e9 intellectuelle \u00e0 l\u2019universit\u00e9 Jean Moulin Lyon 3, j\u2019ai souhait\u00e9 poursuivre mes \u00e9tudes sur le sujet de la gouvernance des donn\u00e9es dans le contexte des villes intelligentes.<br \/>\nAux c\u00f4t\u00e9s des DPO de SNCF RESEAU, cette ann\u00e9e me permettra de renforcer mes connaissances et comp\u00e9tences notamment en mati\u00e8re de donn\u00e9es \u00e0 caract\u00e8re personnel.<br \/>\nPar la suite, j\u2019ai pour objectif d\u2019int\u00e9grer un service juridique en tant que juriste en propri\u00e9t\u00e9 intellectuelle et protection des donn\u00e9es personnelles.<\/td>\n<td style=\"width: 4.52756%; height: 50px;\"><\/td>\n<\/tr>\n<tr style=\"border-style: solid; border-color: #000000; background-color: #bdced9;\">\n<td style=\"width: 3.70672%; height: 20px;\"><img loading=\"lazy\" decoding=\"async\" class=\"alignnone wp-image-2139 size-medium\" src=\"https:\/\/blog.ube.fr\/chaire-smart-city\/wp-content\/uploads\/sites\/149\/2021\/10\/PHOTO_DUMONT-246x300.jpg\" alt=\"\" width=\"246\" height=\"300\" srcset=\"https:\/\/blog.ube.fr\/chaire-smart-city\/wp-content\/uploads\/sites\/149\/2021\/10\/PHOTO_DUMONT-246x300.jpg 246w, https:\/\/blog.ube.fr\/chaire-smart-city\/wp-content\/uploads\/sites\/149\/2021\/10\/PHOTO_DUMONT.jpg 572w\" sizes=\"auto, (max-width: 246px) 100vw, 246px\" \/><\/td>\n<td style=\"width: 31.5443%; height: 20px;\">\n<h2><strong>Marylou DUMONT<br \/>\n<\/strong><\/h2>\n<h2>Stagiaire &#8211; Communaut\u00e9 urbaine Creusot Montceau<\/h2>\n<p>Apr\u00e8s l\u2019obtention de ma licence AES, parcours AGT, j\u2019ai d\u00e9cid\u00e9e d\u2019effectuer un Master 1 AES. Dans le cadre de mon Master 2 Smart City et Gouvernance de la Donn\u00e9e, j\u2019effectue mon stage aupr\u00e8s du Directeur des Syst\u00e8mes d\u2019Informations de la Communaut\u00e9 Urbaine Creusot-Montceau. J\u2019ai choisie d\u2019int\u00e9grer ce Master 2 car j\u2019y ai vue l\u2019opportunit\u00e9 de me sp\u00e9cialiser dans un domaine nouveau repr\u00e9sentant un enjeu pour les entreprises ainsi que les collectivit\u00e9s.<\/td>\n<td style=\"width: 4.52756%; height: 20px;\"><\/td>\n<\/tr>\n<tr style=\"height: 166px;\">\n<td style=\"width: 3.70672%; height: 34px;\"><img loading=\"lazy\" decoding=\"async\" class=\"size-thumbnail wp-image-2115 aligncenter\" src=\"https:\/\/blog.ube.fr\/chaire-smart-city\/wp-content\/uploads\/sites\/149\/2021\/10\/PHOTO_GOYPIERON-150x150.jpg\" alt=\"\" width=\"150\" height=\"150\" \/><\/td>\n<td style=\"width: 31.5443%; height: 34px;\">\n<h2><strong>Margaux GOYPIERON<\/strong><\/h2>\n<h2>Alternante &#8211; Territoires Num\u00e9riques BFC<\/h2>\n<p>Portant un vif int\u00e9r\u00eat aux missions d\u2019am\u00e9nagement et d\u2019attractivit\u00e9 des territoires et souhaitant acqu\u00e9rir des connaissances dans le but d\u2019accompagner, par la suite, des collectivit\u00e9s dans leurs projets de territoires intelligents, c\u2019est tout naturellement que j\u2019ai d\u00e9cid\u00e9 d\u2019int\u00e9grer le Master 2 Smart City et gouvernance de la donn\u00e9e \u00e0 la suite d\u2019une licence et d\u2019un Master 1 AES sp\u00e9cialis\u00e9 dans l\u2019Administration et la Gestion des Territoires.<br \/>\nC\u2019est en tant que Consultante Territoires intelligents que j\u2019ai rejoint le Groupement d\u2019Int\u00e9r\u00eat Public \u00ab Territoires Num\u00e9riques \u00bb dans l\u2019optique de poursuivre ma carri\u00e8re dans ce domaine.<\/td>\n<td style=\"width: 4.52756%; height: 34px;\"><\/td>\n<\/tr>\n<tr style=\"border-style: solid; border-color: #000000; background-color: #bdced9;\">\n<td style=\"width: 3.70672%; height: 43px; text-align: center;\"><img loading=\"lazy\" decoding=\"async\" class=\"alignnone wp-image-2141 size-full\" src=\"https:\/\/blog.ube.fr\/chaire-smart-city\/wp-content\/uploads\/sites\/149\/2021\/10\/PHOTO_HAMANI.jpg\" alt=\"\" width=\"196\" height=\"202\" \/><\/td>\n<td style=\"width: 31.5443%; height: 43px;\">\n<h2><strong>Kenza HAMANI<br \/>\n<\/strong><\/h2>\n<h2>Alternante &#8211; Xelians<\/h2>\n<p>Dipl\u00f4m\u00e9e du Master 1 Administration \u00c9conomique et Sociale sp\u00e9cialisation Administration et Gestion des Territoires, j&#8217;ai voulu poursuivre mes \u00e9tudes en int\u00e9grant le Master 2 Smart City et gouvernance de la donn\u00e9e. C&#8217;est lors d&#8217;un stage durant mon M1 au sein de l&#8217;entreprise Xelians \u00e0 Paris que j&#8217;ai d\u00e9couvert le m\u00e9tier de D\u00e9l\u00e9gu\u00e9 \u00e0 la Protection des Donn\u00e9es, le RGPD et tout ce qui entoure ces sujets d&#8217;actualit\u00e9. Aujourd&#8217;hui, je suis Juriste Junior et assistante DPO en alternance dans la m\u00eame entreprise.<br \/>\nAyant \u00e9galement un grand int\u00e9r\u00eat pour le domaine de la Smart City, je pense acqu\u00e9rir par ce Master 2 une diversit\u00e9 de comp\u00e9tences afin de pouvoir accomplir mes objectifs professionnels.<\/td>\n<td style=\"width: 4.52756%; height: 43px;\"><a href=\"https:\/\/www.linkedin.com\/in\/kenza-hamani-87535a162\/\" target=\"_blank\" rel=\"noopener\"><img loading=\"lazy\" decoding=\"async\" class=\"wp-image-1364 aligncenter\" src=\"https:\/\/blog.ube.fr\/chaire-smart-city\/wp-content\/uploads\/sites\/149\/2020\/12\/Logo-Linkedin-150x150.png\" alt=\"\" width=\"89\" height=\"89\" srcset=\"https:\/\/blog.ube.fr\/chaire-smart-city\/wp-content\/uploads\/sites\/149\/2020\/12\/Logo-Linkedin-150x150.png 150w, https:\/\/blog.ube.fr\/chaire-smart-city\/wp-content\/uploads\/sites\/149\/2020\/12\/Logo-Linkedin.png 300w\" sizes=\"auto, (max-width: 89px) 100vw, 89px\" \/><\/a><\/td>\n<\/tr>\n<tr style=\"border-style: solid; border-color: #000000;\">\n<td style=\"width: 3.70672%; height: 142px;\"><img loading=\"lazy\" decoding=\"async\" class=\"alignnone size-thumbnail wp-image-2129\" src=\"https:\/\/blog.ube.fr\/chaire-smart-city\/wp-content\/uploads\/sites\/149\/2021\/10\/PHOTO_LEFEBVRE-150x150.png\" alt=\"\" width=\"150\" height=\"150\" \/><\/td>\n<td style=\"width: 31.5443%; height: 142px;\">\n<h2><strong>Antoine LEFEBVRE<\/strong><\/h2>\n<h2>Alternant &#8211; Enedis<\/h2>\n<p><span id=\"gmail-docs-internal-guid-afd9f1e6-7fff-cffb-efc9-46f6682dc658\">Suite \u00e0 l&#8217;obtention d&#8217;un Master 2 Manager en marketing, communication et e-business r\u00e9alis\u00e9 en alternance chez Enedis, j&#8217;ai d\u00e9cid\u00e9 de me rapprocher du domaine de la donn\u00e9e et des Smart City. C&#8217;est pour moi un secteur plein d&#8217;opportunit\u00e9s et de projets int\u00e9ressants \u00e0 mener. Je retourne donc \u00e0 Enedis en tant que charg\u00e9 de projet Smart City, avec comme axe principal le projet H2020 Response.<\/span><\/td>\n<td style=\"width: 4.52756%; height: 142px;\"><a href=\"https:\/\/www.linkedin.com\/in\/antoine-lefebvre-9a1a24115\" target=\"_blank\" rel=\"noopener\"><img loading=\"lazy\" decoding=\"async\" class=\"wp-image-1364 aligncenter\" src=\"https:\/\/blog.ube.fr\/chaire-smart-city\/wp-content\/uploads\/sites\/149\/2020\/12\/Logo-Linkedin-150x150.png\" alt=\"\" width=\"91\" height=\"91\" srcset=\"https:\/\/blog.ube.fr\/chaire-smart-city\/wp-content\/uploads\/sites\/149\/2020\/12\/Logo-Linkedin-150x150.png 150w, https:\/\/blog.ube.fr\/chaire-smart-city\/wp-content\/uploads\/sites\/149\/2020\/12\/Logo-Linkedin.png 300w\" sizes=\"auto, (max-width: 91px) 100vw, 91px\" \/><\/a><\/td>\n<\/tr>\n<tr style=\"border-style: solid; border-color: #000000; background-color: #bdced9;\">\n<td style=\"width: 3.70672%; height: 32px;\"><img loading=\"lazy\" decoding=\"async\" class=\"size-thumbnail wp-image-2111 aligncenter\" src=\"https:\/\/blog.ube.fr\/chaire-smart-city\/wp-content\/uploads\/sites\/149\/2021\/10\/PHOTO_LORIN_SITE-150x150.jpg\" alt=\"\" width=\"150\" height=\"150\" \/><\/td>\n<td style=\"width: 31.5443%; height: 32px;\">\n<h2><strong>Mathilde LORIN<br \/>\n<\/strong><\/h2>\n<h2>Alternante &#8211; Keolis Dijon Mobilit\u00e9<\/h2>\n<p>Derni\u00e8rement dipl\u00f4m\u00e9e d&#8217;un Master 2 Juriste des Collectivit\u00e9s des Territoriales j&#8217;ai d\u00e9cid\u00e9 de poursuive mes \u00e9tudes en int\u00e9grant le Master 2 Smart City et gouvernance de la donn\u00e9e afin d&#8217;acqu\u00e9rir des comp\u00e9tences suppl\u00e9mentaires dans le domaine de la protection des donn\u00e9es personnelles.<br \/>\nRiche de ma premi\u00e8re exp\u00e9rience en tant que juriste march\u00e9 en alternance au sein de la soci\u00e9t\u00e9 d&#8217;autoroute APRR, je r\u00e9it\u00e8re l&#8217;enrichissante aventure de l&#8217;alternance en tant qu&#8217;assistante DPO au sein de Keolis Dijon Mobilit\u00e9s.<br \/>\nLa compl\u00e9mentarit\u00e9 de mes deux formations me permettra d&#8217;avoir un panel de comp\u00e9tences large \u00e0 offrir aux futures collectivit\u00e9s qui m&#8217;emploieront.<\/td>\n<td style=\"width: 4.52756%; height: 32px;\"><\/td>\n<\/tr>\n<tr style=\"height: 117px;\">\n<td style=\"width: 3.70672%; height: 117px;\"><img loading=\"lazy\" decoding=\"async\" class=\"alignnone size-thumbnail wp-image-2148\" src=\"https:\/\/blog.ube.fr\/chaire-smart-city\/wp-content\/uploads\/sites\/149\/2021\/10\/PHOTO_MEYRE-150x150.jpg\" alt=\"\" width=\"150\" height=\"150\" \/><\/td>\n<td style=\"width: 31.5443%; height: 117px;\">\n<h2><strong>Sylvain MEYRE<br \/>\n<\/strong><\/h2>\n<h2>En formation professionnelle &#8211; Bouygues Energie Service<\/h2>\n<p>Apr\u00e8s avoir d\u00e9velopp\u00e9 une expertise dans le m\u00e9tier des r\u00e9seaux de distribution \u00e9lectrique, je me suis \u00e9panoui ensuite dans le d\u00e9ploiement des services \u00e0 la ville au travers des m\u00e9tiers de l\u2019\u00e9clairage et de la gestion du trafic. J\u2019ai alors pris conscience que l\u2019utilisation intelligente de la donn\u00e9e rend le territoire attractif pour ses habitants. Au travers du master 2, je cherche donc \u00e0 m\u2019approprier les outils d\u2019accompagnement technique, \u00e9thique et juridique afin de rendre le citoyen acteur de sa cit\u00e9.<\/td>\n<td style=\"width: 4.52756%; height: 117px;\"><\/td>\n<\/tr>\n<tr style=\"border-color: #000000; background-color: #bdced9;\">\n<td style=\"width: 3.70672%; height: 117px;\"><img loading=\"lazy\" decoding=\"async\" class=\"alignnone size-thumbnail wp-image-2143\" src=\"https:\/\/blog.ube.fr\/chaire-smart-city\/wp-content\/uploads\/sites\/149\/2021\/10\/PHOTO_MONY-123x150.jpg\" alt=\"\" width=\"123\" height=\"150\" \/><\/td>\n<td style=\"width: 31.5443%; height: 117px;\">\n<h2><strong>Assare MONY<br \/>\n<\/strong><\/h2>\n<h2>Stagiaire &#8211; Altametris<\/h2>\n<\/td>\n<td style=\"width: 4.52756%; height: 117px;\"><\/td>\n<\/tr>\n<tr style=\"height: 117px;\">\n<td style=\"width: 3.70672%; height: 117px;\"><img loading=\"lazy\" decoding=\"async\" class=\"size-thumbnail wp-image-2125 aligncenter\" src=\"https:\/\/blog.ube.fr\/chaire-smart-city\/wp-content\/uploads\/sites\/149\/2021\/10\/PHOTO_RAHERIMANJATO-150x150.jpg\" alt=\"\" width=\"150\" height=\"150\" \/><\/td>\n<td style=\"width: 31.5443%; height: 117px;\">\n<h2><strong>Anne RAHERIMANJATO<br \/>\n<\/strong><\/h2>\n<h2>Stagiaire &#8211; Agence RGPD<\/h2>\n<p>Apr\u00e8s une premi\u00e8re exp\u00e9rience dans les finances locales, j\u2019ai d\u00e9cid\u00e9 de me rapprocher de l\u2019environnement num\u00e9rique. Le Master 2 Smart City me permettra d\u2019acqu\u00e9rir une multitude de comp\u00e9tences pour accompagner les acteurs priv\u00e9s ou publics aux \u00e9volutions technologiques dans un environnement juridique mouvant.<br \/>\n\u00c0 l\u2019issue de cette formation mon v\u0153u est de devenir d\u00e9l\u00e9gu\u00e9 \u00e0 la protection des donn\u00e9es personnelles, une fonction polyvalente et bienveillante pour assurer la mission de mise en conformit\u00e9 RGPD.<br \/>\nPour mieux appr\u00e9hender cette fonction, j\u2019ai l\u2019opportunit\u00e9 d\u2019effectuer un stage de 6 mois \u00e0 l\u2019agence RGPD de la r\u00e9gion Sud-Ouest. Cette exp\u00e9rience me permettra d\u2019accompagner diff\u00e9rents profils d\u2019organismes et d\u2019adapter leur mise en conformit\u00e9 en fonction de leur rapport avec les donn\u00e9es personnelles.<\/td>\n<td style=\"width: 4.52756%; height: 117px;\"><\/td>\n<\/tr>\n<tr style=\"border-color: #000000; background-color: #bdced9;\">\n<td style=\"width: 3.70672%; height: 117px;\"><img loading=\"lazy\" decoding=\"async\" class=\"wp-image-2120 aligncenter\" src=\"https:\/\/blog.ube.fr\/chaire-smart-city\/wp-content\/uploads\/sites\/149\/2021\/10\/PHOTO_SCHAEFFNER-214x300.jpg\" alt=\"\" width=\"98\" height=\"138\" srcset=\"https:\/\/blog.ube.fr\/chaire-smart-city\/wp-content\/uploads\/sites\/149\/2021\/10\/PHOTO_SCHAEFFNER-214x300.jpg 214w, https:\/\/blog.ube.fr\/chaire-smart-city\/wp-content\/uploads\/sites\/149\/2021\/10\/PHOTO_SCHAEFFNER.jpg 313w\" sizes=\"auto, (max-width: 98px) 100vw, 98px\" \/><\/td>\n<td style=\"width: 31.5443%; height: 117px;\">\n<h2><strong>Eva SCHAEFFNER<br \/>\n<\/strong><\/h2>\n<h2>Alternante &#8211; Novah\u00e9 \/ Dijon M\u00e9tropole<\/h2>\n<p>Dipl\u00f4m\u00e9e du Master 1 Administration \u00c9conomie et Sociale sp\u00e9cialisation Administration et Gestion des Territoires, j\u2019ai choisi de poursuivre mon cursus universitaire au sein du Master 2 Smart City et Gouvernance de la donn\u00e9e en alternance aupr\u00e8s de l\u2019entreprise NOVAHE en tant que D\u00e9l\u00e9gu\u00e9 DPO Junior.<br \/>\nJ\u2019esp\u00e8re pouvoir acqu\u00e9rir de nombreuses comp\u00e9tences au sein de ce nouveau cursus et avoir des connaissances solides dans le domaine de la protection de la donn\u00e9e personnelle.<\/td>\n<td style=\"width: 4.52756%; height: 117px;\"><\/td>\n<\/tr>\n<tr style=\"height: 64px;\">\n<td style=\"width: 3.70672%; height: 64px;\" colspan=\"3\">\n<h4><a href=\"https:\/\/blog.ube.fr\/chaire-smart-city\/wp-content\/uploads\/sites\/149\/2021\/09\/M2SmartCity_PROMO2020-2021.pdf\">M2SmartCity_PROMO2020-2021<\/a><\/h4>\n<h4><a href=\"https:\/\/blog.ube.fr\/chaire-smart-city\/wp-content\/uploads\/sites\/149\/2021\/10\/M2SmartCity_Promo2019-2020.pdf\" target=\"_blank\" rel=\"noopener\">M2SmartCity_PROMO2019-2020<\/a><\/h4>\n<\/td>\n<\/tr>\n<\/tbody>\n<\/table>\n","protected":false},"excerpt":{"rendered":"<p>La promotion 2021-2022 a rejoint le Master le 27 septembre 2021. &nbsp; ACTUALITES DE LA PROMO \u00a0Journ\u00e9e &#8220;Parole d&#8217;experts&#8221; au PPC OnDijon, 18 novembre 2021- Dans le cadre des enseignements de l&#8217;UE1, accompagn\u00e9s par Christophe Nicolle, les \u00e9tudiants ont visi\u00e9 le PPC OnDijon et rencontr\u00e9 des experts industriels reconnus dans le domaine de la Smart&hellip;<\/p>\n<p class=\"more-link-p\"><a class=\"btn btn-primary\" href=\"https:\/\/blog.ube.fr\/chaire-smart-city\/master2\/promo\/\">Voir plus &rarr;<\/a><\/p>\n","protected":false},"author":3332,"featured_media":0,"parent":1288,"menu_order":2,"comment_status":"closed","ping_status":"closed","template":"","meta":{"_exactmetrics_skip_tracking":false,"_exactmetrics_sitenote_active":false,"_exactmetrics_sitenote_note":"","_exactmetrics_sitenote_category":0,"footnotes":""},"class_list":["post-1336","page","type-page","status-publish","hentry"],"_links":{"self":[{"href":"https:\/\/blog.ube.fr\/chaire-smart-city\/wp-json\/wp\/v2\/pages\/1336","targetHints":{"allow":["GET"]}}],"collection":[{"href":"https:\/\/blog.ube.fr\/chaire-smart-city\/wp-json\/wp\/v2\/pages"}],"about":[{"href":"https:\/\/blog.ube.fr\/chaire-smart-city\/wp-json\/wp\/v2\/types\/page"}],"author":[{"embeddable":true,"href":"https:\/\/blog.ube.fr\/chaire-smart-city\/wp-json\/wp\/v2\/users\/3332"}],"replies":[{"embeddable":true,"href":"https:\/\/blog.ube.fr\/chaire-smart-city\/wp-json\/wp\/v2\/comments?post=1336"}],"version-history":[{"count":62,"href":"https:\/\/blog.ube.fr\/chaire-smart-city\/wp-json\/wp\/v2\/pages\/1336\/revisions"}],"predecessor-version":[{"id":2252,"href":"https:\/\/blog.ube.fr\/chaire-smart-city\/wp-json\/wp\/v2\/pages\/1336\/revisions\/2252"}],"up":[{"embeddable":true,"href":"https:\/\/blog.ube.fr\/chaire-smart-city\/wp-json\/wp\/v2\/pages\/1288"}],"wp:attachment":[{"href":"https:\/\/blog.ube.fr\/chaire-smart-city\/wp-json\/wp\/v2\/media?parent=1336"}],"curies":[{"name":"wp","href":"https:\/\/api.w.org\/{rel}","templated":true}]}}