{"id":3363,"date":"2019-09-30T20:55:01","date_gmt":"2019-09-30T19:55:01","guid":{"rendered":"http:\/\/blog.u-bourgogne.fr\/apreslang\/?page_id=3363"},"modified":"2019-10-20T21:22:31","modified_gmt":"2019-10-20T20:22:31","slug":"faq","status":"publish","type":"page","link":"https:\/\/blog.ube.fr\/apreslang\/faq\/","title":{"rendered":"Apr\u00e8sLang&#8217; &#8211; FAQ"},"content":{"rendered":"<h3 id=\"qui-peut-participer-au-projet-apr\u00e8slang\">Qui peut participer au projet Apr\u00e8sLang&#8217; ?<a class=\"anchorLink_0a0687a1\" role=\"link\" aria-label=\"Qui peut participer au projet Apr\u00e8sLang' ?\" data-sp-anchor-id=\"qui-peut-participer-au-projet-apr\u00e8slang\" href=\"https:\/\/univbourgogne.sharepoint.com\/sites\/ApresLang-etudiants\/SitePages\/FAQ.aspx#qui-peut-participer-au-projet-apr%C3%A8slang\" target=\"_self\" rel=\"noopener noreferrer\"><i class=\"anchorIcon_0a0687a1 css-203\" aria-hidden=\"true\"><\/i><\/a><\/h3>\n<p>Le projet Apr\u00e8sLang&#8217; s&#8217;adresse en premier lieu aux des \u00e9tudiant.e.s en cycle de Licence LEA et LLCER souhaitant r\u00e9fl\u00e9chir \u00e0 leur avenir professionnel en participant \u00e0 des actions qui sont en g\u00e9n\u00e9ral plus avanc\u00e9es, plus concr\u00e8tes mais toujours compl\u00e9mentaires \u00e0 leur cursus universitaire. La participation aux actions (conf\u00e9rences, ateliers, projets) est sur base de volontariat : les \u00e9tudiants de Licence seront prioritaires pour les activit\u00e9s o\u00f9 le nombre de places est limit\u00e9 mais des places restantes pourront \u00eatre propos\u00e9es \u00e0 d&#8217;autres \u00e9tudiants.<\/p>\n<p>Les conf\u00e9rences organis\u00e9es avec des organismes partenaires dans le cadre du projet sont en g\u00e9n\u00e9ral ouverts au public. Certains ateliers sp\u00e9cialis\u00e9s et projets tutor\u00e9s sont organis\u00e9s en collaboration avec des \u00e9tudiants de Master et\/ou de Doctorat.<\/p>\n<h3 id=\"comment-s-inscrire-pour-un-atelier-ou-pour-un-projet\">Comment s&#8217;inscrire pour un atelier ou pour un projet ?<a class=\"anchorLink_0a0687a1\" role=\"link\" aria-label=\"Comment s'inscrire pour un atelier ou pour un projet ?\" data-sp-anchor-id=\"comment-s-inscrire-pour-un-atelier-ou-pour-un-projet\" href=\"https:\/\/univbourgogne.sharepoint.com\/sites\/ApresLang-etudiants\/SitePages\/FAQ.aspx#comment-s-inscrire-pour-un-atelier-ou-pour-un-projet\" target=\"_self\" rel=\"noopener noreferrer\"><i class=\"anchorIcon_0a0687a1 css-203\" aria-hidden=\"true\"><\/i><\/a><\/h3>\n<p>Les conf\u00e9rences, ateliers et projets seront annonc\u00e9s sur ce site et par la<span>\u00a0<\/span><a data-interception=\"on\" href=\"https:\/\/forms.office.com\/Pages\/ResponsePage.aspx?id=r4-lL7F-uUiZZKkmWdHFuLomj85oDW5CrmvEqV4Sp-dUMjZWSERMUFBaT1E5QU8wQTA4UjgxS1JOVSQlQCN0PWcu\">liste de diffusion \u00e0 laquelle toute personne int\u00e9ress\u00e9e peut s&#8217;abonner<\/a>. En fonction des actions, il peut vous \u00eatre demand\u00e9 de vous inscrire en ligne ou d&#8217;envoyer un message aux organisateurs. En cas d&#8217;affluence, les \u00e9tudiants de Licence n&#8217;ayant pas encore pu participer \u00e0 un atelier ou \u00e0 un projet seront prioritaires ; apr\u00e8s, premier arriv\u00e9, premier servi.<\/p>\n<h3>Est-ce que la participation au projet Apr\u00e8sLang&#8217; est not\u00e9e ou recompens\u00e9e ?<\/h3>\n<p><span data-contrast=\"auto\">Apr\u00e8sLang<\/span><span data-contrast=\"auto\">&#8216; fonctionne en parall\u00e8le des cursus classiques et les actions ne sont pas not\u00e9es comme les autres cours. La participation des \u00e9tudiant.e.s sera recompens\u00e9e d&#8217;une mani\u00e8re \u00e0 peu pr\u00e8s \u00e9quivalente \u00e0 une UE transversale et selon les modalit\u00e9s suivantes (<em>vot\u00e9es par le Conseil d&#8217;UFR du 15 octobre 2019, sous r\u00e9serve des votes des conseils centraux de l&#8217;Universit\u00e9<\/em>) :<br \/>\n<\/span><\/p>\n<ul>\n<li data-leveltext=\"\uf0b7\" data-font=\"Symbol\" data-listid=\"2\" data-aria-posinset=\"1\" data-aria-level=\"2\"><span data-contrast=\"auto\">Chaque <\/span><span data-contrast=\"auto\">\u00e9tudiant.e<\/span><span data-contrast=\"auto\"> participant au projet peut demander une attestation d\u00e9taillant les actions auxquelles <\/span><span data-contrast=\"auto\">il.elle<\/span><span data-contrast=\"auto\"> a particip\u00e9, \u00e0 condition d&#8217;\u00eatre r\u00e9guli\u00e8rement inscrit.e \u00e0 l&#8217;action en question.<\/span><span data-ccp-props=\"{&quot;134233279&quot;:true,&quot;201341983&quot;:1,&quot;335559739&quot;:160,&quot;335559740&quot;:270}\"><\/span><\/li>\n<li data-leveltext=\"\uf0b7\" data-font=\"Symbol\" data-listid=\"2\" data-aria-posinset=\"3\" data-aria-level=\"2\"><span data-contrast=\"auto\">Les <\/span><span data-contrast=\"auto\">\u00e9tudiant.e.s<\/span><span data-contrast=\"auto\"> participant \u00e0 un projet tuteur\u00e9 seront <\/span><span data-contrast=\"auto\">invit\u00e9.e.s<\/span><span data-contrast=\"auto\"> \u00e0 pr\u00e9senter leur travail <\/span><span data-contrast=\"auto\">en fin d&#8217;ann\u00e9e universitaire devant un jury compos\u00e9 d&#8217;<\/span><span data-contrast=\"auto\">enseignant.e.s<\/span><span data-contrast=\"auto\"> et <\/span><span data-contrast=\"auto\">chercheur.euse.s<\/span><span data-contrast=\"auto\">, de <\/span><span data-contrast=\"auto\">professionnel.le.s<\/span><span data-contrast=\"auto\"> en activit\u00e9 et d&#8217;<\/span><span data-contrast=\"auto\">\u00e9tudiant.e.s<\/span><span data-contrast=\"auto\"> de Master et de Doctorat.<\/span><span data-ccp-props=\"{&quot;134233279&quot;:true,&quot;201341983&quot;:1,&quot;335559739&quot;:160,&quot;335559740&quot;:270}\"> Cet &#8220;soutenance conviviale&#8221; vise surtout \u00e0 mettre en valeur le travail r\u00e9alis\u00e9 et \u00e0 mettre les participants en contact avec des acteurs du secteur choisi.<br \/>\n<\/span><\/li>\n<li data-leveltext=\"\uf0b7\" data-font=\"Symbol\" data-listid=\"2\" data-aria-posinset=\"2\" data-aria-level=\"2\"><span data-contrast=\"auto\">La participation \u00e0 un ou \u00e0 plusieurs projets tuteur\u00e9s permettra \u00e0 l&#8217;<\/span><span data-contrast=\"auto\">\u00e9tudiant.e<\/span><span data-contrast=\"auto\"> de solliciter une majoration de 0,5\/20 sur les r\u00e9sultats globaux de l&#8217;ann\u00e9e de Licence. Ce bonus pourra \u00eatre accord\u00e9 \u00e0 condition d&#8217;une participation jug\u00e9e satisfaisante par le jury et d&#8217;avoir valid\u00e9 au pr\u00e9alable son ann\u00e9e de Licence.<\/span><\/li>\n<\/ul>\n<h3>Est-ce qu&#8217;un projet tuteur\u00e9 peut prendre la place d&#8217;un stage ?<\/h3>\n<p>Non, dans la mesure o\u00f9 Apr\u00e8sLang&#8217; fonctionne en parall\u00e8le des cursus classiques et qu&#8217;on ne peut pas valider deux fois le m\u00eame travail. En revanche, la participation aux ateliers et aux projets peut servir de tremplin pour un stage ou pour un emploi, y compris chez un partenaire participant au projet.<\/p>\n<h3 id=\"est-ce-que-je-peux-proposer-une-action\">Est-ce que je peux proposer une action ?<a class=\"anchorLink_0a0687a1\" role=\"link\" aria-label=\"Est-ce que je peux proposer une action ?\" data-sp-anchor-id=\"est-ce-que-je-peux-proposer-une-action\" href=\"https:\/\/univbourgogne.sharepoint.com\/sites\/ApresLang-etudiants\/SitePages\/FAQ.aspx#est-ce-que-je-peux-proposer-une-action\" target=\"_self\" rel=\"noopener noreferrer\"><i class=\"anchorIcon_0a0687a1 css-203\" aria-hidden=\"true\"><\/i><\/a><\/h3>\n<p>Oui, absolument.<span>\u00a0<\/span><a data-interception=\"on\" href=\"https:\/\/forms.office.com\/Pages\/ResponsePage.aspx?id=r4-lL7F-uUiZZKkmWdHFuLomj85oDW5CrmvEqV4Sp-dUMkpQQ0NRWTJTNURGUVJPN1pIUVVVUzc5MiQlQCN0PWcu\">Merci de remplir ce formulaire en ligne<\/a><span>\u00a0<\/span>et\/ou d&#8217;\u00e9crire \u00e0 l&#8217;adresse apreslang@u-bourgogne.fr en cas de question.<\/p>\n","protected":false},"excerpt":{"rendered":"<p>Qui peut participer au projet Apr\u00e8sLang&#8217; ? Le projet Apr\u00e8sLang&#8217; s&#8217;adresse en premier lieu aux des \u00e9tudiant.e.s en cycle de Licence LEA et LLCER souhaitant r\u00e9fl\u00e9chir \u00e0 leur avenir professionnel en participant \u00e0 des actions qui sont en g\u00e9n\u00e9ral plus avanc\u00e9es, plus concr\u00e8tes mais toujours compl\u00e9mentaires \u00e0 leur cursus universitaire. La participation aux actions (conf\u00e9rences,&hellip;<\/p>\n","protected":false},"author":23,"featured_media":0,"parent":0,"menu_order":0,"comment_status":"closed","ping_status":"closed","template":"","meta":{"_acf_changed":false,"_exactmetrics_skip_tracking":false,"_exactmetrics_sitenote_active":false,"_exactmetrics_sitenote_note":"","_exactmetrics_sitenote_category":0,"footnotes":""},"class_list":["post-3363","page","type-page","status-publish","hentry"],"acf":[],"yoast_head":"<!-- This site is optimized with the Yoast SEO plugin v21.6 - https:\/\/yoast.com\/wordpress\/plugins\/seo\/ -->\n<title>Apr\u00e8sLang&#039; - FAQ - Apr\u00e8sLang&#039;<\/title>\n<meta name=\"robots\" content=\"index, follow, max-snippet:-1, max-image-preview:large, max-video-preview:-1\" \/>\n<link rel=\"canonical\" href=\"https:\/\/blog.u-bourgogne.fr\/apreslang\/faq\/\" \/>\n<meta property=\"og:locale\" content=\"fr_FR\" \/>\n<meta property=\"og:type\" content=\"article\" \/>\n<meta property=\"og:title\" content=\"Apr\u00e8sLang&#039; - FAQ - Apr\u00e8sLang&#039;\" \/>\n<meta property=\"og:description\" content=\"Qui peut participer au projet Apr\u00e8sLang&#8217; ? Le projet Apr\u00e8sLang&#8217; s&#8217;adresse en premier lieu aux des \u00e9tudiant.e.s en cycle de Licence LEA et LLCER souhaitant r\u00e9fl\u00e9chir \u00e0 leur avenir professionnel en participant \u00e0 des actions qui sont en g\u00e9n\u00e9ral plus avanc\u00e9es, plus concr\u00e8tes mais toujours compl\u00e9mentaires \u00e0 leur cursus universitaire. La participation aux actions (conf\u00e9rences,&hellip;\" \/>\n<meta property=\"og:url\" content=\"https:\/\/blog.u-bourgogne.fr\/apreslang\/faq\/\" \/>\n<meta property=\"og:site_name\" content=\"Apr\u00e8sLang&#039;\" \/>\n<meta property=\"article:modified_time\" content=\"2019-10-20T20:22:31+00:00\" \/>\n<meta name=\"twitter:card\" content=\"summary_large_image\" \/>\n<meta name=\"twitter:label1\" content=\"Dur\u00e9e de lecture estim\u00e9e\" \/>\n\t<meta name=\"twitter:data1\" content=\"3 minutes\" \/>\n<script type=\"application\/ld+json\" class=\"yoast-schema-graph\">{\"@context\":\"https:\/\/schema.org\",\"@graph\":[{\"@type\":\"WebPage\",\"@id\":\"https:\/\/blog.u-bourgogne.fr\/apreslang\/faq\/\",\"url\":\"https:\/\/blog.u-bourgogne.fr\/apreslang\/faq\/\",\"name\":\"Apr\u00e8sLang' - FAQ - Apr\u00e8sLang&#039;\",\"isPartOf\":{\"@id\":\"https:\/\/blog.u-bourgogne.fr\/apreslang\/#website\"},\"datePublished\":\"2019-09-30T19:55:01+00:00\",\"dateModified\":\"2019-10-20T20:22:31+00:00\",\"breadcrumb\":{\"@id\":\"https:\/\/blog.u-bourgogne.fr\/apreslang\/faq\/#breadcrumb\"},\"inLanguage\":\"fr-FR\",\"potentialAction\":[{\"@type\":\"ReadAction\",\"target\":[\"https:\/\/blog.u-bourgogne.fr\/apreslang\/faq\/\"]}]},{\"@type\":\"BreadcrumbList\",\"@id\":\"https:\/\/blog.u-bourgogne.fr\/apreslang\/faq\/#breadcrumb\",\"itemListElement\":[{\"@type\":\"ListItem\",\"position\":1,\"name\":\"Accueil\",\"item\":\"https:\/\/blog.u-bourgogne.fr\/apreslang\/\"},{\"@type\":\"ListItem\",\"position\":2,\"name\":\"Apr\u00e8sLang&rsquo; &#8211; FAQ\"}]},{\"@type\":\"WebSite\",\"@id\":\"https:\/\/blog.u-bourgogne.fr\/apreslang\/#website\",\"url\":\"https:\/\/blog.u-bourgogne.fr\/apreslang\/\",\"name\":\"Apr\u00e8sLang&#039;\",\"description\":\"Projet d&#039;innovation p\u00e9dagogique\",\"potentialAction\":[{\"@type\":\"SearchAction\",\"target\":{\"@type\":\"EntryPoint\",\"urlTemplate\":\"https:\/\/blog.u-bourgogne.fr\/apreslang\/?s={search_term_string}\"},\"query-input\":\"required name=search_term_string\"}],\"inLanguage\":\"fr-FR\"}]}<\/script>\n<!-- \/ Yoast SEO plugin. -->","yoast_head_json":{"title":"Apr\u00e8sLang' - FAQ - Apr\u00e8sLang&#039;","robots":{"index":"index","follow":"follow","max-snippet":"max-snippet:-1","max-image-preview":"max-image-preview:large","max-video-preview":"max-video-preview:-1"},"canonical":"https:\/\/blog.u-bourgogne.fr\/apreslang\/faq\/","og_locale":"fr_FR","og_type":"article","og_title":"Apr\u00e8sLang' - FAQ - Apr\u00e8sLang&#039;","og_description":"Qui peut participer au projet Apr\u00e8sLang&#8217; ? Le projet Apr\u00e8sLang&#8217; s&#8217;adresse en premier lieu aux des \u00e9tudiant.e.s en cycle de Licence LEA et LLCER souhaitant r\u00e9fl\u00e9chir \u00e0 leur avenir professionnel en participant \u00e0 des actions qui sont en g\u00e9n\u00e9ral plus avanc\u00e9es, plus concr\u00e8tes mais toujours compl\u00e9mentaires \u00e0 leur cursus universitaire. La participation aux actions (conf\u00e9rences,&hellip;","og_url":"https:\/\/blog.u-bourgogne.fr\/apreslang\/faq\/","og_site_name":"Apr\u00e8sLang&#039;","article_modified_time":"2019-10-20T20:22:31+00:00","twitter_card":"summary_large_image","twitter_misc":{"Dur\u00e9e de lecture estim\u00e9e":"3 minutes"},"schema":{"@context":"https:\/\/schema.org","@graph":[{"@type":"WebPage","@id":"https:\/\/blog.u-bourgogne.fr\/apreslang\/faq\/","url":"https:\/\/blog.u-bourgogne.fr\/apreslang\/faq\/","name":"Apr\u00e8sLang' - FAQ - Apr\u00e8sLang&#039;","isPartOf":{"@id":"https:\/\/blog.u-bourgogne.fr\/apreslang\/#website"},"datePublished":"2019-09-30T19:55:01+00:00","dateModified":"2019-10-20T20:22:31+00:00","breadcrumb":{"@id":"https:\/\/blog.u-bourgogne.fr\/apreslang\/faq\/#breadcrumb"},"inLanguage":"fr-FR","potentialAction":[{"@type":"ReadAction","target":["https:\/\/blog.u-bourgogne.fr\/apreslang\/faq\/"]}]},{"@type":"BreadcrumbList","@id":"https:\/\/blog.u-bourgogne.fr\/apreslang\/faq\/#breadcrumb","itemListElement":[{"@type":"ListItem","position":1,"name":"Accueil","item":"https:\/\/blog.u-bourgogne.fr\/apreslang\/"},{"@type":"ListItem","position":2,"name":"Apr\u00e8sLang&rsquo; &#8211; FAQ"}]},{"@type":"WebSite","@id":"https:\/\/blog.u-bourgogne.fr\/apreslang\/#website","url":"https:\/\/blog.u-bourgogne.fr\/apreslang\/","name":"Apr\u00e8sLang&#039;","description":"Projet d&#039;innovation p\u00e9dagogique","potentialAction":[{"@type":"SearchAction","target":{"@type":"EntryPoint","urlTemplate":"https:\/\/blog.u-bourgogne.fr\/apreslang\/?s={search_term_string}"},"query-input":"required name=search_term_string"}],"inLanguage":"fr-FR"}]}},"_links":{"self":[{"href":"https:\/\/blog.ube.fr\/apreslang\/wp-json\/wp\/v2\/pages\/3363","targetHints":{"allow":["GET"]}}],"collection":[{"href":"https:\/\/blog.ube.fr\/apreslang\/wp-json\/wp\/v2\/pages"}],"about":[{"href":"https:\/\/blog.ube.fr\/apreslang\/wp-json\/wp\/v2\/types\/page"}],"author":[{"embeddable":true,"href":"https:\/\/blog.ube.fr\/apreslang\/wp-json\/wp\/v2\/users\/23"}],"replies":[{"embeddable":true,"href":"https:\/\/blog.ube.fr\/apreslang\/wp-json\/wp\/v2\/comments?post=3363"}],"version-history":[{"count":6,"href":"https:\/\/blog.ube.fr\/apreslang\/wp-json\/wp\/v2\/pages\/3363\/revisions"}],"predecessor-version":[{"id":3497,"href":"https:\/\/blog.ube.fr\/apreslang\/wp-json\/wp\/v2\/pages\/3363\/revisions\/3497"}],"wp:attachment":[{"href":"https:\/\/blog.ube.fr\/apreslang\/wp-json\/wp\/v2\/media?parent=3363"}],"curies":[{"name":"wp","href":"https:\/\/api.w.org\/{rel}","templated":true}]}}