{"id":971,"date":"2025-03-13T21:39:51","date_gmt":"2025-03-13T20:39:51","guid":{"rendered":"https:\/\/blog.u-bourgogne.fr\/ajmgb\/?page_id=971"},"modified":"2025-10-01T10:49:27","modified_gmt":"2025-10-01T08:49:27","slug":"weekend-bien-etre","status":"publish","type":"page","link":"https:\/\/blog.ube.fr\/ajmgb\/weekend-bien-etre\/","title":{"rendered":"Weekend Bien-Etre"},"content":{"rendered":"<h2 data-start=\"191\" data-end=\"253\"><span style=\"font-size: 18pt;\"><strong><span style=\"font-family: arial, helvetica, sans-serif;\">\ud83c\udf3f Week-end Bien-\u00catre \u2014 2\u1d49 \u00e9dition au Domaine de Roncemay<\/span><\/strong><\/span><\/h2>\n<p data-start=\"255\" data-end=\"437\"><span style=\"font-family: arial, helvetica, sans-serif; font-size: 10pt;\">Apr\u00e8s Bourbon-Lancy, l\u2019<strong data-start=\"278\" data-end=\"287\">AJMGB<\/strong> a renouvel\u00e9 l\u2019exp\u00e9rience en organisant sa <strong data-start=\"330\" data-end=\"366\">2\u1d49 \u00e9dition du Week-end Bien-\u00catre<\/strong>, cette fois-ci au <strong data-start=\"385\" data-end=\"408\">Domaine de Roncemay<\/strong> le <strong data-start=\"412\" data-end=\"433\">28 septembre 2025<\/strong> \u2728<\/span><\/p>\n<p><span style=\"font-family: arial, helvetica, sans-serif; font-size: 10pt;\">\ud83c\udf38 Au programme<\/span><\/p>\n<ul>\n<li><span style=\"font-family: arial, helvetica, sans-serif; font-size: 10pt;\"><strong data-start=\"463\" data-end=\"483\">Brunch \u00e0 volont\u00e9<\/strong> dans le ch\u00e2teau \u00a0\ud83e\udd50\ud83c\udf73<\/span><\/li>\n<li><span style=\"font-family: arial, helvetica, sans-serif; font-size: 10pt;\"><strong data-start=\"517\" data-end=\"543\">Acc\u00e8s privatis\u00e9 au spa<\/strong>\u00a0 : hammam, sauna, douches sensorielles, bain bouillonnant, bassin \u00e0 d\u00e9bordement, espace d\u00e9tente \ud83d\udca6\ud83e\uddd6\u200d\u2640\ufe0f<\/span><\/li>\n<li><span style=\"font-family: arial, helvetica, sans-serif; font-size: 10pt;\"><strong data-start=\"664\" data-end=\"692\">Massage de dos de 60 min<\/strong> \ud83d\udc86<\/span><\/li>\n<li><span style=\"font-family: arial, helvetica, sans-serif; font-size: 10pt;\"><strong data-start=\"700\" data-end=\"717\">Boisson detox<\/strong> revitalisante \ud83e\udd64<\/span><\/li>\n<li><span style=\"font-family: arial, helvetica, sans-serif; font-size: 10pt;\"><strong data-start=\"739\" data-end=\"761\">Repas gastronomique<\/strong> dans le ch\u00e2teau \ud83c\udf79\ud83c\udf05<\/span><\/li>\n<\/ul>\n<p><span style=\"font-family: arial, helvetica, sans-serif; font-size: 10pt;\">\ud83d\udcac Ce qu\u2019on en retient<\/span><\/p>\n<p><span style=\"font-family: arial, helvetica, sans-serif; font-size: 10pt;\">Un cadre idyllique, une parenth\u00e8se hors du temps, et surtout un vrai moment pour <strong data-start=\"926\" data-end=\"967\">souffler avant la reprise du semestre<\/strong>. Les 20 internes pr\u00e9sents ont pu se d\u00e9tendre, partager et renforcer les liens dans une ambiance chaleureuse et apaisante.<\/span><\/p>\n<p><span style=\"font-family: arial, helvetica, sans-serif; font-size: 10pt;\">\ud83d\udc49 Toujours le m\u00eame principe : <strong data-start=\"1124\" data-end=\"1161\">1 \u20ac symbolique pour les adh\u00e9rents<\/strong>, afin que chacun puisse profiter de cette bulle de bien-\u00eatre \u2764\ufe0f\u200d\ud83e\ude79<\/span><\/p>\n<p><span style=\"font-family: arial, helvetica, sans-serif; font-size: 10pt;\">Merci aux participants pour leur \u00e9nergie positive et \u00e0 toute l\u2019\u00e9quipe AJMGB pour l\u2019organisation.<\/span><br data-start=\"1343\" data-end=\"1346\" \/><span style=\"font-family: arial, helvetica, sans-serif; font-size: 10pt;\">Parce que <strong data-start=\"1356\" data-end=\"1418\">prendre soin de nous, c\u2019est aussi mieux soigner les autres<\/strong> \ud83c\udf1f<\/span><\/p>\n<p><img loading=\"lazy\" decoding=\"async\" class=\"aligncenter size-large wp-image-1029\" src=\"https:\/\/blog.ube.fr\/ajmgb\/wp-content\/uploads\/sites\/188\/2025\/10\/Weekend-bien-etre--724x1024.png\" alt=\"\" width=\"656\" height=\"928\" srcset=\"https:\/\/blog.ube.fr\/ajmgb\/wp-content\/uploads\/sites\/188\/2025\/10\/Weekend-bien-etre--724x1024.png 724w, https:\/\/blog.ube.fr\/ajmgb\/wp-content\/uploads\/sites\/188\/2025\/10\/Weekend-bien-etre--212x300.png 212w, https:\/\/blog.ube.fr\/ajmgb\/wp-content\/uploads\/sites\/188\/2025\/10\/Weekend-bien-etre--768x1086.png 768w, https:\/\/blog.ube.fr\/ajmgb\/wp-content\/uploads\/sites\/188\/2025\/10\/Weekend-bien-etre--1086x1536.png 1086w, https:\/\/blog.ube.fr\/ajmgb\/wp-content\/uploads\/sites\/188\/2025\/10\/Weekend-bien-etre-.png 1212w\" sizes=\"auto, (max-width: 656px) 100vw, 656px\" \/><\/p>\n<p>______________________________________________________________<\/p>\n<p><span style=\"font-size: 18pt;\"><strong><span style=\"font-family: arial, helvetica, sans-serif;\">\ud83d\udc86\u200d\u2640\ufe0f Week-end Bien-\u00catre \u2014 1\u02b3\u1d49 \u00e9dition \u00e0 Bourbon-Lancy<\/span><\/strong><\/span><\/p>\n<p><span style=\"font-family: arial, helvetica, sans-serif; font-size: 10pt;\">En avril 2024, l\u2019<strong data-start=\"256\" data-end=\"265\">AJMGB<\/strong> a inaugur\u00e9 son premier <strong data-start=\"289\" data-end=\"311\">Week-end Bien-\u00catre<\/strong> aux <strong data-start=\"316\" data-end=\"344\">Thermes de Bourbon-Lancy<\/strong> \u2728<\/span><\/p>\n<p><span style=\"font-family: arial, helvetica, sans-serif; font-size: 10pt;\">\ud83c\udf38 Le concept<\/span><\/p>\n<ul>\n<li data-start=\"370\" data-end=\"521\"><span style=\"font-family: arial, helvetica, sans-serif; font-size: 10pt;\">Parce que <strong data-start=\"380\" data-end=\"441\">prendre soin de soi, c\u2019est aussi mieux soigner les autres<\/strong>, nous avons propos\u00e9 \u00e0 nos adh\u00e9rent\u00b7e\u00b7s deux jours de d\u00e9tente et de coh\u00e9sion :<\/span><\/li>\n<li><span style=\"font-family: arial, helvetica, sans-serif; font-size: 10pt;\"><strong data-start=\"524\" data-end=\"551\">Acc\u00e8s aux Thermes &amp; spa<\/strong> \ud83d\udca6<\/span><\/li>\n<li><span style=\"font-family: arial, helvetica, sans-serif; font-size: 10pt;\"><strong data-start=\"559\" data-end=\"581\">Massage d\u00e9couverte<\/strong> \ud83d\udc86<\/span><\/li>\n<li><span style=\"font-family: arial, helvetica, sans-serif; font-size: 10pt;\"><strong data-start=\"589\" data-end=\"622\">Repas convivial au restaurant<\/strong> \ud83c\udf7d\ufe0f<\/span><\/li>\n<li><span style=\"font-family: arial, helvetica, sans-serif; font-size: 10pt;\"><strong data-start=\"631\" data-end=\"664\">Nuit d\u2019h\u00f4tel &amp; petit-d\u00e9jeuner<\/strong> \ud83d\udecf\ufe0f\ud83e\udd50<\/span><\/li>\n<\/ul>\n<p><span style=\"font-family: arial, helvetica, sans-serif; font-size: 10pt;\">Et le tout pour\u2026 <\/span><strong style=\"font-family: arial, helvetica, sans-serif;\" data-start=\"691\" data-end=\"709\">1 \u20ac symbolique<\/strong><span style=\"font-family: arial, helvetica, sans-serif; font-size: 10pt;\"> (hors frais de transport), gr\u00e2ce au soutien de l\u2019association \u2764\ufe0f\u200d\ud83e\ude79<\/span><\/p>\n<p><span style=\"font-family: arial, helvetica, sans-serif; font-size: 10pt;\">\ud83e\udd70 Ce qu\u2019on en retient<\/span><\/p>\n<p><span style=\"font-family: arial, helvetica, sans-serif; font-size: 10pt;\">Un week-end hors du temps, entre repos, convivialit\u00e9 et moments de partage. Les internes sont repartis ressourc\u00e9s, pr\u00eats \u00e0 affronter le quotidien m\u00e9dical avec plus de s\u00e9r\u00e9nit\u00e9.<\/p>\n<p><img loading=\"lazy\" decoding=\"async\" class=\"aligncenter size-large wp-image-1028\" src=\"https:\/\/blog.ube.fr\/ajmgb\/wp-content\/uploads\/sites\/188\/2025\/10\/Weekend-bien-etre-1080-x-1350-px-2-819x1024.png\" alt=\"\" width=\"656\" height=\"820\" srcset=\"https:\/\/blog.ube.fr\/ajmgb\/wp-content\/uploads\/sites\/188\/2025\/10\/Weekend-bien-etre-1080-x-1350-px-2-819x1024.png 819w, https:\/\/blog.ube.fr\/ajmgb\/wp-content\/uploads\/sites\/188\/2025\/10\/Weekend-bien-etre-1080-x-1350-px-2-240x300.png 240w, https:\/\/blog.ube.fr\/ajmgb\/wp-content\/uploads\/sites\/188\/2025\/10\/Weekend-bien-etre-1080-x-1350-px-2-768x960.png 768w, https:\/\/blog.ube.fr\/ajmgb\/wp-content\/uploads\/sites\/188\/2025\/10\/Weekend-bien-etre-1080-x-1350-px-2.png 1080w\" sizes=\"auto, (max-width: 656px) 100vw, 656px\" \/><br \/>\n<\/span><\/p>\n","protected":false},"excerpt":{"rendered":"<p>\ud83c\udf3f Week-end Bien-\u00catre \u2014 2\u1d49 \u00e9dition au Domaine de Roncemay Apr\u00e8s Bourbon-Lancy, l\u2019AJMGB a renouvel\u00e9 l\u2019exp\u00e9rience en organisant sa 2\u1d49 \u00e9dition du Week-end Bien-\u00catre, cette fois-ci au Domaine de Roncemay le 28 septembre 2025 \u2728 \ud83c\udf38 Au programme Brunch \u00e0 volont\u00e9 dans le ch\u00e2teau \u00a0\ud83e\udd50\ud83c\udf73 Acc\u00e8s privatis\u00e9 au spa\u00a0 : hammam, sauna, douches sensorielles, bain&hellip;<\/p>\n<p class=\"more-link-p\"><a class=\"btn btn-primary\" href=\"https:\/\/blog.ube.fr\/ajmgb\/weekend-bien-etre\/\">Voir plus &rarr;<\/a><\/p>\n","protected":false},"author":4924,"featured_media":0,"parent":0,"menu_order":0,"comment_status":"closed","ping_status":"closed","template":"","meta":{"_exactmetrics_skip_tracking":false,"_exactmetrics_sitenote_active":false,"_exactmetrics_sitenote_note":"","_exactmetrics_sitenote_category":0,"footnotes":""},"class_list":["post-971","page","type-page","status-publish","hentry"],"_links":{"self":[{"href":"https:\/\/blog.ube.fr\/ajmgb\/wp-json\/wp\/v2\/pages\/971","targetHints":{"allow":["GET"]}}],"collection":[{"href":"https:\/\/blog.ube.fr\/ajmgb\/wp-json\/wp\/v2\/pages"}],"about":[{"href":"https:\/\/blog.ube.fr\/ajmgb\/wp-json\/wp\/v2\/types\/page"}],"author":[{"embeddable":true,"href":"https:\/\/blog.ube.fr\/ajmgb\/wp-json\/wp\/v2\/users\/4924"}],"replies":[{"embeddable":true,"href":"https:\/\/blog.ube.fr\/ajmgb\/wp-json\/wp\/v2\/comments?post=971"}],"version-history":[{"count":3,"href":"https:\/\/blog.ube.fr\/ajmgb\/wp-json\/wp\/v2\/pages\/971\/revisions"}],"predecessor-version":[{"id":1030,"href":"https:\/\/blog.ube.fr\/ajmgb\/wp-json\/wp\/v2\/pages\/971\/revisions\/1030"}],"wp:attachment":[{"href":"https:\/\/blog.ube.fr\/ajmgb\/wp-json\/wp\/v2\/media?parent=971"}],"curies":[{"name":"wp","href":"https:\/\/api.w.org\/{rel}","templated":true}]}}