{"id":97,"date":"2023-05-20T16:14:25","date_gmt":"2023-05-20T14:14:25","guid":{"rendered":"https:\/\/blog.u-bourgogne.fr\/ajmgb\/?page_id=97"},"modified":"2024-09-18T16:32:40","modified_gmt":"2024-09-18T14:32:40","slug":"grand-gala-des-internes","status":"publish","type":"page","link":"https:\/\/blog.ube.fr\/ajmgb\/evenements\/grand-gala-des-internes\/","title":{"rendered":"Grand Gala des Internes"},"content":{"rendered":"<p><span style=\"font-size: 18pt;\"><b>\ud83c\udf86 <\/b><span style=\"font-size: 12pt;\">Une des<\/span><\/span> lignes directrice de notre association, celle de faire d\u00e9couvrir \u00e0 tous les Internes Bourguignons la richesse de nos territoires, demeure immuable, surtout lorsqu&#8217;un \u00e9v\u00e8nement tel qu&#8217;un gala doit avoir lieu. Le Grand Gala des Internes est un \u00e9v\u00e8nement unique dans l&#8217;ann\u00e9e, \u00e0 ne louper sous aucun pr\u00e9texte !<\/p>\n<p>&nbsp;<\/p>\n<hr \/>\n<h2><b>\ud83c\udf1f <\/b>Edition 2024 &#8211; Chateau de Bazoche<\/h2>\n<p><b>\ud83e\ude84 <\/b>Les participants sont arriv\u00e9s dans la journ\u00e9e du samedi pour de multiples activit\u00e9s et \u00e9taient log\u00e9s sur place \u00e0 l&#8217;h\u00f4tel. Le Pays Avallonnais nous a accompagn\u00e9s pour organiser de multiple activit\u00e9s comme une visite guid\u00e9e du village de Noyers-sur-Serein suivie d&#8217;une d\u00e9gustation de produits du terroir, une course d&#8217;orientation dans la ville d&#8217;Avallon, suivie d&#8217;une d\u00e9gustation de produits du terroire, une ballade VTT \u00e0 la d\u00e9couvert du Morvan ou encore une promenade en bateau \u00e9lectrique sur le canal du Nivernais !<\/p>\n<p><b>\ud83c\udfad\u00a0<\/b>Sur le th\u00e8me du &#8220;Bal v\u00e9nitien&#8221;, ce fut l&#8217;occasion de prendre le coktail dans nos plus apparats et d&#8217;accorder son masques \u00e0 sa tenue\u00a0 Le c\u0153ur de l&#8217;\u00e9v\u00e8nement a \u00e9t\u00e9 immortalis\u00e9 une fois de plus par la talentueuse photographe Talesofrave.<\/p>\n<p><b>\ud83c\udf80 <\/b>Le lendemain matin, pour cl\u00f4turer ce grand \u00e9v\u00e8nement et se rem\u00e9morer les souvenirs de la veille, le brunch \u00e9tait servi dans les jardins du chateau.<\/p>\n<p><img loading=\"lazy\" decoding=\"async\" class=\"aligncenter wp-image-944 size-large\" src=\"https:\/\/blog.ube.fr\/ajmgb\/wp-content\/uploads\/sites\/188\/2024\/09\/Noir-Or-Classique-Bal-masque-Invitation-1024x1024.jpg\" alt=\"\" width=\"656\" height=\"656\" srcset=\"https:\/\/blog.ube.fr\/ajmgb\/wp-content\/uploads\/sites\/188\/2024\/09\/Noir-Or-Classique-Bal-masque-Invitation-1024x1024.jpg 1024w, https:\/\/blog.ube.fr\/ajmgb\/wp-content\/uploads\/sites\/188\/2024\/09\/Noir-Or-Classique-Bal-masque-Invitation-300x300.jpg 300w, https:\/\/blog.ube.fr\/ajmgb\/wp-content\/uploads\/sites\/188\/2024\/09\/Noir-Or-Classique-Bal-masque-Invitation-150x150.jpg 150w, https:\/\/blog.ube.fr\/ajmgb\/wp-content\/uploads\/sites\/188\/2024\/09\/Noir-Or-Classique-Bal-masque-Invitation-768x768.jpg 768w, https:\/\/blog.ube.fr\/ajmgb\/wp-content\/uploads\/sites\/188\/2024\/09\/Noir-Or-Classique-Bal-masque-Invitation-1536x1536.jpg 1536w, https:\/\/blog.ube.fr\/ajmgb\/wp-content\/uploads\/sites\/188\/2024\/09\/Noir-Or-Classique-Bal-masque-Invitation.jpg 1654w\" sizes=\"auto, (max-width: 656px) 100vw, 656px\" \/><\/p>\n<hr \/>\n<h2><span style=\"font-size: 18pt;\"><b>\ud83c\udf1f <\/b><\/span>Edition 2023 &#8211; Ecuries du Ch\u00e2teau de Chaumont-Laguiche, Saint-Bonnet-De-Joux<\/h2>\n<p><span style=\"font-size: 18pt;\"><b>\ud83c\udfdb\ufe0f <\/b><\/span>Co-organis\u00e9e par l&#8217;AJMGB et l&#8217;AIHD (Association des Internes des H\u00f4pitaux de Dijon), cette seconde \u00e9dition s&#8217;est superbement d\u00e9roul\u00e9e dans une <span style=\"color: #0000ff;\">magnifique b\u00e2tisse class\u00e9e monument historique<\/span>, dont l&#8217;architecture est bas\u00e9e sur les plans de L\u00e9onard de Vinci (lui-m\u00eame !).<\/p>\n<p><span style=\"font-size: 18pt;\"><b>\ud83e\ude84 <\/b><\/span>Les participants ont \u00e9t\u00e9 affr\u00e9t\u00e9s le samedi en <span style=\"color: #0000ff;\">bus<\/span> et \u00e9taient <span style=\"color: #0000ff;\">log\u00e9s<\/span> sur place (camping, h\u00f4tel). Ils ont \u00e9galement pu participer \u00e0 des <span style=\"color: #0000ff;\">visites de <\/span><span style=\"font-weight: 400;\"><span style=\"color: #0000ff;\">Charolles et de Paray-le-Monial<\/span> r\u00e9alis\u00e9es par le <\/span><span style=\"font-weight: 400;\">service Pays d\u2019art et d\u2019histoire du Pays Charolais-Brionnais, ainsi qu&#8217;\u00e0 des <span style=\"color: #0000ff;\">d\u00e9gustations<\/span> \u00e0 l&#8217;occasion de la visite de la Maison du Charollais.<\/span><\/p>\n<p><span style=\"font-size: 18pt;\"><b>\ud83d\udc90 <\/b><\/span>Sur le th\u00e8me du &#8220;<span style=\"color: #0000ff;\">Gala fleuri<\/span>&#8220;, les Internes Bourguignons ont \u00e9t\u00e9 transport\u00e9 durant toute la soir\u00e9e du samedi soir par l&#8217;<span style=\"color: #0000ff;\">ap\u00e9ritif et le repas gastronomique sign\u00e9 Fr\u00e9d\u00e9ric DOUCET<\/span>,<span style=\"color: #0000ff;\"> chef \u00e9toil\u00e9<\/span>, dans un accord mets et vins. Bien que la pluie ait rendue impossible la venue de l&#8217;<span style=\"color: #0000ff;\">Orchestre Symphonique de M\u00e2con<\/span>, la suite de la soir\u00e9e a \u00e9t\u00e9 rythm\u00e9e par les pas de danse guid\u00e9s par les <span style=\"color: #0000ff;\">DJ Eclectic Events France<\/span>. Le c\u0153ur de l&#8217;\u00e9v\u00e8nement a \u00e9t\u00e9 immortalis\u00e9 par la souriante <span style=\"color: #0000ff;\">photographe Talesofrave<\/span>.<\/p>\n<p><span style=\"font-weight: 400;\"> <span style=\"font-size: 18pt;\"><b>\ud83c\udf80 <\/b><\/span>Le lendemain matin, pour cl\u00f4turer ce grand \u00e9v\u00e8nement, un <span style=\"color: #0000ff;\">brunch<\/span> concoct\u00e9 par nos soins \u00e9tait offert \u00e0 tous les participants.<\/span><\/p>\n<p><span style=\"font-size: 18pt;\"><b>\ud83d\ude4f <\/b><\/span>Nous remercions une nouvelle fois le D\u00e9partement de Sa\u00f4ne-et-Loire pour leur confiance. Les images parlant mieux d&#8217;elles-m\u00eames, nous vous laissons en d\u00e9couvrir les d\u00e9tails&#8230;<\/p>\n<p><img loading=\"lazy\" decoding=\"async\" class=\"alignright size-full wp-image-945\" src=\"https:\/\/blog.ube.fr\/ajmgb\/wp-content\/uploads\/sites\/188\/2024\/09\/c2d2c51d-179b-4325-80df-df4cd81bdfab.jpg\" alt=\"\" width=\"940\" height=\"788\" srcset=\"https:\/\/blog.ube.fr\/ajmgb\/wp-content\/uploads\/sites\/188\/2024\/09\/c2d2c51d-179b-4325-80df-df4cd81bdfab.jpg 940w, https:\/\/blog.ube.fr\/ajmgb\/wp-content\/uploads\/sites\/188\/2024\/09\/c2d2c51d-179b-4325-80df-df4cd81bdfab-300x251.jpg 300w, https:\/\/blog.ube.fr\/ajmgb\/wp-content\/uploads\/sites\/188\/2024\/09\/c2d2c51d-179b-4325-80df-df4cd81bdfab-768x644.jpg 768w\" sizes=\"auto, (max-width: 940px) 100vw, 940px\" \/><\/p>\n<p>&nbsp;<\/p>\n<p><iframe loading=\"lazy\" height=\"480\" src=\"https:\/\/drive.google.com\/file\/d\/1G6e-5w6o0XOIfCg5cxVu6Z3c4-w4SPi5\/preview\" width=\"640\"><\/iframe><\/p>\n<p>&nbsp;<\/p>\n<hr \/>\n<h2><b>\ud83c\udf1f <\/b>Edition 2022 &#8211; Relais de la Source, Saint-Seine-l&#8217;Abbaye<\/h2>\n<p><b>\ud83d\udcdc <\/b>Premi\u00e8re \u00e9dition organis\u00e9e par l&#8217;AJMGB pour tous les Internes Bourguignons, ayant comme th\u00e8me : &#8220;Il \u00e9tait une fois&#8230;&#8221;.<\/p>\n<p><b>\ud83e\udd35 <\/b>La soir\u00e9e a \u00e9t\u00e9 anim\u00e9e d&#8217;abord par l&#8217;orchestre universitaire STOCK durant l&#8217;ap\u00e9ritif. Elle a \u00e9t\u00e9 suivie par le repas compos\u00e9 par la Maison Mitanchey, traiteur dijonnais, accompagn\u00e9 des vins et cr\u00e9mants assortis par la Facult\u00e9 d&#8217;\u0152nologie de l&#8217;Universit\u00e9 de Bourgogne. La soir\u00e9e est finalement devenue dansante avec un DJ (Nicolas ARDES).<\/p>\n","protected":false},"excerpt":{"rendered":"<p>\ud83c\udf86 Une des lignes directrice de notre association, celle de faire d\u00e9couvrir \u00e0 tous les Internes Bourguignons la richesse de nos territoires, demeure immuable, surtout lorsqu&#8217;un \u00e9v\u00e8nement tel qu&#8217;un gala doit avoir lieu. Le Grand Gala des Internes est un \u00e9v\u00e8nement unique dans l&#8217;ann\u00e9e, \u00e0 ne louper sous aucun pr\u00e9texte ! &nbsp; \ud83c\udf1f Edition 2024&hellip;<\/p>\n<p class=\"more-link-p\"><a class=\"btn btn-primary\" href=\"https:\/\/blog.ube.fr\/ajmgb\/evenements\/grand-gala-des-internes\/\">Voir plus &rarr;<\/a><\/p>\n","protected":false},"author":4923,"featured_media":0,"parent":84,"menu_order":3,"comment_status":"closed","ping_status":"closed","template":"","meta":{"_exactmetrics_skip_tracking":false,"_exactmetrics_sitenote_active":false,"_exactmetrics_sitenote_note":"","_exactmetrics_sitenote_category":0,"footnotes":""},"class_list":["post-97","page","type-page","status-publish","hentry"],"_links":{"self":[{"href":"https:\/\/blog.ube.fr\/ajmgb\/wp-json\/wp\/v2\/pages\/97","targetHints":{"allow":["GET"]}}],"collection":[{"href":"https:\/\/blog.ube.fr\/ajmgb\/wp-json\/wp\/v2\/pages"}],"about":[{"href":"https:\/\/blog.ube.fr\/ajmgb\/wp-json\/wp\/v2\/types\/page"}],"author":[{"embeddable":true,"href":"https:\/\/blog.ube.fr\/ajmgb\/wp-json\/wp\/v2\/users\/4923"}],"replies":[{"embeddable":true,"href":"https:\/\/blog.ube.fr\/ajmgb\/wp-json\/wp\/v2\/comments?post=97"}],"version-history":[{"count":11,"href":"https:\/\/blog.ube.fr\/ajmgb\/wp-json\/wp\/v2\/pages\/97\/revisions"}],"predecessor-version":[{"id":946,"href":"https:\/\/blog.ube.fr\/ajmgb\/wp-json\/wp\/v2\/pages\/97\/revisions\/946"}],"up":[{"embeddable":true,"href":"https:\/\/blog.ube.fr\/ajmgb\/wp-json\/wp\/v2\/pages\/84"}],"wp:attachment":[{"href":"https:\/\/blog.ube.fr\/ajmgb\/wp-json\/wp\/v2\/media?parent=97"}],"curies":[{"name":"wp","href":"https:\/\/api.w.org\/{rel}","templated":true}]}}