{"id":552,"date":"2023-08-30T21:46:59","date_gmt":"2023-08-30T19:46:59","guid":{"rendered":"https:\/\/blog.u-bourgogne.fr\/ajmgb\/?page_id=552"},"modified":"2025-10-01T17:37:50","modified_gmt":"2025-10-01T15:37:50","slug":"deroule-des-choix-de-stages","status":"publish","type":"page","link":"https:\/\/blog.ube.fr\/ajmgb\/stages\/deroule-des-choix-de-stages\/","title":{"rendered":"D\u00e9roul\u00e9 des choix de stages"},"content":{"rendered":"<p style=\"text-align: justify;\"><span style=\"font-family: arial, helvetica, sans-serif;\"><a id=\"deroule\"><\/a>Les choix de stage se d\u00e9roulent en <span style=\"color: #0000ff;\">amphith\u00e9\u00e2tre<\/span>, environ 3-4 semaines avant le d\u00e9but du nouveau semestre, par phase (socle ou approfondissement). Les internes sont appel\u00e9s dans l&#8217;ordre selon leur rang de classement, issu d&#8217;un savant calcul reposant sur leur classement ECN, leur anciennet\u00e9 comprenant les semestres valid\u00e9s r\u00e9alis\u00e9s dans un autre DES (droit au remord) etc. L&#8217;\u00e9tudiant a alors quelques secondes pour annoncer le stage qui l&#8217;int\u00e9resse.<\/span><\/p>\n<p style=\"text-align: justify;\"><span style=\"font-family: arial, helvetica, sans-serif;\">Afin de pr\u00e9parer ce moment stressant, l&#8217;AJMGB organise des pr\u00e9-choix durant le mois pr\u00e9c\u00e9dent le choix.<\/span><span style=\"font-family: arial, helvetica, sans-serif; font-size: 10pt;\">\u00a0<\/span><\/p>\n<hr \/>\n<h3 class=\"p1\">\ud83d\udcbb <span style=\"font-family: arial, helvetica, sans-serif;\">OPPI <\/span>\ud83d\udd17<\/h3>\n<p style=\"text-align: justify;\"><span style=\"font-family: arial, helvetica, sans-serif;\">Les <span style=\"color: #0000ff;\">pr\u00e9choix<\/span> se d\u00e9roulent sur la plateforme <a href=\"https:\/\/ajmgb.prechoix.app\/connection\"><span style=\"color: #0000ff;\">OPPI<\/span>.<\/a> Les internes y d\u00e9posent en fin de semestre leurs <span style=\"color: #0000ff;\">\u00e9valuations<\/span>, qui sont relues et valid\u00e9es manuellement par les membres de l&#8217;association. D\u00e9poser son \u00e9valuation permet d&#8217;avoir acc\u00e8s \u00e0 celles des autres internes et de choisir son stage en toute connaissance de cause. <\/span>\ud83d\udce5<\/p>\n<p class=\"p1\">\ud83e\udd29 <span style=\"font-family: arial, helvetica, sans-serif;\">Dans un deuxi\u00e8me temps, il est ensuite possible de <span style=\"color: #0000ff;\">simuler<\/span> ses choix ce qui a une importance :<\/span><\/p>\n<ul style=\"text-align: justify;\">\n<li><span style=\"font-family: arial, helvetica, sans-serif;\">pour les autres internes, bien s\u00fbr : si tout le monde simule, les pr\u00e9-choix s&#8217;approcheront des choix finaux ;<\/span><\/li>\n<li><span style=\"font-family: arial, helvetica, sans-serif;\">pour contr\u00f4ler l&#8217;ouverture des postes sur chaque terrain : lors des diff\u00e9rentes commissions, l&#8217;AJMGB repr\u00e9sente vos v\u0153ux devant l&#8217;ARS \u21d2 si un stage est beaucoup pr\u00e9-choisi, on se battra pour qu&#8217;un maximum de places soient disponibles. A l&#8217;inverse, si un stage n&#8217;est pas pr\u00e9-choisi celui-ci sera ferm\u00e9 et ne sera plus disponible lors des vrais choix.<\/span><\/li>\n<\/ul>\n<p style=\"text-align: justify;\"><a href=\"#deroule\"><span style=\"font-family: arial, helvetica, sans-serif; font-size: 10pt;\">Retour en haut de page<\/span><\/a><\/p>\n<hr \/>\n<h3 style=\"text-align: justify;\">\ud83d\udc65 <span style=\"font-family: arial, helvetica, sans-serif;\">Les diff\u00e9rentes commissions<\/span><\/h3>\n<h5><span style=\"font-family: arial, helvetica, sans-serif;\">La <span style=\"color: #0000ff;\">CEBF<\/span> : Commission d&#8217;Evaluation des Besoins de Formation<\/span><\/h5>\n<p class=\"p1\">\ud83d\udc4a\ud83c\udffb\u00a0<span style=\"font-family: arial, helvetica, sans-serif;\">La CEBF r\u00e9unit l&#8217;UFR, les coordinateurs de chaque sp\u00e9cialit\u00e9, l&#8217;ARS et les repr\u00e9sentants des internes. Chaque sp\u00e9cialit\u00e9 y expose les besoins de ses internes en regard des capacit\u00e9s d&#8217;accueil de chaque terrain de stage. L&#8217;AJMGB y d\u00e9fend les postes qui reviennent le plus lors de la premi\u00e8re phase des pr\u00e9-choix. <\/span>\ud83d\udcaa\ud83c\udffb\ud83d\udca5\u00a0<span style=\"font-family: arial, helvetica, sans-serif;\">Il en ressort une liste <em><span style=\"text-decoration: underline;\">provisoire<\/span><\/em> des postes ouverts.<\/span><\/p>\n<h5><span style=\"font-family: arial, helvetica, sans-serif;\">La <span style=\"color: #0000ff;\">CSR<\/span> : Commission de Subdivision en vue de la R\u00e9partition<\/span><\/h5>\n<p><span style=\"font-family: arial, helvetica, sans-serif;\">\ud83d\udcc3 A l&#8217;issue de la CSR, l&#8217;ARS fournit la liste <span style=\"text-decoration: underline;\"><strong>d\u00e9finitive<\/strong><\/span> d\u00e9finitive des postes ouverts pour le semestre pour chaque sp\u00e9cialit\u00e9.<\/span><\/p>\n<h3 style=\"text-align: justify;\"><a href=\"#deroule\"><span style=\"font-family: arial, helvetica, sans-serif; font-size: 10pt;\">Retour en haut de page<\/span><\/a><\/h3>\n<hr \/>\n<h3 class=\"p1\">\ud83d\uddd3<span style=\"font-family: arial, helvetica, sans-serif;\"> Calendrier des choix &#8211; Novembre 2025<\/span><\/h3>\n<p style=\"text-align: justify;\"><span style=\"font-family: arial, helvetica, sans-serif;\">Les choix auront lieu le <span style=\"color: #0000ff;\">mardi 7 octobre<\/span> \u00e0 l&#8217;UFR :<\/span><\/p>\n<ul style=\"text-align: justify;\">\n<li><span style=\"font-family: arial, helvetica, sans-serif;\">\u00e0 <span style=\"color: #0000ff;\">14h<\/span> pour les P1\/phase socle<\/span><\/li>\n<li><span style=\"font-family: arial, helvetica, sans-serif;\">\u00e0 <span style=\"color: #0000ff;\">15h00<\/span> pour les P2\/phase d&#8217;approfondissement<\/span><\/li>\n<\/ul>\n<p><img loading=\"lazy\" decoding=\"async\" class=\"aligncenter size-large wp-image-1022\" src=\"https:\/\/blog.ube.fr\/ajmgb\/wp-content\/uploads\/sites\/188\/2025\/10\/Capture-decran-2025-10-01-a-09.47.56-940x1024.png\" alt=\"\" width=\"656\" height=\"715\" srcset=\"https:\/\/blog.ube.fr\/ajmgb\/wp-content\/uploads\/sites\/188\/2025\/10\/Capture-decran-2025-10-01-a-09.47.56-940x1024.png 940w, https:\/\/blog.ube.fr\/ajmgb\/wp-content\/uploads\/sites\/188\/2025\/10\/Capture-decran-2025-10-01-a-09.47.56-275x300.png 275w, https:\/\/blog.ube.fr\/ajmgb\/wp-content\/uploads\/sites\/188\/2025\/10\/Capture-decran-2025-10-01-a-09.47.56-768x836.png 768w, https:\/\/blog.ube.fr\/ajmgb\/wp-content\/uploads\/sites\/188\/2025\/10\/Capture-decran-2025-10-01-a-09.47.56.png 1100w\" sizes=\"auto, (max-width: 656px) 100vw, 656px\" \/><\/p>\n<h1 data-start=\"100\" data-end=\"177\"><span style=\"font-family: arial, helvetica, sans-serif; font-size: 18pt;\">\ud83d\udcd1 Formulaire et documents pour r\u00e9aliser une procuration \u2014 Choix de stage<\/span><\/h1>\n<p data-start=\"179\" data-end=\"395\"><span style=\"font-family: arial, helvetica, sans-serif;\">Vous ne pouvez pas \u00eatre pr\u00e9sent\u00b7e le jour des choix de stage \u2753 Pas d\u2019inqui\u00e9tude, il est possible de r\u00e9aliser une <strong data-start=\"292\" data-end=\"307\">procuration<\/strong> afin que l\u2019<strong data-start=\"319\" data-end=\"328\">AJMGB<\/strong> ou un\u00b7e co-interne choisisse \u00e0 votre place votre prochain stage.<\/span><\/p>\n<hr data-start=\"397\" data-end=\"400\" \/>\n<h2 data-start=\"402\" data-end=\"425\"><span style=\"font-family: arial, helvetica, sans-serif;\">\u270d\ufe0f \u00c9tapes \u00e0 suivre<\/span><\/h2>\n<p data-start=\"427\" data-end=\"596\"><span style=\"font-family: arial, helvetica, sans-serif;\">1\ufe0f\u20e3 <strong data-start=\"431\" data-end=\"465\">Remplir le formulaire en ligne<\/strong><\/span><br data-start=\"465\" data-end=\"468\" \/><span style=\"font-family: arial, helvetica, sans-serif;\">\ud83d\udc49 <a href=\"https:\/\/docs.google.com\/forms\/d\/e\/1FAIpQLSesbbQXBJ-nWTTqRLFIp-hy6PRACs2vPrPIDw5aavzyZiz5zA\/viewform\">[Lien vers le GForm de demande de procuration]<\/a><\/span><br data-start=\"517\" data-end=\"520\" \/><span style=\"font-family: arial, helvetica, sans-serif;\">Ce formulaire est obligatoire, m\u00eame si vous nous avez d\u00e9j\u00e0 envoy\u00e9 un mail.<\/span><\/p>\n<p data-start=\"598\" data-end=\"642\"><span style=\"font-family: arial, helvetica, sans-serif;\">2\ufe0f\u20e3 <strong data-start=\"602\" data-end=\"640\">Pr\u00e9parer les documents n\u00e9cessaires<\/strong><\/span><\/p>\n<ul>\n<li data-start=\"645\" data-end=\"716\"><span style=\"font-family: arial, helvetica, sans-serif;\">Le <strong data-start=\"648\" data-end=\"689\">document de procuration (format Word)<\/strong> d\u00fbment compl\u00e9t\u00e9 et sign\u00e9<\/span><\/li>\n<li data-start=\"719\" data-end=\"774\"><span style=\"font-family: arial, helvetica, sans-serif;\">Une <strong data-start=\"723\" data-end=\"758\">copie de votre carte d\u2019identit\u00e9<\/strong> (recto\/verso)<\/span><\/li>\n<\/ul>\n<p data-start=\"776\" data-end=\"901\"><span style=\"font-family: arial, helvetica, sans-serif;\">3\ufe0f\u20e3 <strong data-start=\"780\" data-end=\"800\">Envoyer par mail<\/strong><\/span><br data-start=\"800\" data-end=\"803\" \/><span style=\"font-family: arial, helvetica, sans-serif;\">Une fois le formulaire rempli, envoyez les deux documents aux adresses suivantes :\u00a0<strong data-start=\"875\" data-end=\"899\"><a class=\"decorated-link cursor-pointer\" rel=\"noopener\" data-start=\"877\" data-end=\"897\"><br \/>\n<\/a><\/strong><\/span><\/p>\n<ul>\n<li>l&#8217;ARS : <strong>xavier.montureux@ars.sante.fr\u00a0<\/strong><\/li>\n<li>la scolarit\u00e9 : <strong>nathalie.ustun@u-bourgogne.fr<\/strong><\/li>\n<li>l&#8217;AJMGB : <strong>ajmgbdijon@gmail.com<\/strong> (m\u00eame si vous faites votre procuration \u00e0 un autre interne et pas \u00e0 nous)<\/li>\n<\/ul>\n<p data-start=\"776\" data-end=\"901\"><span style=\"font-family: arial, helvetica, sans-serif;\"><strong data-start=\"875\" data-end=\"899\"><a class=\"decorated-link cursor-pointer\" rel=\"noopener\" data-start=\"877\" data-end=\"897\">\u00a0<\/a><\/strong><\/span><\/p>\n<hr data-start=\"903\" data-end=\"906\" \/>\n<h2 data-start=\"908\" data-end=\"924\"><span style=\"font-family: arial, helvetica, sans-serif;\">\u2705 Important<\/span><\/h2>\n<ul>\n<li data-start=\"927\" data-end=\"991\"><span style=\"font-family: arial, helvetica, sans-serif;\">Sans ces documents, la procuration ne pourra pas \u00eatre valid\u00e9e.<\/span><\/li>\n<li data-start=\"994\" data-end=\"1111\"><span style=\"font-family: arial, helvetica, sans-serif;\">Merci de remplir le <strong data-start=\"1014\" data-end=\"1023\">GForm<\/strong> dans tous les cas : il nous permet de centraliser les demandes et de ne rien oublier.<\/span><\/li>\n<li data-start=\"1114\" data-end=\"1211\"><span style=\"font-family: arial, helvetica, sans-serif;\">Si vous mandatez un\u00b7e co-interne, assurez-vous qu\u2019il\/elle a bien pris connaissance de vos v\u0153ux.<\/span><\/li>\n<\/ul>\n<hr data-start=\"1213\" data-end=\"1216\" \/>\n<p data-start=\"1218\" data-end=\"1320\"><span style=\"font-family: arial, helvetica, sans-serif;\">\ud83d\udc49 La procuration est un moyen simple et s\u00e9curis\u00e9 de garantir votre choix de stage, m\u00eame \u00e0 distance.<\/span><\/p>\n<p data-start=\"1322\" data-end=\"1373\"><span style=\"font-family: arial, helvetica, sans-serif;\">\ud83d\udcec Pour toute question : <strong data-start=\"1347\" data-end=\"1371\"><a class=\"decorated-link cursor-pointer\" rel=\"noopener\" data-start=\"1349\" data-end=\"1369\">ajmgbdijon@gmail.com<\/a><\/strong><\/span><\/p>\n<p style=\"text-align: justify;\"><a href=\"#deroule\"><span style=\"font-family: arial, helvetica, sans-serif; font-size: 10pt;\">Retour en haut de page<\/span><\/a><\/p>\n","protected":false},"excerpt":{"rendered":"<p>Les choix de stage se d\u00e9roulent en amphith\u00e9\u00e2tre, environ 3-4 semaines avant le d\u00e9but du nouveau semestre, par phase (socle ou approfondissement). Les internes sont appel\u00e9s dans l&#8217;ordre selon leur rang de classement, issu d&#8217;un savant calcul reposant sur leur classement ECN, leur anciennet\u00e9 comprenant les semestres valid\u00e9s r\u00e9alis\u00e9s dans un autre DES (droit au&hellip;<\/p>\n<p class=\"more-link-p\"><a class=\"btn btn-primary\" href=\"https:\/\/blog.ube.fr\/ajmgb\/stages\/deroule-des-choix-de-stages\/\">Voir plus &rarr;<\/a><\/p>\n","protected":false},"author":4814,"featured_media":0,"parent":99,"menu_order":0,"comment_status":"closed","ping_status":"closed","template":"","meta":{"_exactmetrics_skip_tracking":false,"_exactmetrics_sitenote_active":false,"_exactmetrics_sitenote_note":"","_exactmetrics_sitenote_category":0,"footnotes":""},"class_list":["post-552","page","type-page","status-publish","hentry"],"_links":{"self":[{"href":"https:\/\/blog.ube.fr\/ajmgb\/wp-json\/wp\/v2\/pages\/552","targetHints":{"allow":["GET"]}}],"collection":[{"href":"https:\/\/blog.ube.fr\/ajmgb\/wp-json\/wp\/v2\/pages"}],"about":[{"href":"https:\/\/blog.ube.fr\/ajmgb\/wp-json\/wp\/v2\/types\/page"}],"author":[{"embeddable":true,"href":"https:\/\/blog.ube.fr\/ajmgb\/wp-json\/wp\/v2\/users\/4814"}],"replies":[{"embeddable":true,"href":"https:\/\/blog.ube.fr\/ajmgb\/wp-json\/wp\/v2\/comments?post=552"}],"version-history":[{"count":18,"href":"https:\/\/blog.ube.fr\/ajmgb\/wp-json\/wp\/v2\/pages\/552\/revisions"}],"predecessor-version":[{"id":1033,"href":"https:\/\/blog.ube.fr\/ajmgb\/wp-json\/wp\/v2\/pages\/552\/revisions\/1033"}],"up":[{"embeddable":true,"href":"https:\/\/blog.ube.fr\/ajmgb\/wp-json\/wp\/v2\/pages\/99"}],"wp:attachment":[{"href":"https:\/\/blog.ube.fr\/ajmgb\/wp-json\/wp\/v2\/media?parent=552"}],"curies":[{"name":"wp","href":"https:\/\/api.w.org\/{rel}","templated":true}]}}