{"id":340,"date":"2023-08-04T11:20:16","date_gmt":"2023-08-04T09:20:16","guid":{"rendered":"https:\/\/blog.u-bourgogne.fr\/ajmgb\/?page_id=340"},"modified":"2025-03-13T22:25:40","modified_gmt":"2025-03-13T21:25:40","slug":"congres-formations-non-facultaires","status":"publish","type":"page","link":"https:\/\/blog.ube.fr\/ajmgb\/formation\/congres-formations-non-facultaires\/","title":{"rendered":"Congr\u00e8s &#8211; Formations (non facultaires)"},"content":{"rendered":"<h3>Programme des \u00e9v\u00e8nements et dates<\/h3>\n<ul>\n<li><span style=\"font-size: 14pt; font-family: georgia, palatino, serif;\"><span style=\"font-size: 12pt;\"><span style=\"text-decoration: underline;\">6 &amp; 7 f\u00e9vrier 2025 :<\/span> Congr\u00e8s<a href=\"https:\/\/congres.isnar-img.com\/\"> <strong>ISNAR-IMG<\/strong><\/a> \u00e0 Lille\u00a0<\/span><\/span><\/li>\n<li><span style=\"font-size: 12pt;\"><span style=\"font-family: georgia, palatino, serif;\"><span style=\"text-decoration: underline;\">27 au 29 Mars 2025 :<\/span><a href=\"https:\/\/www.congresmg.fr\/\"> <strong>CMGF<\/strong><\/a> \u00e0 Paris<\/span><\/span><\/li>\n<li><span style=\"font-size: 12pt; font-family: georgia, palatino, serif;\"><span style=\"text-decoration: underline;\">14 juin 2024 :<\/span><a href=\"https:\/\/www.pmbfc.fr\/\"><strong> Printemps M\u00e9dical de Bourgogne<\/strong><\/a> \u00e0 Beaune<\/span><\/li>\n<li><span style=\"font-size: 12pt; font-family: georgia, palatino, serif;\"><span style=\"text-decoration: underline;\">4 octobre 2025<\/span> : <a href=\"https:\/\/www.preuvesetpratiques.com\/congres\/beaune-2025.html\"><strong>Preuve &amp; Pratique<\/strong> <\/a>Beaune<\/span><\/li>\n<li><span style=\"font-size: 14pt; font-family: georgia, palatino, serif;\"><span style=\"font-size: 12pt;\"><span style=\"text-decoration: underline;\">3 au 5 d\u00e9cembre 2025<\/span> : <a href=\"https:\/\/www.congrescnge.fr\/programme-2025\/\"><strong>CNGE<\/strong> <\/a>\u00e0 Toulouse <\/span><\/span><\/li>\n<\/ul>\n<hr \/>\n<div id='gallery-1' class='gallery galleryid-340 gallery-columns-2 gallery-size-full'><dl class='gallery-item'>\n\t\t\t<dt class='gallery-icon landscape'>\n\t\t\t\t<a href='https:\/\/blog.ube.fr\/ajmgb\/formation\/congres-formations-non-facultaires\/2-4\/'><img loading=\"lazy\" decoding=\"async\" width=\"1080\" height=\"1080\" src=\"https:\/\/blog.ube.fr\/ajmgb\/wp-content\/uploads\/sites\/188\/2025\/03\/2.png\" class=\"attachment-full size-full\" alt=\"\" aria-describedby=\"gallery-1-982\" srcset=\"https:\/\/blog.ube.fr\/ajmgb\/wp-content\/uploads\/sites\/188\/2025\/03\/2.png 1080w, https:\/\/blog.ube.fr\/ajmgb\/wp-content\/uploads\/sites\/188\/2025\/03\/2-300x300.png 300w, https:\/\/blog.ube.fr\/ajmgb\/wp-content\/uploads\/sites\/188\/2025\/03\/2-1024x1024.png 1024w, https:\/\/blog.ube.fr\/ajmgb\/wp-content\/uploads\/sites\/188\/2025\/03\/2-150x150.png 150w, https:\/\/blog.ube.fr\/ajmgb\/wp-content\/uploads\/sites\/188\/2025\/03\/2-768x768.png 768w\" sizes=\"auto, (max-width: 1080px) 100vw, 1080px\" \/><\/a>\n\t\t\t<\/dt>\n\t\t\t\t<dd class='wp-caption-text gallery-caption' id='gallery-1-982'>\n\t\t\t\tCongr\u00e8s ISNAR-IMG\n\t\t\t\t<\/dd><\/dl><dl class='gallery-item'>\n\t\t\t<dt class='gallery-icon landscape'>\n\t\t\t\t<a href='https:\/\/blog.ube.fr\/ajmgb\/formation\/congres-formations-non-facultaires\/3-4\/'><img loading=\"lazy\" decoding=\"async\" width=\"1080\" height=\"1080\" src=\"https:\/\/blog.ube.fr\/ajmgb\/wp-content\/uploads\/sites\/188\/2025\/03\/3.png\" class=\"attachment-full size-full\" alt=\"\" aria-describedby=\"gallery-1-983\" srcset=\"https:\/\/blog.ube.fr\/ajmgb\/wp-content\/uploads\/sites\/188\/2025\/03\/3.png 1080w, https:\/\/blog.ube.fr\/ajmgb\/wp-content\/uploads\/sites\/188\/2025\/03\/3-300x300.png 300w, https:\/\/blog.ube.fr\/ajmgb\/wp-content\/uploads\/sites\/188\/2025\/03\/3-1024x1024.png 1024w, https:\/\/blog.ube.fr\/ajmgb\/wp-content\/uploads\/sites\/188\/2025\/03\/3-150x150.png 150w, https:\/\/blog.ube.fr\/ajmgb\/wp-content\/uploads\/sites\/188\/2025\/03\/3-768x768.png 768w\" sizes=\"auto, (max-width: 1080px) 100vw, 1080px\" \/><\/a>\n\t\t\t<\/dt>\n\t\t\t\t<dd class='wp-caption-text gallery-caption' id='gallery-1-983'>\n\t\t\t\tCMGF\n\t\t\t\t<\/dd><\/dl><br style=\"clear: both\" \/><dl class='gallery-item'>\n\t\t\t<dt class='gallery-icon landscape'>\n\t\t\t\t<a href='https:\/\/blog.ube.fr\/ajmgb\/formation\/congres-formations-non-facultaires\/4-4\/'><img loading=\"lazy\" decoding=\"async\" width=\"1080\" height=\"1080\" src=\"https:\/\/blog.ube.fr\/ajmgb\/wp-content\/uploads\/sites\/188\/2025\/03\/4.png\" class=\"attachment-full size-full\" alt=\"\" aria-describedby=\"gallery-1-984\" srcset=\"https:\/\/blog.ube.fr\/ajmgb\/wp-content\/uploads\/sites\/188\/2025\/03\/4.png 1080w, https:\/\/blog.ube.fr\/ajmgb\/wp-content\/uploads\/sites\/188\/2025\/03\/4-300x300.png 300w, https:\/\/blog.ube.fr\/ajmgb\/wp-content\/uploads\/sites\/188\/2025\/03\/4-1024x1024.png 1024w, https:\/\/blog.ube.fr\/ajmgb\/wp-content\/uploads\/sites\/188\/2025\/03\/4-150x150.png 150w, https:\/\/blog.ube.fr\/ajmgb\/wp-content\/uploads\/sites\/188\/2025\/03\/4-768x768.png 768w\" sizes=\"auto, (max-width: 1080px) 100vw, 1080px\" \/><\/a>\n\t\t\t<\/dt>\n\t\t\t\t<dd class='wp-caption-text gallery-caption' id='gallery-1-984'>\n\t\t\t\tPreuve et Pratique Beaune\n\t\t\t\t<\/dd><\/dl><dl class='gallery-item'>\n\t\t\t<dt class='gallery-icon landscape'>\n\t\t\t\t<a href='https:\/\/blog.ube.fr\/ajmgb\/formation\/congres-formations-non-facultaires\/5-4\/'><img loading=\"lazy\" decoding=\"async\" width=\"1080\" height=\"1080\" src=\"https:\/\/blog.ube.fr\/ajmgb\/wp-content\/uploads\/sites\/188\/2025\/03\/5.png\" class=\"attachment-full size-full\" alt=\"\" aria-describedby=\"gallery-1-985\" srcset=\"https:\/\/blog.ube.fr\/ajmgb\/wp-content\/uploads\/sites\/188\/2025\/03\/5.png 1080w, https:\/\/blog.ube.fr\/ajmgb\/wp-content\/uploads\/sites\/188\/2025\/03\/5-300x300.png 300w, https:\/\/blog.ube.fr\/ajmgb\/wp-content\/uploads\/sites\/188\/2025\/03\/5-1024x1024.png 1024w, https:\/\/blog.ube.fr\/ajmgb\/wp-content\/uploads\/sites\/188\/2025\/03\/5-150x150.png 150w, https:\/\/blog.ube.fr\/ajmgb\/wp-content\/uploads\/sites\/188\/2025\/03\/5-768x768.png 768w\" sizes=\"auto, (max-width: 1080px) 100vw, 1080px\" \/><\/a>\n\t\t\t<\/dt>\n\t\t\t\t<dd class='wp-caption-text gallery-caption' id='gallery-1-985'>\n\t\t\t\tCNGE\n\t\t\t\t<\/dd><\/dl><br style=\"clear: both\" \/>\n\t\t<\/div>\n\n","protected":false},"excerpt":{"rendered":"<p>Programme des \u00e9v\u00e8nements et dates 6 &amp; 7 f\u00e9vrier 2025 : Congr\u00e8s ISNAR-IMG \u00e0 Lille\u00a0 27 au 29 Mars 2025 : CMGF \u00e0 Paris 14 juin 2024 : Printemps M\u00e9dical de Bourgogne \u00e0 Beaune 4 octobre 2025 : Preuve &amp; Pratique Beaune 3 au 5 d\u00e9cembre 2025 : CNGE \u00e0 Toulouse<\/p>\n<p class=\"more-link-p\"><a class=\"btn btn-primary\" href=\"https:\/\/blog.ube.fr\/ajmgb\/formation\/congres-formations-non-facultaires\/\">Voir plus &rarr;<\/a><\/p>\n","protected":false},"author":4923,"featured_media":0,"parent":106,"menu_order":4,"comment_status":"closed","ping_status":"closed","template":"","meta":{"_exactmetrics_skip_tracking":false,"_exactmetrics_sitenote_active":false,"_exactmetrics_sitenote_note":"","_exactmetrics_sitenote_category":0,"footnotes":""},"class_list":["post-340","page","type-page","status-publish","hentry"],"_links":{"self":[{"href":"https:\/\/blog.ube.fr\/ajmgb\/wp-json\/wp\/v2\/pages\/340","targetHints":{"allow":["GET"]}}],"collection":[{"href":"https:\/\/blog.ube.fr\/ajmgb\/wp-json\/wp\/v2\/pages"}],"about":[{"href":"https:\/\/blog.ube.fr\/ajmgb\/wp-json\/wp\/v2\/types\/page"}],"author":[{"embeddable":true,"href":"https:\/\/blog.ube.fr\/ajmgb\/wp-json\/wp\/v2\/users\/4923"}],"replies":[{"embeddable":true,"href":"https:\/\/blog.ube.fr\/ajmgb\/wp-json\/wp\/v2\/comments?post=340"}],"version-history":[{"count":10,"href":"https:\/\/blog.ube.fr\/ajmgb\/wp-json\/wp\/v2\/pages\/340\/revisions"}],"predecessor-version":[{"id":992,"href":"https:\/\/blog.ube.fr\/ajmgb\/wp-json\/wp\/v2\/pages\/340\/revisions\/992"}],"up":[{"embeddable":true,"href":"https:\/\/blog.ube.fr\/ajmgb\/wp-json\/wp\/v2\/pages\/106"}],"wp:attachment":[{"href":"https:\/\/blog.ube.fr\/ajmgb\/wp-json\/wp\/v2\/media?parent=340"}],"curies":[{"name":"wp","href":"https:\/\/api.w.org\/{rel}","templated":true}]}}