{"id":106,"date":"2023-05-20T16:19:51","date_gmt":"2023-05-20T14:19:51","guid":{"rendered":"https:\/\/blog.u-bourgogne.fr\/ajmgb\/?page_id=106"},"modified":"2024-01-06T20:39:00","modified_gmt":"2024-01-06T19:39:00","slug":"formation","status":"publish","type":"page","link":"https:\/\/blog.ube.fr\/ajmgb\/formation\/","title":{"rendered":"Formation"},"content":{"rendered":"<p>Tu peux retrouver tous les \u00e9v\u00e8nements du mois \u00e0 venir sur les calendriers que nous publions chaque mois sur notre <a href=\"https:\/\/www.instagram.com\/ajmgbdijon\/\">page instagram<\/a> (@ajmgbdijon) !<\/p>\n<hr \/>\n<p style=\"text-align: center;\"><span style=\"text-decoration: underline; font-size: 24pt; color: #000000;\"><strong>FORMATIONS UNIVERSITAIRES<\/strong><\/span><\/p>\n<p><span style=\"font-size: 18pt; color: #000000; font-family: arial black, sans-serif;\"><strong>1\u00e8re Ann\u00e9e<\/strong><\/span><\/p>\n<p class=\"cvGsUA direction-ltr align-start para-style-body\"><span style=\"font-family: book antiqua, palatino, serif;\"><span class=\"OYPEnA text-decoration-none text-strikethrough-none\"><strong>Journ\u00e9e d\u2019accueil<\/strong> : <\/span><span class=\"OYPEnA text-decoration-none text-strikethrough-none\">Jeudi 9 novembre 2023 <\/span><span class=\"OYPEnA text-decoration-none text-strikethrough-none\">(journ\u00e9e compl\u00e8te)<\/span><\/span><\/p>\n<p class=\"cvGsUA direction-ltr align-start para-style-body\"><span style=\"font-family: book antiqua, palatino, serif;\"><strong><span class=\"OYPEnA text-decoration-none text-strikethrough-none\">S\u00e9minaire RSCA-Portfolio : <\/span><\/strong><span class=\"OYPEnA text-decoration-none text-strikethrough-none\">Jeudi 7 d\u00e9cembre 2023<\/span><\/span><\/p>\n<p class=\"cvGsUA direction-ltr align-start para-style-body\"><span style=\"font-family: book antiqua, palatino, serif;\"><strong><span class=\"OYPEnA text-decoration-none text-strikethrough-none\">S\u00e9minaire Th\u00e8se <\/span><\/strong><span class=\"OYPEnA text-decoration-none text-strikethrough-none\"><strong>:<\/strong> Jeudi 11 juillet 2024<\/span><\/span><\/p>\n<p class=\"cvGsUA direction-ltr align-start para-style-body\"><span style=\"font-family: book antiqua, palatino, serif;\"><strong><span class=\"OYPEnA text-decoration-none text-strikethrough-none\">Ateliers Recherches Biblio \u2013 Comm&#8217; 1 : <\/span><\/strong><span class=\"OYPEnA text-decoration-none text-strikethrough-none\">Jeudi 1er f\u00e9vrier 2024<\/span> &#8211; <span class=\"OYPEnA text-decoration-none text-strikethrough-none\">OU<\/span><span class=\"OYPEnA text-decoration-none text-strikethrough-none\"> Jeudi 6 juin 2024<\/span><\/span><\/p>\n<p class=\"cvGsUA direction-ltr align-start para-style-body\"><span style=\"font-family: book antiqua, palatino, serif;\"><strong><span class=\"OYPEnA text-decoration-none text-strikethrough-none\">Ateliers Formulaires \u2013 SNP Urgences<\/span><span class=\"OYPEnA text-decoration-none text-strikethrough-none\"> : <\/span><\/strong><span class=\"OYPEnA text-decoration-none text-strikethrough-none\">Jeudi 4 avril 2023 &#8211; <\/span><span class=\"OYPEnA text-decoration-none text-strikethrough-none\">OU<\/span><span class=\"OYPEnA text-decoration-none text-strikethrough-none\"> Jeudi 3 octobre 2024<\/span><\/span><\/p>\n<p><span style=\"font-size: 18pt; color: #000000; font-family: arial black, sans-serif;\"><strong>2\u00e8me Ann\u00e9e<\/strong><\/span><\/p>\n<p class=\"cvGsUA direction-ltr align-start para-style-body\"><span style=\"font-family: book antiqua, palatino, serif;\"><span class=\"OYPEnA text-decoration-none text-strikethrough-none\"><strong>Journ\u00e9e Portfolio<\/strong> : <\/span><span class=\"OYPEnA text-decoration-none text-strikethrough-none\">Jeudi 26 septembre 2024 <\/span><span class=\"OYPEnA text-decoration-none text-strikethrough-none\">(pr\u00e9cisions transmises lors du 2nd semestre)<\/span><\/span><\/p>\n<p class=\"cvGsUA direction-ltr align-start para-style-body\"><span style=\"font-family: book antiqua, palatino, serif;\"><span class=\"OYPEnA text-decoration-none text-strikethrough-none\"><strong>S\u00e9minaire Th\u00e8se<\/strong> : <\/span><span class=\"OYPEnA text-decoration-none text-strikethrough-none\">Jeudi 8 f\u00e9vrier 2024<\/span><\/span><\/p>\n<p class=\"cvGsUA direction-ltr align-start para-style-body\"><span style=\"font-family: book antiqua, palatino, serif;\"><strong><span class=\"OYPEnA text-decoration-none text-strikethrough-none\">S\u00e9minaire Multi morbidit\u00e9 :<\/span><\/strong><span class=\"OYPEnA text-decoration-none text-strikethrough-none\"> Jeudi 13 Juin 2024<\/span><\/span><\/p>\n<p class=\"cvGsUA direction-ltr align-start para-style-body\"><span style=\"font-family: book antiqua, palatino, serif;\"><strong><span class=\"OYPEnA text-decoration-none text-strikethrough-none\">Ateliers Comm&#8217; 2 &#8211; Dermatologie <\/span><span class=\"OYPEnA text-decoration-none text-strikethrough-none\">:<\/span><\/strong><span class=\"OYPEnA text-decoration-none text-strikethrough-none\"> Jeudi 14 d\u00e9cembre 2023<\/span> &#8211; <span class=\"OYPEnA text-decoration-none text-strikethrough-none\">OU<\/span><span class=\"OYPEnA text-decoration-none text-strikethrough-none\"> Jeudi 23 mai 2024<\/span><\/span><\/p>\n<p class=\"cvGsUA direction-ltr align-start para-style-body\"><span style=\"font-family: book antiqua, palatino, serif;\"><strong><span class=\"OYPEnA text-decoration-none text-strikethrough-none\">Ateliers Sant\u00e9 du Couple \u2013 Sant\u00e9 de la Femme<\/span><span class=\"OYPEnA text-decoration-none text-strikethrough-none\"> :<\/span><\/strong><span class=\"OYPEnA text-decoration-none text-strikethrough-none\"> Jeudi 11 janv. 2024 &#8211; <\/span><span class=\"OYPEnA text-decoration-none text-strikethrough-none\">OU<\/span><span class=\"OYPEnA text-decoration-none text-strikethrough-none\"> Jeudi 12 sept.\u00a0 2024<\/span><\/span><\/p>\n<p><span style=\"color: #000000; font-family: arial black, sans-serif;\"><strong><span style=\"font-size: 18pt;\">3\u00e8me ann\u00e9e<\/span><\/strong><\/span><\/p>\n<p class=\"cvGsUA direction-ltr align-start para-style-body\"><span style=\"font-family: book antiqua, palatino, serif;\"><span class=\"OYPEnA text-decoration-none text-strikethrough-none\"><strong>S\u00e9minaire Organisation des Soins<\/strong> : <\/span><span class=\"OYPEnA text-decoration-none text-strikethrough-none\">Jeudi 15 f\u00e9vrier 2024<\/span><\/span><\/p>\n<p class=\"cvGsUA direction-ltr align-start para-style-body\"><span class=\"OYPEnA text-decoration-none text-strikethrough-none\" style=\"font-family: book antiqua, palatino, serif;\"><strong>S\u00e9minaire Installation \/ Remplacement :<\/strong> Jeudi 20 juin 2024<\/span><\/p>\n<p class=\"cvGsUA direction-ltr para-style-body align-start\"><span style=\"font-family: book antiqua, palatino, serif;\"><strong><span class=\"OYPEnA text-decoration-none text-strikethrough-none\">Ateliers Sant\u00e9 du Couple &#8211; Maintien \u00e0 Domicile<\/span> <span class=\"OYPEnA text-decoration-none text-strikethrough-none\">:<\/span><\/strong><span class=\"OYPEnA text-decoration-none text-strikethrough-none\"> Jeudi 16 nov. 2023 <\/span><span class=\"OYPEnA text-decoration-none text-strikethrough-none\">OU<\/span><span class=\"OYPEnA text-decoration-none text-strikethrough-none\"> Jeudi 16 mai 2024<\/span><\/span><\/p>\n<p class=\"cvGsUA direction-ltr para-style-body align-start\"><span style=\"font-family: book antiqua, palatino, serif;\"><strong><span class=\"OYPEnA text-decoration-none text-strikethrough-none\">Ateliers Pr\u00e9vention &#8211; Comm&#8217; 3<\/span><\/strong><span class=\"OYPEnA text-decoration-none text-strikethrough-none\"> :<\/span> <span class=\"OYPEnA text-decoration-none text-strikethrough-none\">Jeudi 21 d\u00e9cembre 2023<\/span> <span class=\"OYPEnA text-decoration-none text-strikethrough-none\">OU<\/span><span class=\"OYPEnA text-decoration-none text-strikethrough-none\"> Jeudi 11 avril 2024<\/span><\/span><\/p>\n<hr \/>\n<p style=\"text-align: center;\"><span style=\"text-decoration: underline; font-size: 24pt; color: #000000;\"><strong>FORMATION NON UNIVERSITAIRES<\/strong><\/span><\/p>\n<ul>\n<li><span style=\"font-family: arial black, sans-serif; font-size: 18pt;\"><strong>Congr\u00e8s ISNAR-IMG &#8211; 29 f\u00e9vrier &amp; 1er mars 2024 au Parc des Expositions \u00e0 Rouen<\/strong><\/span><\/li>\n<\/ul>\n<p><img loading=\"lazy\" decoding=\"async\" class=\"aligncenter  wp-image-782\" src=\"https:\/\/blog.ube.fr\/ajmgb\/wp-content\/uploads\/sites\/188\/2024\/01\/Banniere-Site.png\" alt=\"\" width=\"425\" height=\"142\" srcset=\"https:\/\/blog.ube.fr\/ajmgb\/wp-content\/uploads\/sites\/188\/2024\/01\/Banniere-Site.png 2067w, https:\/\/blog.ube.fr\/ajmgb\/wp-content\/uploads\/sites\/188\/2024\/01\/Banniere-Site-300x100.png 300w, https:\/\/blog.ube.fr\/ajmgb\/wp-content\/uploads\/sites\/188\/2024\/01\/Banniere-Site-1024x342.png 1024w, https:\/\/blog.ube.fr\/ajmgb\/wp-content\/uploads\/sites\/188\/2024\/01\/Banniere-Site-768x257.png 768w, https:\/\/blog.ube.fr\/ajmgb\/wp-content\/uploads\/sites\/188\/2024\/01\/Banniere-Site-1536x513.png 1536w, https:\/\/blog.ube.fr\/ajmgb\/wp-content\/uploads\/sites\/188\/2024\/01\/Banniere-Site-2048x685.png 2048w\" sizes=\"auto, (max-width: 425px) 100vw, 425px\" \/>L&#8217;InterSyndicale Nationale Repr\u00e9sentative des Internes de M\u00e9decine G\u00e9n\u00e9rale vous convie \u00e0 un congr\u00e8s organis\u00e9 par les internes, pour les internes !<\/p>\n<p>Cette ann\u00e9e le programme \u00e9volue autour de la th\u00e9matique &#8220;Penser l&#8217;\u00e9thique, Panser le soin&#8221;. Ce sera l&#8217;occasion d&#8217;aborder diff\u00e9rentes th\u00e9matiques comme la <em>prise en charge de la fin de vie, l&#8217;\u00e9cologie en sant\u00e9, l&#8217;acc\u00e8s aux soins et bien d&#8217;autres sujets.<\/em><\/p>\n<div class=\"x1e56ztr\"><span class=\"x193iq5w xeuugli x13faqbe x1vvkbs x1xmvt09 x6prxxf xvq8zen xo1l8bm xzsf02u\"><span class=\"x3nfvp2 x1j61x8r x1fcty0u xdj266r xhhsvwb xat24cr xgzva0m xxymvpz xlup9mm x1kky2od\"><img loading=\"lazy\" decoding=\"async\" class=\"xz74otr\" src=\"https:\/\/static.xx.fbcdn.net\/images\/emoji.php\/v9\/t5a\/1\/16\/1f4b0.png\" alt=\"\ud83d\udcb0\" width=\"16\" height=\"16\" \/><\/span><\/span><span class=\"x193iq5w xeuugli x13faqbe x1vvkbs x1xmvt09 x6prxxf xvq8zen xo1l8bm xzsf02u\"><span class=\"x3nfvp2 x1j61x8r x1fcty0u xdj266r xhhsvwb xat24cr xgzva0m xxymvpz xlup9mm x1kky2od\"><span style=\"text-decoration: underline;\"> Co\u00fbt <\/span>:<\/span><\/span> Ce congr\u00e8s est gratuit pour les internes !<\/div>\n<p>Le Congr\u00e8s est actuellement complet mais vous pouvez toujours demander \u00e0 \u00eatre inscrits sur la liste d&#8217;attente \u00e0 l&#8217;adresse mail<strong> contact@isnar-img.com<\/strong><\/p>\n<ul>\n<li><span style=\"font-family: arial black, sans-serif; font-size: 18pt;\"><strong>CMGF &#8211; 21 au 23 mars 2024 \u00e0 Paris<\/strong><\/span><img loading=\"lazy\" decoding=\"async\" class=\"wp-image-781 aligncenter\" src=\"https:\/\/blog.ube.fr\/ajmgb\/wp-content\/uploads\/sites\/188\/2024\/01\/LOGO_CMGF_500x150.jpg\" alt=\"\" width=\"410\" height=\"123\" srcset=\"https:\/\/blog.ube.fr\/ajmgb\/wp-content\/uploads\/sites\/188\/2024\/01\/LOGO_CMGF_500x150.jpg 500w, https:\/\/blog.ube.fr\/ajmgb\/wp-content\/uploads\/sites\/188\/2024\/01\/LOGO_CMGF_500x150-300x90.jpg 300w\" sizes=\"auto, (max-width: 410px) 100vw, 410px\" \/><\/li>\n<\/ul>\n<p>Organis\u00e9 par le Coll\u00e8ge de M\u00e9decine G\u00e9n\u00e9rale, il regroupe plusieurs interventions sur diff\u00e9rentes th\u00e9matiques.<\/p>\n<p>Cette ann\u00e9e le CMGF abrodera les Mythes et r\u00e9alit\u00e9s en m\u00e9decine g\u00e9n\u00e9rale avec des interventions autour de l&#8217;<em>intelligence artificielle, la sant\u00e9 mentale des soignants, la r\u00e9mun\u00e9ration des m\u00e9decins g\u00e9n\u00e9raliste, le d\u00e9pistage du cancer du poumons et pleins d&#8217;autres !<\/em><\/p>\n<div class=\"x1e56ztr\"><span class=\"x193iq5w xeuugli x13faqbe x1vvkbs x1xmvt09 x6prxxf xvq8zen xo1l8bm xzsf02u\"><span class=\"x3nfvp2 x1j61x8r x1fcty0u xdj266r xhhsvwb xat24cr xgzva0m xxymvpz xlup9mm x1kky2od\"><img loading=\"lazy\" decoding=\"async\" class=\"xz74otr\" src=\"https:\/\/static.xx.fbcdn.net\/images\/emoji.php\/v9\/t5a\/1\/16\/1f4b0.png\" alt=\"\ud83d\udcb0\" width=\"16\" height=\"16\" \/><\/span> <span style=\"text-decoration: underline;\">Co\u00fbt<\/span> : le Congr\u00e8s co\u00fbte 210\u20ac pour les internes mais l&#8217;AJMGB propose une incription group\u00e9e avec un tarif pr\u00e9f\u00e9rentiel \u00e0<strong> 150\u20ac<\/strong> ! <\/span><\/div>\n<div class=\"x1e56ztr\"><span class=\"x193iq5w xeuugli x13faqbe x1vvkbs x1xmvt09 x6prxxf xvq8zen xo1l8bm xzsf02u\">Vous pouvez vous inscrire \u00e0 ce tarif via le <a href=\"https:\/\/www.helloasso.com\/associations\/association-des-jeunes-medecins-generalistes-de-bourgogne\/evenements\/inscription-groupee-ajmgb-pour-le-congres-du-cmgf-2024\">lien HelloAsso,<\/a> <span style=\"text-decoration: underline;\"><strong>deadline le 20 janvier<\/strong><\/span> !<br \/>\n<\/span><\/div>\n<p>Retrouvez le programme d\u00e9taill\u00e9 <a href=\"http:\/\/presentations.congresmg.fr\/presentations-2023\/\">ici<\/a>.<\/p>\n<p>Inscrivez vous <a href=\"https:\/\/www.congresmg.fr\/inscriptioncmgf-2\/\">ici<\/a>.<\/p>\n<ul>\n<li><span style=\"font-family: arial black, sans-serif; font-size: 18pt;\"><strong>Preuves et Pratiques &#8211; 5 octobre \u00e0 Beaune<\/strong><\/span><\/li>\n<\/ul>\n<p><img loading=\"lazy\" decoding=\"async\" class=\"aligncenter  wp-image-783\" src=\"https:\/\/blog.ube.fr\/ajmgb\/wp-content\/uploads\/sites\/188\/2024\/01\/Preuve-et-pratique-scaled.jpg\" alt=\"\" width=\"392\" height=\"136\" srcset=\"https:\/\/blog.ube.fr\/ajmgb\/wp-content\/uploads\/sites\/188\/2024\/01\/Preuve-et-pratique-scaled.jpg 2560w, https:\/\/blog.ube.fr\/ajmgb\/wp-content\/uploads\/sites\/188\/2024\/01\/Preuve-et-pratique-300x104.jpg 300w, https:\/\/blog.ube.fr\/ajmgb\/wp-content\/uploads\/sites\/188\/2024\/01\/Preuve-et-pratique-1024x356.jpg 1024w, https:\/\/blog.ube.fr\/ajmgb\/wp-content\/uploads\/sites\/188\/2024\/01\/Preuve-et-pratique-768x267.jpg 768w, https:\/\/blog.ube.fr\/ajmgb\/wp-content\/uploads\/sites\/188\/2024\/01\/Preuve-et-pratique-1536x533.jpg 1536w, https:\/\/blog.ube.fr\/ajmgb\/wp-content\/uploads\/sites\/188\/2024\/01\/Preuve-et-pratique-2048x711.jpg 2048w\" sizes=\"auto, (max-width: 392px) 100vw, 392px\" \/>Organis\u00e9 dans toute la France tout au longe de l&#8217;ann\u00e9e, les congr\u00e8s Preuves et Pratique sont l&#8217;occasion de renforcer vos connaissances th\u00e9oriques aupr\u00e8s de sp\u00e9cialistes !<\/p>\n<p>Vous pouvez \u00e9galement retrouver sur leur <a href=\"https:\/\/www.preuvesetpratiques.com\/les-digitales.html\">site<\/a> de courtes vid\u00e9os de formation sur certains sujets non encore abord\u00e9s lors de pr\u00e9c\u00e9dents congr\u00e8s.<\/p>\n<div class=\"x1e56ztr\"><span class=\"x193iq5w xeuugli x13faqbe x1vvkbs x1xmvt09 x6prxxf xvq8zen xo1l8bm xzsf02u\"><span class=\"x3nfvp2 x1j61x8r x1fcty0u xdj266r xhhsvwb xat24cr xgzva0m xxymvpz xlup9mm x1kky2od\"><img loading=\"lazy\" decoding=\"async\" class=\"xz74otr\" src=\"https:\/\/static.xx.fbcdn.net\/images\/emoji.php\/v9\/t5a\/1\/16\/1f4b0.png\" alt=\"\ud83d\udcb0\" width=\"16\" height=\"16\" \/><\/span> <span style=\"text-decoration: underline;\">Co\u00fbt<\/span> : Ce congr\u00e8s est gratuit pour les internes !<br \/>\n<\/span><\/div>\n<p>Vous pouvez retrouver la liste des congr\u00e8s dans toute la France <a href=\"https:\/\/www.preuvesetpratiques.com\/nos-congres.html\">ici<\/a>.<\/p>\n<ul>\n<li><strong><span style=\"font-family: arial black, sans-serif; font-size: 18pt;\">CNGE &#8211; 20 au 22 novembre 2024 \u00e0 Strasbourg<\/span><br \/>\n<\/strong><\/li>\n<\/ul>\n<p>Congr\u00e8s organis\u00e9 par Coll\u00e8ge des Enseignants G\u00e9n\u00e9ralistes rassemblants internes et MSU de toute la France.<\/p>\n<p><em>Plus d&#8217;informations \u00e0 venir !<\/em><\/p>\n","protected":false},"excerpt":{"rendered":"<p>Tu peux retrouver tous les \u00e9v\u00e8nements du mois \u00e0 venir sur les calendriers que nous publions chaque mois sur notre page instagram (@ajmgbdijon) ! FORMATIONS UNIVERSITAIRES 1\u00e8re Ann\u00e9e Journ\u00e9e d\u2019accueil : Jeudi 9 novembre 2023 (journ\u00e9e compl\u00e8te) S\u00e9minaire RSCA-Portfolio : Jeudi 7 d\u00e9cembre 2023 S\u00e9minaire Th\u00e8se : Jeudi 11 juillet 2024 Ateliers Recherches Biblio \u2013&hellip;<\/p>\n<p class=\"more-link-p\"><a class=\"btn btn-primary\" href=\"https:\/\/blog.ube.fr\/ajmgb\/formation\/\">Voir plus &rarr;<\/a><\/p>\n","protected":false},"author":4923,"featured_media":0,"parent":0,"menu_order":0,"comment_status":"closed","ping_status":"closed","template":"","meta":{"_exactmetrics_skip_tracking":false,"_exactmetrics_sitenote_active":false,"_exactmetrics_sitenote_note":"","_exactmetrics_sitenote_category":0,"footnotes":""},"class_list":["post-106","page","type-page","status-publish","hentry"],"_links":{"self":[{"href":"https:\/\/blog.ube.fr\/ajmgb\/wp-json\/wp\/v2\/pages\/106","targetHints":{"allow":["GET"]}}],"collection":[{"href":"https:\/\/blog.ube.fr\/ajmgb\/wp-json\/wp\/v2\/pages"}],"about":[{"href":"https:\/\/blog.ube.fr\/ajmgb\/wp-json\/wp\/v2\/types\/page"}],"author":[{"embeddable":true,"href":"https:\/\/blog.ube.fr\/ajmgb\/wp-json\/wp\/v2\/users\/4923"}],"replies":[{"embeddable":true,"href":"https:\/\/blog.ube.fr\/ajmgb\/wp-json\/wp\/v2\/comments?post=106"}],"version-history":[{"count":5,"href":"https:\/\/blog.ube.fr\/ajmgb\/wp-json\/wp\/v2\/pages\/106\/revisions"}],"predecessor-version":[{"id":784,"href":"https:\/\/blog.ube.fr\/ajmgb\/wp-json\/wp\/v2\/pages\/106\/revisions\/784"}],"wp:attachment":[{"href":"https:\/\/blog.ube.fr\/ajmgb\/wp-json\/wp\/v2\/media?parent=106"}],"curies":[{"name":"wp","href":"https:\/\/api.w.org\/{rel}","templated":true}]}}