{"id":104,"date":"2023-05-20T16:19:23","date_gmt":"2023-05-20T14:19:23","guid":{"rendered":"https:\/\/blog.u-bourgogne.fr\/ajmgb\/?page_id=104"},"modified":"2025-03-07T15:15:33","modified_gmt":"2025-03-07T14:15:33","slug":"semestres-particuliers-disponibilite-flechage-droit-au-remord","status":"publish","type":"page","link":"https:\/\/blog.ube.fr\/ajmgb\/stages\/semestres-particuliers-disponibilite-flechage-droit-au-remord\/","title":{"rendered":"Semestres particuliers &#8211; Disponibilit\u00e9 &#8211; Fl\u00e9chage &#8211; Droit au remord"},"content":{"rendered":"<h2><a id=\"intro\"><\/a>Pr\u00e9ambule<\/h2>\n<p style=\"text-align: justify;\">Vous trouverez ici toutes les informations ainsi que les contacts \u00e0 la facult\u00e9 n\u00e9cessaires aux diff\u00e9rentes demandes concernant votre parcours : <span style=\"font-size: 12pt; color: #0000ff;\"><a href=\"#interchu\">stage hors-subdivision<\/a>, <a href=\"#pacifique\">stage dans le Pacifique<\/a>, <a href=\"#libre\">stage libre<\/a>, <a href=\"#encadrement\">encadrement m\u00e9dical<\/a>, <a href=\"#dispo\">disponibilit\u00e9<\/a>, <a href=\"#surnombre\">surnombre<\/a>, <a href=\"#flechage\">fl\u00e9chage<\/a>, <a href=\"#remord\">droit au remord<\/a>.<\/span><\/p>\n<p style=\"text-align: justify;\">N&#8217;oubliez pas de<span style=\"font-size: 12pt; color: #0000ff;\"> joindre <a href=\"mailto:ajmgbdijon@gmail.com\" target=\"_blank\" rel=\"noopener\">l&#8217;AJMGB<\/a> \u00e0 tous vos mails<\/span>, il est important pour nous de suivre ces demandes d&#8217;abord pour vous aider au mieux dans vos d\u00e9marches, et aussi en pr\u00e9vision des choix de stage futurs !<\/p>\n<p style=\"text-align: justify;\"><i>Version \u00e0 jour au 23\/11<\/i><i>\/2023.<\/i><\/p>\n<p>\ud83d\udd38 <a href=\"#interchu\">InterCHU<\/a>, particularit\u00e9s de l&#8217;Outre-Mer, stage \u00e0 l&#8217;\u00e9tranger, volontariat<\/p>\n<p>\ud83d\udd38 <a href=\"#libre\">Stage hors fili\u00e8re<\/a><\/p>\n<p>\ud83d\udd38 <a href=\"#encadrement\">Encadrement m\u00e9dical<\/a><\/p>\n<p><a href=\"#dispo\">\ud83d\udd38 Semestre en disponibilit\u00e9<\/a><\/p>\n<p>\ud83d\udd38 <a href=\"#surnombre\">Stage en surnombre<\/a>, validant ou non<\/p>\n<p>\ud83d\udd38 <a href=\"#flechage\">Stage fl\u00e9ch\u00e9<\/a>, sur projet professionnel ou p\u00e9dagogique<\/p>\n<p>\ud83d\udd38 <a href=\"#remord\">Droit au remord<\/a>, remord \u00e9largi<\/p>\n<p>\ud83d\udd38 <a href=\"#contact\">Contacts<\/a><\/p>\n<p>&nbsp;<\/p>\n<hr \/>\n<h2><a id=\"interchu\"><\/a> \ud83d\udd00 Stage hors-subdivision &#8220;InterCHU&#8221;<\/h2>\n<p>Pour r\u00e9aliser un stage (ambulatoire, CH, CHU) s&#8217;inscrivant dans la maquette de DESMG en dehors de la subdivision de Dijon.<\/p>\n<p>NB : quelle que soit la situation de stage hors subdivision, la formation facultaire se poursuit durant le semestre, au sein de la facult\u00e9 d\u2019affectation ou de la facult\u00e9 de Dijon, apr\u00e8s accord entre celles-ci.<\/p>\n<table style=\"border-collapse: collapse; width: 100%; height: 309px;\">\n<tbody>\n<tr style=\"height: 10px;\">\n<td style=\"width: 136.594px; text-align: center; height: 10px;\">Condition<\/td>\n<td style=\"width: 517.406px; height: 10px;\">Avoir valid\u00e9 <span style=\"color: #0000ff;\">deux stages<\/span> minimum.<\/p>\n<p><span style=\"font-size: 8pt;\">* en cas de perte d&#8217;agr\u00e9ment d&#8217;un terrain de stage mettant en p\u00e9ril la r\u00e9alisation de la maquette, il est possible de se passer de cette condition, \u00e0 voir au cas par cas avec l&#8217;AJMGB.<\/span><\/td>\n<\/tr>\n<tr style=\"height: 22px;\">\n<td style=\"width: 136.594px; text-align: center; height: 22px;\">Nombre<\/td>\n<td style=\"width: 517.406px; height: 22px;\"><span style=\"color: #0000ff;\">Trois stages<\/span> au total.<\/td>\n<\/tr>\n<tr style=\"height: 255px;\">\n<td style=\"width: 136.594px; text-align: center; height: 255px;\">Documents<\/td>\n<td style=\"width: 517.406px; height: 255px;\">\n<p style=\"text-align: justify;\"><span style=\"color: #0000ff;\">Contacter la scolarit\u00e9<\/span> (<a href=\"mailto:nathalie.ustun@u-bourgogne.fr\" target=\"_blank\" rel=\"noopener\"><span style=\"color: #ff9900;\">nathalie.ustun@u-bourgogne.fr<\/span><\/a>) pour obtenir puis remplir les documents suivants :<\/p>\n<ul>\n<li style=\"text-align: justify;\">accord du coordonnateur du DES de Dijon (Mme Katia MAZALOVIC) et de la subdivision d&#8217;accueil,<\/li>\n<li style=\"text-align: justify;\">accord du chef de service\/MSU d&#8217;accueil,<\/li>\n<li style=\"text-align: justify;\">accord du directeur de CH d&#8217;accueil,<\/li>\n<li style=\"text-align: justify;\">un CV,<\/li>\n<li style=\"text-align: justify;\">une lettre de motivation,<\/li>\n<li style=\"text-align: justify;\">une lettre de demande d&#8217;inter CHU,<\/li>\n<li style=\"text-align: justify;\">accord des doyens de la fac de Dijon et \u00e9ventuellement de la fac d&#8217;accueil.<\/li>\n<\/ul>\n<\/td>\n<\/tr>\n<tr style=\"height: 22px;\">\n<td style=\"width: 136.594px; text-align: center; height: 22px;\">D\u00e9lai<\/td>\n<td style=\"width: 517.406px; height: 22px;\">Au plus tard le <span style=\"color: #0000ff;\">15 novembre<\/span> pour partir en mai et le <span style=\"color: #0000ff;\">15 mai<\/span> pour partir en novembre<\/td>\n<\/tr>\n<tr>\n<td style=\"width: 136.594px; text-align: center;\">Particularit\u00e9s pour les DES MG<\/td>\n<td style=\"width: 517.406px;\">Dossier complet (annexes I \u2013 II \u2013 IV \u2013 V \u2013 VI) \u00e0 transmettre \u00e0 <a href=\"mailto:dmg.stage-hors-subdivision@u-bourgogne.fr\"><span style=\"color: #0000ff;\">dmg.stage-hors-subdivision@u-bourgogne.fr<\/span><\/a> avant le <span style=\"color: #0000ff;\">5 mai<\/span> ou <span style=\"color: #0000ff;\">5 novembre<\/span> afin que la commission locale de DES puisse \u00e9tudier chaque dossier avant transmission de l\u2019avis (annexe III)<\/td>\n<\/tr>\n<\/tbody>\n<\/table>\n<p><span style=\"color: #0000ff;\"><a style=\"color: #0000ff;\" href=\"#intro\"><span style=\"font-size: 10pt;\">Retour en haut de page<\/span><\/a><\/span><\/p>\n<h3><a id=\"pacifique\"><\/a>\ud83c\udfdd Particularit\u00e9s des stages dans le Pacifique Sud (Polyn\u00e9sie Fran\u00e7aise et Nouvelle-Cal\u00e9donie), Antilles\/Guyane, Oc\u00e9an Indien<\/h3>\n<p>Voir la<span style=\"color: #0000ff;\"> page internet de la facult\u00e9 de Bordeaux<\/span> g\u00e9rant les proc\u00e9dures : <span style=\"text-decoration: underline;\"><a href=\"https:\/\/sante.u-bordeaux.fr\/College-Sante\/DOM-TOM\/Stages-hors-subdivision-dans-les-DOM-TOM-Procedure-de-recrutement\" target=\"_blank\" rel=\"noopener\">cliquez ici<\/a><\/span>.<\/p>\n<h3>Particularit\u00e9s des stages \u00e0 l&#8217;\u00e9tranger<\/h3>\n<table style=\"border-collapse: collapse; width: 100%; height: 176px;\">\n<tbody>\n<tr style=\"height: 54px;\">\n<td style=\"width: 136.594px; text-align: center; height: 10px;\">Condition<\/td>\n<td style=\"width: 517.406px; height: 10px;\">Avoir valid\u00e9 <span style=\"color: #0000ff;\">quatre stages<\/span> minimum.<\/td>\n<\/tr>\n<tr style=\"height: 22px;\">\n<td style=\"width: 136.594px; text-align: center; height: 22px;\">Nombre<\/td>\n<td style=\"width: 517.406px; height: 22px;\"><span style=\"color: #0000ff;\">Un<span style=\"color: #000000;\">, ou<\/span> deux stages cons\u00e9cutifs<span style=\"color: #000000;\">.<\/span><\/span><\/td>\n<\/tr>\n<tr style=\"height: 255px;\">\n<td style=\"width: 136.594px; text-align: center; height: 123px;\">Documents<\/td>\n<td style=\"width: 517.406px; height: 123px;\"><a href=\"#interchu\"><span style=\"color: #0000ff;\">Cf Inter CHU<\/span><\/a>.<\/p>\n<p style=\"text-align: justify;\"><span style=\"text-decoration: underline;\">Attention N\u00b01<\/span> : parmi les avis demand\u00e9s, celui du responsable m\u00e9dical du lieu de stage (chef de service\/MSU d&#8217;accueil) est remplac\u00e9 par l&#8217;avis d&#8217;un m\u00e9decin identifi\u00e9 comme responsable de l&#8217;interne en stage. L&#8217;accord ne pourra \u00eatre donn\u00e9 qu&#8217;apr\u00e8s \u00e9valuation de la qualit\u00e9 p\u00e9dagogique du lieu de stage, du m\u00e9decin identifi\u00e9 comme responsable de l&#8217;interne en stage et des conditions d&#8217;\u00e9quivalence d&#8217;enseignement susceptibles d&#8217;\u00eatre accord\u00e9es.<\/p>\n<p style=\"text-align: justify;\"><span style=\"text-decoration: underline;\">Attention N\u00b02<\/span> : dans ce cadre, l&#8217;interne <span style=\"color: #0000ff;\">cesse de b\u00e9n\u00e9ficier des indemnit\u00e9s et remboursement accord\u00e9s normalement<\/span>, il faut donc trouver une source de revenus.<\/p>\n<\/td>\n<\/tr>\n<tr style=\"height: 22px;\">\n<td style=\"width: 136.594px; text-align: center; height: 21px;\">D\u00e9lai<\/td>\n<td style=\"width: 517.406px; height: 21px;\"><span style=\"color: #0000ff;\">Le plus t\u00f4t possible, d\u00e8s que vous souhaitez concr\u00e9tiser le projet.<\/span><\/td>\n<\/tr>\n<\/tbody>\n<\/table>\n<p><span style=\"color: #0000ff;\"><a style=\"color: #0000ff;\" href=\"#intro\"><span style=\"font-size: 10pt;\">Retour en haut de page<\/span><\/a><\/span><\/p>\n<h3>\ud83e\udd1d Volontariat civil de coh\u00e9sion sociale et de solidarit\u00e9<\/h3>\n<p style=\"text-align: justify;\">Dans le cadre des stages hors subdivision, vous pouvez effectuer<span style=\"color: #0000ff;\"> un stage au maximum<\/span> dans le cadre des activit\u00e9s de volontariat civil de coh\u00e9sion sociale et de solidarit\u00e9.<\/p>\n<p style=\"text-align: justify;\">Ce volontariat s&#8217;adresse aux<span style=\"color: #0000ff;\"> 18-28 ans<\/span> et permet de s\u2019investir dans une structure conventionn\u00e9e par le Pr\u00e9fet et agr\u00e9\u00e9e pour des <span style=\"color: #0000ff;\">projets d&#8217;int\u00e9r\u00eat g\u00e9n\u00e9ral et non lucratifs\u00a0<\/span>: collectivit\u00e9 locale, \u00e9tablissement public, groupement d&#8217;int\u00e9r\u00eat public, soci\u00e9t\u00e9 coop\u00e9rative d&#8217;int\u00e9r\u00eat collectif, association ou fondation.<\/p>\n<p style=\"text-align: justify;\">La d\u00e9marche \u00e0 suivre est la m\u00eame que pour un stage<span style=\"color: #0000ff;\"> hors subdivision<\/span>.<br \/>\n<span style=\"color: #0000ff;\"><a style=\"color: #0000ff;\" href=\"#intro\"><span style=\"font-size: 10pt;\">Retour en haut de page<\/span><\/a><\/span><\/p>\n<hr \/>\n<h2><a id=\"libre\"><\/a>\ud83e\udd77\ud83c\udffb Stage libre : hors fili\u00e8re<\/h2>\n<p>Pour r\u00e9aliser au sein de la subdivision de Dijon un stage agr\u00e9\u00e9 au titre d&#8217;une discipline diff\u00e9rente de sa discipline d&#8217;affectation, \u00e0 l&#8217;occasion du stage libre pr\u00e9vu par la maquette.<\/p>\n<table style=\"border-collapse: collapse; width: 100%; height: 98px;\">\n<tbody>\n<tr style=\"height: 22px;\">\n<td style=\"width: 136.594px; text-align: center; height: 22px;\">Condition<\/td>\n<td style=\"width: 517.406px; height: 22px;\">Avoir valid\u00e9 <span style=\"color: #0000ff;\">un stage <\/span>dans sa discipline.<\/td>\n<\/tr>\n<tr style=\"height: 21px;\">\n<td style=\"width: 136.594px; text-align: center; height: 21px;\">Nombre<\/td>\n<td style=\"width: 517.406px; height: 21px; text-align: justify;\"><span style=\"color: #0000ff;\">Un seul,<\/span> \u00e0 la place du stage libre r\u00e9alis\u00e9 en phase d&#8217;approfondissement.<\/p>\n<p>Ne sont <span style=\"color: #0000ff;\">pas<\/span> concern\u00e9s les stages de p\u00e9diatrie, gyn\u00e9cologie ou assimilable \u00e0 de la m\u00e9decine polyvalente, car d\u00e9j\u00e0 pr\u00e9vus par la maquette.<\/td>\n<\/tr>\n<tr style=\"height: 33px;\">\n<td style=\"width: 136.594px; text-align: center; height: 33px;\">Documents<\/td>\n<td style=\"width: 517.406px; height: 33px; text-align: justify;\"><span style=\"color: #0000ff;\">Contacter la scolarit\u00e9<\/span> (<a href=\"mailto:nathalie.ustun@u-bourgogne.fr\" target=\"_blank\" rel=\"noopener\"><span style=\"color: #ff9900;\">nathalie.ustun@u-bourgogne.fr<\/span><\/a>) pour obtenir puis remplir les documents suivants :<\/p>\n<ul>\n<li>accord du coordonnateur du DES de Dijon (Mme Katia MAZALOVIC),<\/li>\n<li>accord du coordonnateur de l&#8217;autre sp\u00e9cialit\u00e9,<\/li>\n<li>accord du chef de service o\u00f9 vous souhaitez r\u00e9aliser le stage.<\/li>\n<\/ul>\n<\/td>\n<\/tr>\n<tr style=\"height: 22px;\">\n<td style=\"width: 136.594px; text-align: center; height: 22px;\">D\u00e9lai<\/td>\n<td style=\"width: 517.406px; height: 22px;\"><span style=\"color: #0000ff;\">Le plus t\u00f4t possible, d\u00e8s que vous souhaitez concr\u00e9tiser le projet.<\/span><\/p>\n<p>Avant le <span style=\"color: #0000ff;\">30 ao\u00fbt 2024<\/span> pour le semestre de novembre 2024<\/td>\n<\/tr>\n<\/tbody>\n<\/table>\n<p style=\"text-align: justify;\">Si la demande est accept\u00e9e en commission, l&#8217;interne effectue son son choix de stage dans la liste d&#8217;appel de la sp\u00e9cialit\u00e9 concern\u00e9e : il <span style=\"color: #0000ff;\">choisit en dernier<\/span> par rapport aux \u00e9tudiants ayant le m\u00eame nombre de semestres pris en compte que lui (le rang de classement entre en compte uniquement pour d\u00e9partager deux demandes similaires de stage hors fili\u00e8re).<\/p>\n<p style=\"text-align: justify;\">Le poste peut aussi \u00eatre mis directement sur la liste des stages des internes de M\u00e9decine G\u00e9n\u00e9rale selon un accord entre l&#8217;UFR et l&#8217;ARS.<br \/>\n<span style=\"color: #0000ff;\"><a style=\"color: #0000ff;\" href=\"#intro\"><span style=\"font-size: 10pt;\">Retour en haut de page<\/span><\/a><\/span><\/p>\n<hr \/>\n<h2><a id=\"encadrement\"><\/a>\u26d1 Encadrement m\u00e9dical<\/h2>\n<p style=\"text-align: justify;\">Vous avez la possibilit\u00e9 de participer \u00e0 l&#8217;encadrement m\u00e9dical de<span style=\"color: #0000ff;\"> s\u00e9jours d&#8217;activit\u00e9s physiques, sportives et culturelles, organis\u00e9es pour des personnes atteintes de pathologies lourdes, dans le cadre de leur traitement, <\/span>dans la limite d&#8217;une <span style=\"color: #0000ff;\">dur\u00e9e maximale de deux mois par an.<\/span><\/p>\n<p style=\"text-align: justify;\">Cette participation est subordonn\u00e9e \u00e0 l&#8217;accord du chef de p\u00f4le ou, \u00e0 d\u00e9faut, du responsable de la structure interne et est r\u00e9gie par une convention entre l&#8217;organisme organisateur du s\u00e9jour et le CHU de Dijon.<br \/>\n<span style=\"color: #0000ff;\"><a style=\"color: #0000ff;\" href=\"#intro\"><span style=\"font-size: 10pt;\">Retour en haut de page<\/span><\/a><\/span><\/p>\n<hr \/>\n<h2><a id=\"dispo\"><\/a>\ud83d\ude0c Semestre de disponibilit\u00e9<\/h2>\n<p>Il existe plusieurs cadres pour demander un semestre de disponibilit\u00e9 (<span style=\"color: #0000ff;\"><a style=\"color: #0000ff;\" href=\"https:\/\/docs.google.com\/document\/d\/1OOCN56JSXmCo5Z6d5Zva9wq5pj6iOhPoVfsx81ZR6Vo\/edit\" target=\"_blank\" rel=\"noopener\">guide r\u00e9glementaire<\/a><\/span>) :<\/p>\n<table style=\"border-collapse: collapse; width: 100%; height: 82px;\">\n<tbody>\n<tr style=\"height: 44px;\">\n<td style=\"width: 22.2222%; height: 10px; text-align: center;\" colspan=\"2\">\n<p class=\"p1\">\ud83e\udd15 <strong style=\"font-size: 16px;\">Accident ou maladie grave de le.a conjoint.e, d&#8217;une personne li\u00e9e par un pacte civil de solidarit\u00e9, d&#8217;un enfant ou d&#8217;un.e ascendant.e<\/strong><\/p>\n<\/td>\n<\/tr>\n<tr style=\"height: 62px;\">\n<td style=\"width: 22.2222%; text-align: center; height: 62px;\">Conditions<\/td>\n<td style=\"width: 77.6353%; height: 62px;\">Pas de dur\u00e9e de fonctions effectives requise.<\/p>\n<p>Interdiction de r\u00e9aliser des gardes d&#8217;interne dans un h\u00f4pital public.<\/p>\n<p>Entra\u00eene un <span style=\"color: #0000ff;\">d\u00e9classement<\/span> pour la suite de son internat d&#8217;autant de semestres que dure la disponibilit\u00e9.<\/td>\n<\/tr>\n<tr style=\"height: 10px;\">\n<td style=\"width: 22.2222%; text-align: center; height: 10px;\">Dur\u00e9e maximale<\/td>\n<td style=\"width: 77.6353%; height: 10px;\"><span style=\"color: #0000ff;\">Une ann\u00e9e<\/span>, renouvelable une fois (d\u00e9rogation possible).<\/td>\n<\/tr>\n<\/tbody>\n<\/table>\n<table style=\"border-collapse: collapse; width: 100%; height: 30px;\">\n<tbody>\n<tr style=\"height: 54px;\">\n<td style=\"width: 136.594px; text-align: center; height: 10px;\" colspan=\"2\">\n<p class=\"p1\">\ud83e\udd13 <strong style=\"font-size: 16px;\">Etudes ou recherches pr\u00e9sentant un int\u00e9r\u00eat g\u00e9n\u00e9ral<\/strong><\/p>\n<\/td>\n<\/tr>\n<tr style=\"height: 131px;\">\n<td style=\"width: 136.594px; text-align: center; height: 10px;\">Conditions<\/td>\n<td style=\"width: 517.406px; height: 10px;\">Apr\u00e8s <span style=\"color: #0000ff;\">six mois<\/span> de fonctions effectives.<\/p>\n<p>Possibilit\u00e9 de<span style=\"color: #0000ff;\"> r\u00e9aliser des gardes d&#8217;interne<\/span> dans un h\u00f4pital public.<\/p>\n<p>Pas de d\u00e9classement.<\/td>\n<\/tr>\n<tr style=\"height: 42px;\">\n<td style=\"width: 136.594px; text-align: center; height: 10px;\">Dur\u00e9e maximale<\/td>\n<td style=\"width: 517.406px; height: 10px;\"><span style=\"color: #0000ff;\">Une ann\u00e9e<\/span>, renouvelable une fois.<\/p>\n<p><span style=\"color: #0000ff;\">Trois ans<\/span>, dans le cas de la pr\u00e9paration d&#8217;une th\u00e8se de doctorat.<\/td>\n<\/tr>\n<\/tbody>\n<\/table>\n<table style=\"border-collapse: collapse; width: 100%; height: 105px;\">\n<tbody>\n<tr style=\"height: 92px;\">\n<td style=\"width: 136.594px; text-align: center; height: 30px;\" colspan=\"2\">\n<p class=\"p1\">\ud83e\uddf3 <strong style=\"font-size: 16px;\">Stage de formation ou de perfectionnement en France ou \u00e0 l&#8217;\u00e9tranger<\/strong><\/p>\n<\/td>\n<\/tr>\n<tr style=\"height: 153px;\">\n<td style=\"width: 136.594px; text-align: center; height: 65px;\">Conditions<\/td>\n<td style=\"width: 517.406px; height: 65px;\">Apr\u00e8s <span style=\"color: #0000ff;\">six mois<\/span> de fonctions effectives.<\/p>\n<p>Possibilit\u00e9 de<span style=\"color: #0000ff;\"> r\u00e9aliser des gardes d&#8217;interne<\/span> dans un h\u00f4pital public.<\/p>\n<p>Entra\u00eene un <span style=\"color: #0000ff;\">d\u00e9classement<\/span> pour la suite de son internat d&#8217;autant de semestres que dure la disponibilit\u00e9.<\/td>\n<\/tr>\n<tr style=\"height: 22px;\">\n<td style=\"width: 136.594px; text-align: center; height: 10px;\">Dur\u00e9e maximale<\/td>\n<td style=\"width: 517.406px; height: 10px;\"><span style=\"color: #0000ff;\">Une ann\u00e9e<\/span>, renouvelable une fois.<\/td>\n<\/tr>\n<\/tbody>\n<\/table>\n<table style=\"border-collapse: collapse; width: 100%; height: 42px;\">\n<tbody>\n<tr style=\"height: 10px;\">\n<td style=\"width: 99.8575%; text-align: center; height: 10px;\" colspan=\"2\">\n<p class=\"p1\">\ud83d\udc81\ud83c\udffb\u200d\u2640\ufe0f <strong style=\"font-size: 16px;\">Convenances personnelles<\/strong><\/p>\n<\/td>\n<\/tr>\n<tr style=\"height: 92px;\">\n<td style=\"width: 22.2222%; text-align: center; height: 10px;\">Conditions<\/td>\n<td style=\"width: 77.6353%; height: 10px;\">Apr\u00e8s <span style=\"color: #0000ff;\">un an<\/span> de fonctions effectives.<\/p>\n<p>Interdiction de r\u00e9aliser des gardes d&#8217;interne dans un h\u00f4pital public.<\/p>\n<p>Entra\u00eene un <span style=\"color: #0000ff;\">d\u00e9classement<\/span> pour la suite de son internat d&#8217;autant de semestres que dure la disponibilit\u00e9.<\/td>\n<\/tr>\n<tr style=\"height: 22px;\">\n<td style=\"width: 22.2222%; text-align: center; height: 22px;\">Dur\u00e9e maximale<\/td>\n<td style=\"width: 77.6353%; height: 22px;\"><span style=\"color: #0000ff;\">Une ann\u00e9e<\/span>, renouvelable une fois.<\/td>\n<\/tr>\n<\/tbody>\n<\/table>\n<p>Nous vous enjoignons \u00e0 nous faire part de vos raisons ou motivations par mail afin que nous puissions appuyer vos demandes en commissions.<\/p>\n<p>La d\u00e9cision finale relative aux demandes de disponibilit\u00e9s rel\u00e8ve du Directeur G\u00e9n\u00e9ral du CHU.<\/p>\n<table style=\"border-collapse: collapse; width: 100%; height: 39px;\">\n<tbody>\n<tr style=\"height: 159px;\">\n<td style=\"width: 136.594px; text-align: center; height: 17px;\">Documents<\/td>\n<td style=\"width: 517.406px; height: 17px;\">\n<p style=\"text-align: justify;\">Adresser la demande \u00e0 la<span style=\"color: #0000ff;\"> Direction des Affaires M\u00e9dicales <\/span>(<span style=\"color: #ff9900;\"><a style=\"color: #ff9900;\" href=\"mailto:affaires.medicales@chu-dijon.fr\" target=\"_blank\" rel=\"noopener\">affaires.medicales@chu-dijon.fr<\/a><\/span>).<\/p>\n<p style=\"text-align: justify;\">Vous pouvez mettre en copie <span style=\"text-decoration: underline;\">\u00e0 titre informatif<\/span> le DMG (<a href=\"mailto:dmg.secretariat@u-bourgogne.fr\" target=\"_blank\" rel=\"noopener\">dmg.secretariat@u-bourgogne.fr<\/a>), \u00e0 la scolarit\u00e9 (<a href=\"mailto:nathalie.ustun@u-bourgogne.fr\" target=\"_blank\" rel=\"noopener\"><span style=\"color: #ff9900;\">nathalie.ustun@u-bourgogne.fr<\/span><\/a>) et \u00e0 l&#8217;AJMGB (ajmgbdijon@gmail.com)<\/p>\n<\/td>\n<\/tr>\n<tr style=\"height: 22px;\">\n<td style=\"width: 136.594px; text-align: center; height: 22px;\">D\u00e9lai<\/td>\n<td style=\"width: 517.406px; height: 22px;\">Au moins <span style=\"color: #0000ff;\">quatre mois <\/span>avant le semestre concern\u00e9.<\/td>\n<\/tr>\n<\/tbody>\n<\/table>\n<p><span style=\"color: #0000ff;\"><a style=\"color: #0000ff;\" href=\"#intro\"><span style=\"font-size: 10pt;\">Retour en haut de page<\/span><\/a><\/span><\/p>\n<hr \/>\n<h2><a id=\"surnombre\"><\/a>\u00a0\u2795 Semestre en surnombre<\/h2>\n<p>Les seuls motifs r\u00e9glementaires relatifs aux demandes de surnombre sont :<\/p>\n<ul>\n<li><span style=\"color: #0000ff;\">grossesse<\/span>,<\/li>\n<li><span style=\"color: #0000ff;\">cong\u00e9 de maternit\u00e9<\/span> <span style=\"color: #0000ff;\">et paternit\u00e9<\/span> \/ <span style=\"color: #0000ff;\">d\u2019adoption<\/span> \/ <span style=\"color: #0000ff;\">d\u2019accueil de l\u2019enfant<\/span>,<\/li>\n<li><span style=\"color: #0000ff;\">affection pouvant donner lieu \u00e0 un cong\u00e9 de longue dur\u00e9e \/ longue maladie<\/span>,<\/li>\n<li><span style=\"color: #0000ff;\">activit\u00e9 syndicale<\/span>.<\/li>\n<\/ul>\n<p>Il faut distinguer deux situations :<\/p>\n<table style=\"border-collapse: collapse; width: 100%; height: 66px;\">\n<tbody>\n<tr style=\"height: 10px;\">\n<td style=\"width: 99.8575%; text-align: center; height: 10px;\" colspan=\"2\">\n<p class=\"p1\">\u2705 <strong style=\"font-size: 16px;\">Surnombre validant<\/strong><\/p>\n<\/td>\n<\/tr>\n<tr style=\"height: 92px;\">\n<td style=\"width: 22.2222%; text-align: center; height: 10px;\">Dur\u00e9e<\/td>\n<td style=\"width: 77.6353%; height: 10px;\"><span style=\"color: #0000ff;\">Au moins quatre mois<\/span> de pr\u00e9sence en stage.<\/td>\n<\/tr>\n<tr style=\"height: 22px;\">\n<td style=\"width: 22.2222%; text-align: center; height: 10px;\">Choix du stage<\/td>\n<td style=\"width: 77.6353%; height: 10px;\">Effectu\u00e9 <span style=\"color: #0000ff;\">au rang de classement<\/span>.<\/td>\n<\/tr>\n<tr style=\"height: 36px;\">\n<td style=\"width: 22.2222%; text-align: center; height: 36px;\">Anciennet\u00e9 de classement<\/td>\n<td style=\"width: 77.6353%; height: 36px;\">Que le stage soit <span style=\"color: #0000ff;\">valid\u00e9 ou non <\/span>(invalidation p\u00e9dagogique), le fait d&#8217;avoir demand\u00e9 \u00e0 \u00eatre en surnombre validant permet de<span style=\"color: #0000ff;\"> conserver son anciennet\u00e9 de classement<\/span> pour les semestres suivants.<\/td>\n<\/tr>\n<\/tbody>\n<\/table>\n<table style=\"border-collapse: collapse; width: 100%; height: 40px;\">\n<tbody>\n<tr style=\"height: 10px;\">\n<td style=\"width: 99.8575%; text-align: center; height: 10px;\" colspan=\"2\">\n<p class=\"p1\">\u274c <strong style=\"font-size: 16px;\">Surnombre non validant<\/strong><\/p>\n<\/td>\n<\/tr>\n<tr style=\"height: 92px;\">\n<td style=\"width: 22.2222%; text-align: center; height: 10px;\">Dur\u00e9e<\/td>\n<td style=\"width: 77.6353%; height: 10px;\"><span style=\"color: #0000ff;\">Quelle que soit la dur\u00e9e.<\/span><\/td>\n<\/tr>\n<tr style=\"height: 22px;\">\n<td style=\"width: 22.2222%; text-align: center; height: 10px;\">Choix de stage<\/td>\n<td style=\"width: 77.6353%; height: 10px;\">Effectu\u00e9<span style=\"color: #0000ff;\"> en dehors ou \u00e0 la fin des choix<\/span>, portant sur <span style=\"color: #0000ff;\">n&#8217;importe quel stage\u00a0<\/span>\u00e0 condition qu&#8217;il n&#8217;y ait pas d\u00e9j\u00e0 un surnombre sur le poste souhait\u00e9.<\/td>\n<\/tr>\n<tr style=\"height: 10px;\">\n<td style=\"width: 22.2222%; text-align: center; height: 10px;\">Anciennet\u00e9 de classement<\/td>\n<td style=\"width: 77.6353%; height: 10px;\"><span style=\"color: #0000ff;\">Votre anciennet\u00e9 de classement sera conserv\u00e9e<\/span> pour les semestres suivants, ce qui ne vous dispense pas d&#8217;effectuer et de <span style=\"color: #0000ff;\">valider un stage suppl\u00e9mentaire<\/span>.<\/td>\n<\/tr>\n<\/tbody>\n<\/table>\n<p>Les demandes de surnombres et les justificatifs confidentiels qui sont li\u00e9s sont du ressort exclusif de l&#8217;ARS.<\/p>\n<p>Les <span style=\"color: #0000ff;\">demandes sont \u00e0 envoyer \u00e0 M. Xavier MONTUREUX<\/span> (<span style=\"color: #ff9900;\"><a style=\"color: #ff9900;\" href=\"mailto:Xavier.MONTUREUX@ars.sante.fr\" target=\"_blank\" rel=\"noopener\">xavier.montureux@ars.sante.fr<\/a><\/span>) <span style=\"color: #0000ff;\">et Mme Aur\u00e9lie HURIAUX<\/span> (<span style=\"color: #ff6600;\"><a style=\"color: #ff6600;\" href=\"mailto:aurelie.huriaux@ars.sante.fr\" target=\"_blank\" rel=\"noopener\"><span style=\"color: #ff9900;\">aurelie.huriaux@ars.sante.fr<\/span><\/a><\/span>).<\/p>\n<p>Le DMG (<a href=\"mailto:dmg.secretariat@u-bourgogne.fr\" target=\"_blank\" rel=\"noopener\">dmg.secretariat@u-bourgogne.fr<\/a>) et la scolarit\u00e9 (<a href=\"mailto:nathalie.ustun@u-bourgogne.fr\" target=\"_blank\" rel=\"noopener\"><span style=\"color: #ff9900;\">nathalie.ustun@u-bourgogne.fr<\/span><\/a>) peuvent \u00eatre inform\u00e9s, \u00e0 part, et sans les justificatifs confidentiels, de la demande.<\/p>\n<p><span style=\"color: #0000ff;\"><a style=\"color: #0000ff;\" href=\"#intro\"><span style=\"font-size: 10pt;\">Retour en haut de page<\/span><\/a><\/span><\/p>\n<hr \/>\n<h2><a id=\"flechage\"><\/a> \u21aa\ufe0f Fl\u00e9chage de stage<\/h2>\n<table style=\"border-collapse: collapse; width: 100%;\">\n<tbody>\n<tr>\n<td style=\"width: 23.0315%; text-align: center;\">Principe<\/td>\n<td style=\"width: 76.9685%;\"><span style=\"font-family: 'Times New Roman'; font-size: 16px; font-style: normal; font-variant-ligatures: normal; font-variant-caps: normal; font-weight: 400;\">Permet de se voir affecter un stage en dehors de la proc\u00e9dure de choix, validant la maquette du DESMG, dans le cadre d&#8217;un projet professionnel et\/ou d&#8217;installation (<\/span><a style=\"font-style: normal; font-variant-ligatures: normal; font-variant-caps: normal; font-weight: 400; font-family: 'Times New Roman'; font-size: 16px;\" href=\"https:\/\/docs.google.com\/document\/d\/1kHok_qlcPWr6ewbH_8o2CIksmBXo_pmPQSARm1yZC2M\/edit\" target=\"_blank\" rel=\"noopener\"><span style=\"color: #0000ff;\">guide r\u00e9glementaire<\/span><\/a><span style=\"font-family: 'Times New Roman'; font-size: 16px; font-style: normal; font-variant-ligatures: normal; font-variant-caps: normal; font-weight: 400;\">).<\/span><\/td>\n<\/tr>\n<tr>\n<td style=\"width: 23.0315%; text-align: center;\">Documents<\/td>\n<td style=\"width: 76.9685%;\"><span style=\"font-family: 'Times New Roman'; font-size: 16px; font-style: normal; font-variant-ligatures: normal; font-variant-caps: normal; font-weight: 400;\">Les demandes sont \u00e0 envoyer \u00e0 l&#8217;AJMGB (ajmgbdijon@gmail.com) au <\/span><span style=\"color: #0000ff;\">DMG<\/span><span style=\"font-family: 'Times New Roman'; font-size: 16px; font-style: normal; font-variant-ligatures: normal; font-variant-caps: normal; font-weight: 400;\"> (<a href=\"mailto:dmg.secretariat@u-bourgogne.fr\" target=\"_blank\" rel=\"noopener\">dmg.secretariat@u-bourgogne.fr<\/a><\/span><span style=\"font-family: 'Times New Roman'; font-size: 16px; font-style: normal; font-variant-ligatures: normal; font-variant-caps: normal; font-weight: 400;\">), \u00e0 la\u00a0<\/span><span style=\"color: #0000ff;\">scolarit\u00e9<\/span><span style=\"font-family: 'Times New Roman'; font-size: 16px; font-style: normal; font-variant-ligatures: normal; font-variant-caps: normal; font-weight: 400;\">\u00a0(<\/span><a style=\"font-style: normal; font-variant-ligatures: normal; font-variant-caps: normal; font-weight: 400; font-family: 'Times New Roman'; font-size: 16px;\" href=\"mailto:nathalie.ustun@u-bourgogne.fr\" target=\"_blank\" rel=\"noopener\"><span style=\"color: #ff9900;\">nathalie.ustun@u-bourgogne.fr<\/span><\/a><span style=\"font-family: 'Times New Roman'; font-size: 16px; font-style: normal; font-variant-ligatures: normal; font-variant-caps: normal; font-weight: 400;\">), et \u00e0 <\/span><span style=\"color: #0000ff;\">l&#8217;ARS<\/span><span style=\"font-family: 'Times New Roman'; font-size: 16px; font-style: normal; font-variant-ligatures: normal; font-variant-caps: normal; font-weight: 400;\">\u00a0(<\/span><span style=\"color: #ff9900;\"><a style=\"color: #ff9900;\" href=\"mailto:Xavier.MONTUREUX@ars.sante.fr\" target=\"_blank\" rel=\"noopener\">xavier.montureux@ars.sante.fr<\/a><\/span><span style=\"font-family: 'Times New Roman'; font-size: 16px; font-style: normal; font-variant-ligatures: normal; font-variant-caps: normal; font-weight: 400;\">\u00a0\/\u00a0<\/span><span style=\"color: #ff6600;\"><a style=\"color: #ff6600;\" href=\"mailto:aurelie.huriaux@ars.sante.fr\" target=\"_blank\" rel=\"noopener\"><span style=\"color: #ff9900;\">aurelie.huriaux@ars.sante.fr<\/span><\/a><\/span><span style=\"font-family: 'Times New Roman'; font-size: 16px; font-style: normal; font-variant-ligatures: normal; font-variant-caps: normal; font-weight: 400;\">).<\/span><\/p>\n<ul>\n<li>un CV,<\/li>\n<li style=\"font-size: 16px;\">l\u2019accord du chef de service et du directeur de l&#8217;\u00e9tablissement \/ MSU d&#8217;accueil,<\/li>\n<li style=\"font-size: 16px;\">une lettre de motivation justifiant votre projet professionnel,<\/li>\n<li style=\"font-size: 16px;\">un extrait du portfolio expliquant votre parcours personnel et formation initiale \/ projet de th\u00e8se \/ projet professionnel.<\/li>\n<\/ul>\n<\/td>\n<\/tr>\n<tr>\n<td style=\"width: 23.0315%; text-align: center;\">D\u00e9lai<\/td>\n<td style=\"width: 76.9685%;\">Avant le<span style=\"color: #0000ff;\"><strong> 30 ao\u00fbt 2024<\/strong><\/span> pour le semestre de novembre 2024<\/td>\n<\/tr>\n<\/tbody>\n<\/table>\n<p>&nbsp;<\/p>\n<p><span style=\"color: #0000ff;\"><a style=\"color: #0000ff;\" href=\"#intro\"><span style=\"font-size: 10pt;\">Retour en haut de page<\/span><\/a><\/span><\/p>\n<hr \/>\n<h2><a id=\"remord\"><\/a> \ud83d\ude35\u200d\ud83d\udcab Droit au remord (ou changement de sp\u00e9cialit\u00e9)<\/h2>\n<table style=\"border-collapse: collapse; width: 100%; height: 83px;\">\n<tbody>\n<tr style=\"height: 10px;\">\n<td style=\"width: 22.2222%; text-align: center; height: 10px;\">Condition<\/td>\n<td style=\"width: 77.6353%; height: 10px;\"><span style=\"color: #0000ff;\">Avant la fin du quatri\u00e8me semestre valid\u00e9<\/span>.<\/p>\n<p>Au sein d&#8217;une <span style=\"color: #0000ff;\">autre sp\u00e9cialit\u00e9<\/span> de Dijon issue de la <span style=\"color: #0000ff;\">m\u00eame discipline<\/span>.<\/td>\n<\/tr>\n<tr style=\"height: 22px;\">\n<td style=\"width: 22.2222%; text-align: center; height: 22px;\">Nombre<\/td>\n<td style=\"width: 77.6353%; height: 22px;\"><span style=\"color: #0000ff;\">Une seule fois.<\/span><\/td>\n<\/tr>\n<tr style=\"height: 255px;\">\n<td style=\"width: 22.2222%; text-align: center; height: 41px;\">Documents<\/td>\n<td style=\"width: 77.6353%; height: 41px;\"><span style=\"color: #0000ff;\">Contacter la scolarit\u00e9<\/span> (<a href=\"mailto:nathalie.ustun@u-bourgogne.fr\" target=\"_blank\" rel=\"noopener\"><span style=\"color: #ff9900;\">nathalie.ustun@u-bourgogne.fr<\/span><\/a>) pour obtenir puis remplir les documents suivants :<\/p>\n<ul>\n<li>avis du coordonnateur du DESMG de Dijon Mme Katia MAZALOVIC (<a href=\"mailto:katia.mazalovic@u-bourgogne.fr\" target=\"_blank\" rel=\"noopener\"><span style=\"color: #ff9900;\">katia.mazalovic@u-bourgogne.fr<\/span><\/a>),<\/li>\n<li>avis du coordonnateur de la sp\u00e9cialit\u00e9 souhait\u00e9e,<\/li>\n<li>un courrier motiv\u00e9 \u00e0 l&#8217;intention du Doyen de la facult\u00e9 pour expliquer sa demande.<\/li>\n<\/ul>\n<\/td>\n<\/tr>\n<tr style=\"height: 22px;\">\n<td style=\"width: 22.2222%; text-align: center; height: 10px;\">D\u00e9lai<\/td>\n<td style=\"width: 77.6353%; height: 10px;\">Au maximum, <span style=\"color: #0000ff;\">dans les deux premiers mois du 4\u00e8me semestre valid\u00e9<\/span>.<\/p>\n<p>Avant le <span style=\"color: #0000ff;\">20 janvier 2024<\/span> pour le semestre d&#8217;\u00e9t\u00e9 2024<\/td>\n<\/tr>\n<\/tbody>\n<\/table>\n<p>La d\u00e9cision finale relative aux changements de D.E.S. appartient au Doyen sauf lorsqu&#8217;il s&#8217;agit de postes remis aux choix suite \u00e0 une publication de postes devenus vacants. Dans ce cas c&#8217;est l&#8217;ARS qui prononce le changement de sp\u00e9cialit\u00e9.<\/p>\n<p><span style=\"color: #ff0000;\"><u>Addendum 07\/03\/25<\/u> <\/span>: Pour la promotion 2024 et suivantes la question des changements de D.E.S. est encore plus en suspens dans la mesure o\u00f9 le Minist\u00e8re a indiqu\u00e9 que de nouveaux textes devaient para\u00eetre sp\u00e9cialement suite \u00e0 la r\u00e9forme des EDN\/ECOS. Les droits au remord ne sont donc pas applicables en l&#8217;\u00e9tat.<\/p>\n<h2>Remord \u00e9largi (changement de sp\u00e9cialit\u00e9 pour poste qui n&#8217;est pas accessible selon le rang de classement ECN)<\/h2>\n<table style=\"border-collapse: collapse; width: 100%; height: 378px;\">\n<tbody>\n<tr style=\"height: 112px;\">\n<td style=\"width: 22.3425%; text-align: center; height: 112px;\">Ce n&#8217;est pas un droit :<\/td>\n<td style=\"width: 77.6575%; height: 112px;\">Le remord \u00e9largi vers une sp\u00e9cialit\u00e9 au sein de laquelle un <span style=\"color: #0000ff;\">poste<\/span> est devenu <span style=\"color: #0000ff;\">vacant<\/span> du fait d\u2019une place lib\u00e9r\u00e9e au niveau de la subdivision est une proc\u00e9dure d\u00e9rogatoire propre \u00e0 chaque UFR et ARS.<br \/>\nEn d\u2019autres termes, ce n\u2019est pas un droit pour les \u00e9tudiants mais une <span style=\"color: #0000ff;\">possibilit\u00e9<\/span> qui est \u00e0 l&#8217;appr\u00e9ciation du DG de l&#8217;ARS, cette d\u00e9rogation permettant de donner un moyen aux acteurs locaux de r\u00e9\u00e9quilibrer les ressources d\u00e9mographiques des professionnels de sant\u00e9s form\u00e9s et non de satisfaire des d\u00e9sid\u00e9ratas individuels.<br \/>\nAussi <strong>la republication des postes ECN devenus vacants n&#8217;est donc ni obligatoire ni syst\u00e9matique.<\/strong><\/td>\n<\/tr>\n<tr style=\"height: 201px;\">\n<td style=\"width: 22.3425%; text-align: center; height: 201px;\">Conditions<\/td>\n<td style=\"width: 77.6575%; height: 201px;\">\n<ul>\n<li>Un poste de sp\u00e9cialit\u00e9 doit avoir \u00e9t\u00e9 lib\u00e9r\u00e9 au cours de l\u2019internat et il est susceptible d\u2019affecter l\u2019\u00e9quilibre d\u00e9mographique des professionnels de sant\u00e9 au sein de la r\u00e9gion.<\/li>\n<li>Ce poste est ouvert par l\u2019ARS (une communication est faite par <span style=\"color: #0000ff;\">mail<\/span> \u00e0 l\u2019ensemble des internes pour garantir le principe d\u2019\u00e9galit\u00e9), en accord avec l\u2019UFR et les coordonnateurs de DES concern\u00e9s<\/li>\n<li>Les candidats doivent \u00eatre issus des m\u00eames ECN que la personne qui a lib\u00e9r\u00e9 le poste, donc de la <span style=\"color: #0000ff;\">m\u00eame promotion<\/span>.<\/li>\n<li>Les candidats doivent \u00eatre dans la <span style=\"color: #0000ff;\">m\u00eame subdivision<\/span> que le poste lib\u00e9r\u00e9 -&gt; cela signifie que les postes qui seraient lib\u00e9r\u00e9s \u00e0 Besan\u00e7on ne sont pas ouverts aux internes de la subdivision de Dijon<\/li>\n<li>S&#8217;il y a plusieurs candidats, l&#8217;interne affect\u00e9 sera le<span style=\"color: #0000ff;\"> mieux class\u00e9 aux ECN<\/span><\/li>\n<\/ul>\n<\/td>\n<\/tr>\n<tr style=\"height: 65px;\">\n<td style=\"width: 22.3425%; text-align: center; height: 65px;\">D\u00e9lai<\/td>\n<td style=\"width: 77.6575%; height: 65px;\">Les candidats doivent postuler <span style=\"color: #0000ff;\">avant la fin de leur 4\u00e8me semestre<\/span> d\u2019internat.<\/p>\n<p>La publicit\u00e9 des postes vacants s\u2019effectuera 2 mois apr\u00e8s le d\u00e9but du 4\u00e8me semestre d\u2019internat.<\/td>\n<\/tr>\n<\/tbody>\n<\/table>\n<p><span style=\"color: #0000ff;\"><a style=\"color: #0000ff;\" href=\"#intro\"><span style=\"font-size: 10pt;\">Retour en haut de page<\/span><\/a><\/span><\/p>\n<hr \/>\n<h2><a id=\"contact\"><\/a>\ud83d\udce8 Contacts<\/h2>\n<table style=\"border-collapse: collapse; width: 100%; height: 154px;\">\n<tbody>\n<tr style=\"height: 22px;\">\n<td style=\"width: 55.6981%; height: 22px; text-align: center;\">Mme USTUN Nathalie, scolarit\u00e9 du 3e cycle<\/td>\n<td style=\"width: 44.3019%; height: 22px;\"><a href=\"mailto:Nathalie.Ustun@u-bourgogne.fr\" target=\"_blank\" rel=\"noopener\">Nathalie.Ustun@u-bourgogne.fr<\/a><\/td>\n<\/tr>\n<tr style=\"height: 22px;\">\n<td style=\"width: 55.6981%; height: 22px; text-align: center;\">M. MAYNADIE Marc, Doyen de l\u2019UFR de sant\u00e9<\/td>\n<td style=\"width: 44.3019%; height: 22px;\"><a href=\"mailto:doyen.sante@u-bourgogne.fr\" target=\"_blank\" rel=\"noopener\">doyen.sante@u-bourgogne.fr<\/a><\/td>\n<\/tr>\n<tr style=\"height: 22px;\">\n<td style=\"width: 55.6981%; height: 22px; text-align: center;\">DMG<\/td>\n<td style=\"width: 44.3019%; height: 22px;\"><a href=\"mailto:dmg.secretariat@u-bourgogne.fr\" target=\"_blank\" rel=\"noopener\">dmg.secretariat@u-bourgogne.fr<\/a><\/td>\n<\/tr>\n<tr style=\"height: 22px;\">\n<td style=\"width: 55.6981%; height: 22px; text-align: center;\">Mme. MAZALOVIC Katia, coordinatrice du DESMG de Dijon<\/td>\n<td style=\"width: 44.3019%; height: 22px;\"><a href=\"mailto:katia.mazalovic@u-bourgogne.fr\" target=\"_blank\" rel=\"noopener\">katia.mazalovic@u-bourgogne.fr<\/a><\/td>\n<\/tr>\n<tr style=\"height: 22px;\">\n<td style=\"width: 55.6981%; height: 22px; text-align: center;\">M. MONTUREUX Xavier, Gestionnaire internat \u00e0 l\u2019ARS<\/td>\n<td style=\"width: 44.3019%; height: 22px;\"><a href=\"mailto:Xavier.MONTUREUX@ars.sante.fr\" target=\"_blank\" rel=\"noopener\">Xavier.MONTUREUX@ars.sante.fr<\/a><\/td>\n<\/tr>\n<tr style=\"height: 22px;\">\n<td style=\"width: 55.6981%; height: 22px; text-align: center;\">Mme HURIAUX Aur\u00e9lie, Charg\u00e9e de mission \u00e0 l\u2019ARS<\/td>\n<td style=\"width: 44.3019%; height: 22px;\"><a href=\"mailto:Aurelie.HURIAUX@ars.sante.fr\" target=\"_blank\" rel=\"noopener\">Aurelie.HURIAUX@ars.sante.fr<\/a><\/td>\n<\/tr>\n<tr style=\"height: 22px;\">\n<td style=\"width: 55.6981%; height: 22px; text-align: center;\">CHU Dijon &#8211; Bureau des Internes et \u00c9tudiants<\/td>\n<td style=\"width: 44.3019%; height: 22px;\"><a href=\"mailto:affaires.medicales@chu-dijon.fr\" target=\"_blank\" rel=\"noopener\">affaires.medicales@chu-dijon.fr<\/a><\/td>\n<\/tr>\n<\/tbody>\n<\/table>\n<p><span style=\"color: #0000ff;\"><a style=\"color: #0000ff;\" href=\"#intro\"><span style=\"font-size: 10pt;\">Retour en haut de page<\/span><\/a><\/span><\/p>\n","protected":false},"excerpt":{"rendered":"<p>Pr\u00e9ambule Vous trouverez ici toutes les informations ainsi que les contacts \u00e0 la facult\u00e9 n\u00e9cessaires aux diff\u00e9rentes demandes concernant votre parcours : stage hors-subdivision, stage dans le Pacifique, stage libre, encadrement m\u00e9dical, disponibilit\u00e9, surnombre, fl\u00e9chage, droit au remord. N&#8217;oubliez pas de joindre l&#8217;AJMGB \u00e0 tous vos mails, il est important pour nous de suivre ces&hellip;<\/p>\n<p class=\"more-link-p\"><a class=\"btn btn-primary\" href=\"https:\/\/blog.ube.fr\/ajmgb\/stages\/semestres-particuliers-disponibilite-flechage-droit-au-remord\/\">Voir plus &rarr;<\/a><\/p>\n","protected":false},"author":4923,"featured_media":0,"parent":99,"menu_order":0,"comment_status":"closed","ping_status":"closed","template":"","meta":{"_exactmetrics_skip_tracking":false,"_exactmetrics_sitenote_active":false,"_exactmetrics_sitenote_note":"","_exactmetrics_sitenote_category":0,"footnotes":""},"class_list":["post-104","page","type-page","status-publish","hentry"],"_links":{"self":[{"href":"https:\/\/blog.ube.fr\/ajmgb\/wp-json\/wp\/v2\/pages\/104","targetHints":{"allow":["GET"]}}],"collection":[{"href":"https:\/\/blog.ube.fr\/ajmgb\/wp-json\/wp\/v2\/pages"}],"about":[{"href":"https:\/\/blog.ube.fr\/ajmgb\/wp-json\/wp\/v2\/types\/page"}],"author":[{"embeddable":true,"href":"https:\/\/blog.ube.fr\/ajmgb\/wp-json\/wp\/v2\/users\/4923"}],"replies":[{"embeddable":true,"href":"https:\/\/blog.ube.fr\/ajmgb\/wp-json\/wp\/v2\/comments?post=104"}],"version-history":[{"count":44,"href":"https:\/\/blog.ube.fr\/ajmgb\/wp-json\/wp\/v2\/pages\/104\/revisions"}],"predecessor-version":[{"id":958,"href":"https:\/\/blog.ube.fr\/ajmgb\/wp-json\/wp\/v2\/pages\/104\/revisions\/958"}],"up":[{"embeddable":true,"href":"https:\/\/blog.ube.fr\/ajmgb\/wp-json\/wp\/v2\/pages\/99"}],"wp:attachment":[{"href":"https:\/\/blog.ube.fr\/ajmgb\/wp-json\/wp\/v2\/media?parent=104"}],"curies":[{"name":"wp","href":"https:\/\/api.w.org\/{rel}","templated":true}]}}